{"id":8858,"date":"2024-05-22T14:10:26","date_gmt":"2024-05-22T13:10:26","guid":{"rendered":"https:\/\/www.aufildutheatre.com\/?page_id=8858"},"modified":"2025-11-13T13:39:01","modified_gmt":"2025-11-13T12:39:01","slug":"livre-dor-fz-an","status":"publish","type":"page","link":"https:\/\/www.aufildutheatre.com\/?page_id=8858","title":{"rendered":"Livre d&rsquo;or F&rsquo;Z"},"content":{"rendered":"<p><span style=\"color: #7ccfd6;\">\u00ab\u00a0LA CERISE SUR LE GATEAU\u00a0\u00bb&nbsp; MILESKER&nbsp; ! Pour ce spectacle tr\u00e8s divertissant et particuli\u00e8rement adapt\u00e9 aux tout-petits gr\u00e2ce aux diff\u00e9rents supports (livre, marionnettes chansons&#8230;) et aux multiples rebondissements. Les enfants sont rest\u00e9s captiv\u00e9s par cette histoire. Un tr\u00e8s bon moment partag\u00e9 !<\/span> <span style=\"color: #99ccff;\">Cr\u00e8che Kokoon&nbsp; Anglet Montaury <\/span><\/p>\n<p><span style=\"color: #6db037;\"><span style=\"color: #99ccff;\"><span style=\"color: #6aabab;\">\u00ab\u00a0LA CERISE SUR LE GATEAU \u00a0\u00bb Super spectacle tr\u00e8s adapt\u00e9 pour les enfants de cette tranche d&rsquo;\u00e2ge (10 mois \u00e0 2 ans et demi&#8230;.)&nbsp; Quelle belle id\u00e9e de donner ainsi la place aux images et aux mots d&rsquo;un album jeunesse.&nbsp; Je travaille avec la langue des signes et je me serais crue face \u00e0 un spectacle pour malentendants tellement les mimiques de la com\u00e9dienne \u00e9taient expressives en manipulant les petites marionnettes. Bravo ! Les enfants m\u00eame le plus petits sont rest\u00e9s bouche b\u00e9es sans bouger .. ou presque sauf quelques petits curieux. <\/span>C<\/span><\/span><span style=\"color: #99ccff;\">r\u00e8che Kokoon de Mouguerre. <\/span><\/p>\n<p><span style=\"color: #e6c173;\">\u00ab\u00a0LA CERISE SUR LE GATEAU\u00a0\u00bb Un chouette spectacle qui donne envie aux enfants de participer et d&rsquo;aller toucher les animaux. De belles valeurs d&rsquo;entraide diffus\u00e9es tout au long du spectacle. Merci ! <\/span><span style=\"color: #99ccff;\">Cr\u00e8che Kokoon Maignon Anglet<\/span><\/p>\n<p><span style=\"color: #9ead6f;\">DANS MON POTAGER IL Y A&#8230; Merci pour ce&nbsp; magnifique spectacle&nbsp; tr\u00e8s visuel qui nous surprend \u00e0 chaque sc\u00e8ne. Il nous donne envie de prot\u00e9ger et d&rsquo;appr\u00e9cier les \u00e9l\u00e9ments de la nature comme les fleurs, les insectes et toutes les autres petites bestioles qui vivent autour de nous&#8230; mais aussi d&rsquo;\u00eatre&nbsp; plus sensible \u00e0 la beaut\u00e9 de la pluie, la lune, le soleil &#8230;Merci on s&rsquo;est r\u00e9gal\u00e9 ! <\/span><span style=\"color: #99ccff;\">Spectatrice de la salle AIEC \u00e0 Cambo<\/span><\/p>\n<p><span style=\"color: #c46a97;\">DANS MON POTAGER IL Y A&#8230;&nbsp; Tr\u00e8s beau spectacle. Belle mise en sc\u00e8ne et belles musiques. Tr\u00e8s doux pour les petits et&nbsp; charmant pour les grands. Vraiment super. Merci !<\/span> <span style=\"color: #ff99cc;\">Biblioth\u00e8que D&rsquo;Ondres 40<\/span><\/p>\n<p><span style=\"color: #5ead73;\">DANS MON POTAGER IL Y A&#8230;<\/span><span style=\"color: #5ead73;\">&nbsp; \u00a0\u00bb J&rsquo;ai baucoup aim\u00e9 les nuages avec les perles qui font la plui c&rsquo;\u00e9te trot beau et ausi le soleil! Emma 9 ans<\/span><\/p>\n<p><span style=\"color: #5ead73;\">&nbsp;\u00ab\u00a0Magnifique ! Ce spectacle a tout ce qu&rsquo;il faut : po\u00e9sie, douceur,&nbsp; belles musiques et&nbsp; m\u00eame par moment&nbsp; un brin d&rsquo;humour pour all\u00e9ger ce th\u00e8me de biodiversit\u00e9 tellement \u00e0 l&rsquo;ordre du jour. Bravo&nbsp; et merci pour ces belles interpr\u00e9tations! Une mamie&nbsp;<\/span><\/p>\n<p><span style=\"color: #ffcc00;\">DANS MON POTAGER IL Y A &#8230; Maitagarria izan da ! Bibazuei neskak ! Un spectacle tr\u00e8s po\u00e9tique, doux et qui d\u00e9gage de l&rsquo;amour. Merveilleux !<\/span> <span style=\"color: #99cc00;\">Salon \u00ab\u00a0A livre Ouvert Gu\u00e9thary<\/span><\/p>\n<p><span style=\"color: #99cc00;\">BARATZEAN Milesker ikusgarrientzat. Zinez polita zen &#8230; Apainduak zinez ederrak eta untsa eginak. Haurrek eta familiak plazer ukan dute dena begiratzea. Helduden urte arte espero dugu ! <span style=\"color: #008080;\">Ttipientzat Elkartea (Izurako haurtzaindegia)&nbsp;<\/span><\/span><\/p>\n<p><span style=\"color: #ff9900;\">BAPO BIZKOTXA&nbsp; Milesker ainitz ikusgarrientzat: Haurrentzat egokia ulermenaren aldetik. Ipuin polita laguntzaren inguruan. Laster arte berdin beste ikusgarriak deskubritzeko. Jean Moulin Eskola.<\/span> <span style=\"color: #e34d4d;\">Ghislaine.<\/span>&nbsp;<\/p>\n","protected":false},"excerpt":{"rendered":"<p>\u00ab\u00a0LA CERISE SUR LE GATEAU\u00a0\u00bb&nbsp; MILESKER&nbsp; ! Pour ce spectacle tr\u00e8s divertissant et particuli\u00e8rement adapt\u00e9 aux tout-petits gr\u00e2ce aux diff\u00e9rents supports (livre, marionnettes chansons&#8230;) et aux multiples rebondissements. Les enfants sont rest\u00e9s captiv\u00e9s par cette histoire. Un tr\u00e8s bon moment<\/p>\n","protected":false},"author":1,"featured_media":0,"parent":0,"menu_order":0,"comment_status":"closed","ping_status":"closed","template":"","meta":{"ngg_post_thumbnail":0},"_links":{"self":[{"href":"https:\/\/www.aufildutheatre.com\/index.php?rest_route=\/wp\/v2\/pages\/8858"}],"collection":[{"href":"https:\/\/www.aufildutheatre.com\/index.php?rest_route=\/wp\/v2\/pages"}],"about":[{"href":"https:\/\/www.aufildutheatre.com\/index.php?rest_route=\/wp\/v2\/types\/page"}],"author":[{"embeddable":true,"href":"https:\/\/www.aufildutheatre.com\/index.php?rest_route=\/wp\/v2\/users\/1"}],"replies":[{"embeddable":true,"href":"https:\/\/www.aufildutheatre.com\/index.php?rest_route=%2Fwp%2Fv2%2Fcomments&post=8858"}],"version-history":[{"count":22,"href":"https:\/\/www.aufildutheatre.com\/index.php?rest_route=\/wp\/v2\/pages\/8858\/revisions"}],"predecessor-version":[{"id":9103,"href":"https:\/\/www.aufildutheatre.com\/index.php?rest_route=\/wp\/v2\/pages\/8858\/revisions\/9103"}],"wp:attachment":[{"href":"https:\/\/www.aufildutheatre.com\/index.php?rest_route=%2Fwp%2Fv2%2Fmedia&parent=8858"}],"curies":[{"name":"wp","href":"https:\/\/api.w.org\/{rel}","templated":true}]}}