{"id":8591,"date":"2024-04-27T19:09:31","date_gmt":"2024-04-27T18:09:31","guid":{"rendered":"https:\/\/www.aufildutheatre.com\/?page_id=8591"},"modified":"2026-02-23T18:31:09","modified_gmt":"2026-02-23T17:31:09","slug":"form-zanimees","status":"publish","type":"page","link":"https:\/\/www.aufildutheatre.com\/?page_id=8591","title":{"rendered":"FORM Z&rsquo;ANIMEES"},"content":{"rendered":"<h3 style=\"text-align: center;\"><span style=\"color: #ffd000;\"><span style=\"color: #99cc00;\">\u00ab\u00a0<span style=\"color: #008080;\">R<\/span><\/span><span style=\"color: #33cccc;\">\u00ea<\/span><span style=\"color: #5aa6a6;\">v<\/span><span style=\"color: #ff7300;\">e<\/span><span style=\"color: #ff99cc;\">s<\/span> <span style=\"color: #3366ff;\"><span style=\"color: #6787e6;\">t<\/span>a<\/span> <span style=\"color: #ff9900;\">v<\/span><span style=\"color: #ff0000;\">i<\/span><span style=\"color: #ff6600;\">e<\/span> <span style=\"color: #33cccc;\">e<\/span><span style=\"color: #eb609c;\">n<\/span> <span style=\"color: #3d82eb;\">c<\/span>o<span style=\"color: #f540d1;\">u<\/span>l<span style=\"color: #ff6600;\">e<\/span><span style=\"color: #4fe882;\">u<\/span><span style=\"color: #00ccff;\">r<\/span> <span style=\"color: #99cc00;\">! <\/span><\/span><\/h3>\n<h3 style=\"text-align: center;\"><span style=\"color: #ffd000;\"><span style=\"color: #ff7300;\">C<\/span><span style=\"color: #eb3dab;\">&lsquo;<\/span><span style=\"color: #ffcc00;\">e<\/span><span style=\"color: #99cc00;\">s<\/span><span style=\"color: #ff7300;\">t<\/span> l<span style=\"color: #99cc00;\">e<\/span> <span style=\"color: #ff6600;\">s<\/span><span style=\"color: #008000;\">e<\/span>c<span style=\"color: #99cc00;\">r<\/span><span style=\"color: #f540d1;\">e<\/span>t <span style=\"color: #00ccff;\">d<\/span><span style=\"color: #ff7300;\">u<\/span> <span style=\"color: #ff9900;\">b<span style=\"color: #edb868;\">o<\/span><\/span><span style=\"color: #ff7300;\">n<\/span><span style=\"color: #0fb9db;\">h<\/span><span style=\"color: #ff7300;\">e<\/span><span style=\"color: #ff99cc;\">u<\/span><span style=\"color: #99cc00;\"><span style=\"color: #e8ba3a;\">r<\/span>\u00ab\u00a0<\/span><\/span><\/h3>\n<p><span style=\"color: #b9d171; font-size: 12pt;\"><strong>FORM&rsquo;Z ANIMEES..<\/strong>.&nbsp; C&rsquo;est quoi ?<br \/>\n<\/span><\/p>\n<p><span style=\"color: #b9d171; font-size: 12pt;\">Des histoires revisit\u00e9es \u00e0 2 ou 4 mains de mani\u00e8re originale, <\/span><span style=\"color: #b9d171;\"><span style=\"font-size: 12pt;\">permettant&nbsp; d&rsquo;explorer&nbsp; la palette infinie du monde du th\u00e9\u00e2tre et de la marionnette:&nbsp; c<\/span><\/span><span style=\"color: #b9d171;\"><span style=\"font-size: 12pt;\">orps qui se d\u00e9placent dans l&rsquo;Espace, Voix chant\u00e9es, parl\u00e9es ou chuchot\u00e9es&#8230; Mains qui jouent avec la lumi\u00e8re ou&nbsp; le corps de l&rsquo;autre&#8230; <\/span><\/span><\/p>\n<p><span style=\"color: #b9d171;\"><span style=\"font-size: 12pt;\">Des images envol\u00e9es, \u00e9pousset\u00e9es,&nbsp; objets sonores insolites, notes de musique qui s&rsquo;envolent, chiffons qui s&rsquo;animent, personnages en terre qui glissent,&nbsp; ombres qui tourbillonnent ou qui s&rsquo;\u00e9vanouissent \u00e0 chaque tourn\u00e9 de pages&#8230; tels seront nos petites <strong>FORM&rsquo; Z Anim\u00e9es<\/strong> propos\u00e9es aux enfants pour entrer dans un monde de r\u00eaves, le temps d&rsquo;une histoire enchant\u00e9e. <\/span><\/span><\/p>\n<p style=\"text-align: justify;\"><span style=\"color: #b9d171;\"><span style=\"font-size: 12pt;\">Les th\u00e9matiques abord\u00e9es avec <strong>FORM&rsquo; Z anim\u00e9es <\/strong>: la solidarit\u00e9, le partage, le droit \u00e0 la diff\u00e9rence, les bienfaits de la Nature, l&rsquo;amiti\u00e9,&nbsp; l&rsquo;imaginaire enfantin&#8230;<br \/>\n<\/span><\/span><\/p>\n<p style=\"text-align: justify;\"><span style=\"color: #b9d171;\"><span style=\"font-size: 12pt;\">Depuis la&nbsp; Crise sanitaire, nous promettons de nouvelles histoires&#8230; Le temps, l&rsquo;argent, la disponibilit\u00e9, le manque de salle pour cr\u00e9er\/ r\u00e9p\u00e9ter, ont retard\u00e9 ces projets. <\/span><\/span><\/p>\n<p style=\"text-align: justify;\"><span style=\"color: #b9d171;\"><span style=\"font-size: 12pt;\">Gr\u00e2ce \u00e0 Yeno, une amie marionnettiste plasticienne, qui en gage d&rsquo;amiti\u00e9 nous offre certains de ses&nbsp; magnifiques d\u00e9cors et marionnettes et gr\u00e2ce \u00e0 Clarisse qui&nbsp; nous pr\u00eate 1 salle o\u00f9 nous pouvons ENFIN travailler sereinement&#8230;&nbsp; nos r\u00eaves se concr\u00e9tisent !<\/span><span style=\"font-size: 12pt;\"><br \/>\n<\/span><\/span><\/p>\n<p><span style=\"text-decoration: underline;\"><span style=\"color: #6fcce3; text-decoration: underline;\"><span style=\"font-size: 12pt;\">Depuis le mois de Juillet&nbsp; 2024 :<\/span><\/span><\/span><\/p>\n<p><span style=\"color: #b9d171;\"><span style=\"font-size: 12pt;\"><strong><span style=\"color: #63a877;\">. LA CERISE SUR LE GATEAU<\/span>&nbsp;<\/strong> (Cr\u00e9ation 9 mois\/5 ans) <\/span><\/span><\/p>\n<p><span style=\"color: #b9d171;\"><span style=\"font-size: 12pt;\"><strong>Dur\u00e9e<\/strong> : 30 mn&nbsp; env <\/span><span style=\"font-size: 10pt;\">(petite dur\u00e9e, petit espace, petit budget !)<\/span><\/span><\/p>\n<p><strong>&nbsp;<\/strong><span style=\"color: #b9d171;\"><strong>THEME :<\/strong> L&rsquo;entraide, le partage.<\/span><\/p>\n<p>&nbsp;<\/p>\n<p><a href=\"https:\/\/www.aufildutheatre.com\/wp-content\/uploads\/2024\/11\/txerri-kubo-puxatzen-scaled.jpg\">&nbsp;<\/a><a href=\"https:\/\/www.aufildutheatre.com\/wp-content\/uploads\/2024\/11\/txerri-kubo-puxatzen-scaled.jpg\"><img loading=\"lazy\" class=\"alignnone wp-image-8968\" src=\"https:\/\/www.aufildutheatre.com\/wp-content\/uploads\/2024\/11\/txerri-kubo-puxatzen-183x300.jpg\" alt=\"\" width=\"97\" height=\"159\" srcset=\"https:\/\/www.aufildutheatre.com\/wp-content\/uploads\/2024\/11\/txerri-kubo-puxatzen-183x300.jpg 183w, https:\/\/www.aufildutheatre.com\/wp-content\/uploads\/2024\/11\/txerri-kubo-puxatzen-625x1024.jpg 625w, https:\/\/www.aufildutheatre.com\/wp-content\/uploads\/2024\/11\/txerri-kubo-puxatzen-768x1259.jpg 768w, https:\/\/www.aufildutheatre.com\/wp-content\/uploads\/2024\/11\/txerri-kubo-puxatzen-937x1536.jpg 937w, https:\/\/www.aufildutheatre.com\/wp-content\/uploads\/2024\/11\/txerri-kubo-puxatzen-1249x2048.jpg 1249w, https:\/\/www.aufildutheatre.com\/wp-content\/uploads\/2024\/11\/txerri-kubo-puxatzen-scaled.jpg 1562w\" sizes=\"(max-width: 97px) 100vw, 97px\" \/><\/a><a href=\"https:\/\/www.aufildutheatre.com\/wp-content\/uploads\/2024\/04\/20240419_182315-1-scaled.jpg\">&nbsp;<\/a> <a href=\"https:\/\/www.aufildutheatre.com\/wp-content\/uploads\/2024\/12\/chien-cube-scaled.jpg\"><img loading=\"lazy\" class=\"alignnone wp-image-9043\" src=\"https:\/\/www.aufildutheatre.com\/wp-content\/uploads\/2024\/12\/chien-cube-300x163.jpg\" alt=\"\" width=\"285\" height=\"155\" srcset=\"https:\/\/www.aufildutheatre.com\/wp-content\/uploads\/2024\/12\/chien-cube-300x163.jpg 300w, https:\/\/www.aufildutheatre.com\/wp-content\/uploads\/2024\/12\/chien-cube-1024x557.jpg 1024w, https:\/\/www.aufildutheatre.com\/wp-content\/uploads\/2024\/12\/chien-cube-768x418.jpg 768w, https:\/\/www.aufildutheatre.com\/wp-content\/uploads\/2024\/12\/chien-cube-1536x835.jpg 1536w, https:\/\/www.aufildutheatre.com\/wp-content\/uploads\/2024\/12\/chien-cube-2048x1114.jpg 2048w\" sizes=\"(max-width: 285px) 100vw, 285px\" \/>&nbsp;&nbsp;<\/a><a href=\"https:\/\/www.aufildutheatre.com\/wp-content\/uploads\/2024\/11\/untxi-eta-kuboa-scaled.jpg\"><img loading=\"lazy\" class=\"alignnone wp-image-8969\" src=\"https:\/\/www.aufildutheatre.com\/wp-content\/uploads\/2024\/11\/untxi-eta-kuboa-300x139.jpg\" alt=\"\" width=\"331\" height=\"154\" srcset=\"https:\/\/www.aufildutheatre.com\/wp-content\/uploads\/2024\/11\/untxi-eta-kuboa-300x139.jpg 300w, https:\/\/www.aufildutheatre.com\/wp-content\/uploads\/2024\/11\/untxi-eta-kuboa-1024x473.jpg 1024w, https:\/\/www.aufildutheatre.com\/wp-content\/uploads\/2024\/11\/untxi-eta-kuboa-768x355.jpg 768w, https:\/\/www.aufildutheatre.com\/wp-content\/uploads\/2024\/11\/untxi-eta-kuboa-1536x710.jpg 1536w, https:\/\/www.aufildutheatre.com\/wp-content\/uploads\/2024\/11\/untxi-eta-kuboa-2048x947.jpg 2048w, https:\/\/www.aufildutheatre.com\/wp-content\/uploads\/2024\/11\/untxi-eta-kuboa-750x350.jpg 750w, https:\/\/www.aufildutheatre.com\/wp-content\/uploads\/2024\/11\/untxi-eta-kuboa-642x300.jpg 642w\" sizes=\"(max-width: 331px) 100vw, 331px\" \/><\/a><\/p>\n<p><span style=\"color: #c6d98d;\"><span style=\"color: #b9d171;\"><span style=\"font-size: 12pt;\">Sur le rebord d&rsquo;une fen\u00eatre il y a&#8230; un beau g\u00e2teau!&nbsp; Par l&rsquo;odeur all\u00e9ch\u00e9e,&nbsp; plusieurs animaux tentent tour \u00e0 tour de s&#8217;emparer de ce g\u00e2teau <\/span><span style=\"font-size: 12pt;\">mais un&nbsp; petit oiseau rode par l\u00e0<\/span><\/span><span style=\"font-size: 12pt;\"><span style=\"color: #b9d171;\">.&nbsp; Miam miam ! <a href=\"https:\/\/www.aufildutheatre.com\/wp-content\/uploads\/2024\/05\/20240507_173914.jpg\">&nbsp;<\/a>&nbsp;<a href=\"https:\/\/www.aufildutheatre.com\/wp-content\/uploads\/2024\/11\/untxi-eta-kuboa-scaled.jpg\">&nbsp; <\/a><\/span><\/span><\/span><span style=\"color: #c6d98d;\"><span style=\"font-size: 12pt;\"><span style=\"color: #b9d171;\"><a href=\"https:\/\/www.aufildutheatre.com\/wp-content\/uploads\/2024\/04\/enfant-oiseau-gateau.jpg\"><img loading=\"lazy\" class=\"alignnone wp-image-8666\" src=\"https:\/\/www.aufildutheatre.com\/wp-content\/uploads\/2024\/04\/enfant-oiseau-gateau-300x222.jpg\" alt=\"\" width=\"133\" height=\"99\" srcset=\"https:\/\/www.aufildutheatre.com\/wp-content\/uploads\/2024\/04\/enfant-oiseau-gateau-300x222.jpg 300w, https:\/\/www.aufildutheatre.com\/wp-content\/uploads\/2024\/04\/enfant-oiseau-gateau-1024x757.jpg 1024w, https:\/\/www.aufildutheatre.com\/wp-content\/uploads\/2024\/04\/enfant-oiseau-gateau-768x568.jpg 768w, https:\/\/www.aufildutheatre.com\/wp-content\/uploads\/2024\/04\/enfant-oiseau-gateau-1536x1136.jpg 1536w, https:\/\/www.aufildutheatre.com\/wp-content\/uploads\/2024\/04\/enfant-oiseau-gateau-2048x1515.jpg 2048w\" sizes=\"(max-width: 133px) 100vw, 133px\" \/> &nbsp;<\/a><a href=\"https:\/\/www.aufildutheatre.com\/wp-content\/uploads\/2024\/05\/20240507_173914.jpg\"><img loading=\"lazy\" class=\"alignnone wp-image-8718\" src=\"https:\/\/www.aufildutheatre.com\/wp-content\/uploads\/2024\/05\/20240507_173914-300x164.jpg\" alt=\"\" width=\"180\" height=\"98\" srcset=\"https:\/\/www.aufildutheatre.com\/wp-content\/uploads\/2024\/05\/20240507_173914-300x164.jpg 300w, https:\/\/www.aufildutheatre.com\/wp-content\/uploads\/2024\/05\/20240507_173914-1024x561.jpg 1024w, https:\/\/www.aufildutheatre.com\/wp-content\/uploads\/2024\/05\/20240507_173914-768x420.jpg 768w, https:\/\/www.aufildutheatre.com\/wp-content\/uploads\/2024\/05\/20240507_173914-1536x841.jpg 1536w, https:\/\/www.aufildutheatre.com\/wp-content\/uploads\/2024\/05\/20240507_173914-2048x1121.jpg 2048w\" sizes=\"(max-width: 180px) 100vw, 180px\" \/>&nbsp;&nbsp;<\/a><a href=\"https:\/\/www.aufildutheatre.com\/wp-content\/uploads\/2024\/11\/bizkotx-partekatzen-scaled.jpg\"><img loading=\"lazy\" class=\"alignnone wp-image-8965\" src=\"https:\/\/www.aufildutheatre.com\/wp-content\/uploads\/2024\/11\/bizkotx-partekatzen-300x152.jpg\" alt=\"\" width=\"192\" height=\"97\" srcset=\"https:\/\/www.aufildutheatre.com\/wp-content\/uploads\/2024\/11\/bizkotx-partekatzen-300x152.jpg 300w, https:\/\/www.aufildutheatre.com\/wp-content\/uploads\/2024\/11\/bizkotx-partekatzen-1024x520.jpg 1024w, https:\/\/www.aufildutheatre.com\/wp-content\/uploads\/2024\/11\/bizkotx-partekatzen-768x390.jpg 768w, https:\/\/www.aufildutheatre.com\/wp-content\/uploads\/2024\/11\/bizkotx-partekatzen-1536x779.jpg 1536w, https:\/\/www.aufildutheatre.com\/wp-content\/uploads\/2024\/11\/bizkotx-partekatzen-2048x1039.jpg 2048w\" sizes=\"(max-width: 192px) 100vw, 192px\" \/><\/a><\/span><\/span><\/span><\/p>\n<p><span style=\"color: #c6d98d;\"><span style=\"font-size: 12pt;\"><span style=\"color: #b9d171;\">Vont ils partager ce g\u00e2teau ?&nbsp;<\/span><\/span><\/span><\/p>\n<p><strong><span style=\"color: #99cc00;\">&nbsp;CONDITIONS TECHNIQUES<\/span><\/strong><\/p>\n<p><span style=\"color: #99cc00;\">L 4 m X 3m de Profondeur<\/span><\/p>\n<p><span style=\"color: #99cc00;\">1 Prise de courant.<\/span><\/p>\n<p><span style=\"text-decoration: underline; color: #33cccc;\">Depuis le mois de Novembre 2024<\/span><\/p>\n<p><span style=\"color: #b9d171;\"><span style=\"color: #63a877;\"><strong>. \u00ab\u00a0DANS MON POTAGER Il Y A&#8230; \u00ab\u00a0<\/strong><\/span>&nbsp; <span style=\"color: #9bb54e;\">(Cr\u00e9ation 1\/8 ans)&nbsp;<\/span><\/span><\/p>\n<p><span style=\"color: #9bb54e;\">2 versions:&nbsp; a)&nbsp; Sans effets de lumi\u00e8res&nbsp; &#8211; b) Avec effets de lumi\u00e8res&nbsp; <\/span><\/p>\n<p><span style=\"color: #9bb54e;\"><a style=\"color: #9bb54e;\" href=\"https:\/\/www.aufildutheatre.com\/wp-content\/uploads\/2024\/11\/20241122_195928-scaled.jpg\"><img loading=\"lazy\" class=\"alignnone size-medium wp-image-8936\" src=\"https:\/\/www.aufildutheatre.com\/wp-content\/uploads\/2024\/11\/20241122_195928-300x156.jpg\" alt=\"\" width=\"300\" height=\"156\" srcset=\"https:\/\/www.aufildutheatre.com\/wp-content\/uploads\/2024\/11\/20241122_195928-300x156.jpg 300w, https:\/\/www.aufildutheatre.com\/wp-content\/uploads\/2024\/11\/20241122_195928-1024x533.jpg 1024w, https:\/\/www.aufildutheatre.com\/wp-content\/uploads\/2024\/11\/20241122_195928-768x400.jpg 768w, https:\/\/www.aufildutheatre.com\/wp-content\/uploads\/2024\/11\/20241122_195928-1536x799.jpg 1536w, https:\/\/www.aufildutheatre.com\/wp-content\/uploads\/2024\/11\/20241122_195928-2048x1066.jpg 2048w\" sizes=\"(max-width: 300px) 100vw, 300px\" \/><\/a><\/span><\/p>\n<p><span style=\"color: #9bb54e;\"><strong> Dur\u00e9e<\/strong>:&nbsp;&nbsp; selon version:&nbsp; de 30 \u00e0 40 mn<br \/>\n<\/span><\/p>\n<p><span style=\"color: #9dba45;\"><span style=\"color: #9bb54e;\">Ainez s&rsquo;improvise jardini\u00e8re gr\u00e2ce au terrain offert par son grand p\u00e8re. Elle va se rendre&nbsp; compte combien&nbsp; il est important de bien pr\u00e9parer la terre,&nbsp; mais aussi combien les \u00e9l\u00e9ments de la nature: le soleil, la lune, la pluie ainsi que les petits animaux et insectes de tous genre,&nbsp; sont&nbsp; essentiels pour r\u00e9ussir un joli potager.<\/span><br \/>\n<\/span><\/p>\n<p style=\"text-align: justify;\"><span style=\"color: #9dba45;\"><a style=\"color: #9dba45;\" href=\"https:\/\/www.aufildutheatre.com\/wp-content\/uploads\/2024\/11\/20241122_200203-scaled.jpg\"><img loading=\"lazy\" class=\"alignnone size-medium wp-image-8938\" src=\"https:\/\/www.aufildutheatre.com\/wp-content\/uploads\/2024\/11\/20241122_200203-300x150.jpg\" alt=\"\" width=\"300\" height=\"150\" srcset=\"https:\/\/www.aufildutheatre.com\/wp-content\/uploads\/2024\/11\/20241122_200203-300x150.jpg 300w, https:\/\/www.aufildutheatre.com\/wp-content\/uploads\/2024\/11\/20241122_200203-1024x511.jpg 1024w, https:\/\/www.aufildutheatre.com\/wp-content\/uploads\/2024\/11\/20241122_200203-768x384.jpg 768w, https:\/\/www.aufildutheatre.com\/wp-content\/uploads\/2024\/11\/20241122_200203-1536x767.jpg 1536w, https:\/\/www.aufildutheatre.com\/wp-content\/uploads\/2024\/11\/20241122_200203-2048x1023.jpg 2048w\" sizes=\"(max-width: 300px) 100vw, 300px\" \/> <\/a><a style=\"color: #9dba45;\" href=\"https:\/\/www.aufildutheatre.com\/wp-content\/uploads\/2024\/11\/20241122_200622-scaled.jpg\"><img loading=\"lazy\" class=\"alignnone wp-image-8939\" src=\"https:\/\/www.aufildutheatre.com\/wp-content\/uploads\/2024\/11\/20241122_200622-300x139.jpg\" alt=\"\" width=\"322\" height=\"149\" srcset=\"https:\/\/www.aufildutheatre.com\/wp-content\/uploads\/2024\/11\/20241122_200622-300x139.jpg 300w, https:\/\/www.aufildutheatre.com\/wp-content\/uploads\/2024\/11\/20241122_200622-1024x473.jpg 1024w, https:\/\/www.aufildutheatre.com\/wp-content\/uploads\/2024\/11\/20241122_200622-768x355.jpg 768w, https:\/\/www.aufildutheatre.com\/wp-content\/uploads\/2024\/11\/20241122_200622-1536x710.jpg 1536w, https:\/\/www.aufildutheatre.com\/wp-content\/uploads\/2024\/11\/20241122_200622-2048x947.jpg 2048w, https:\/\/www.aufildutheatre.com\/wp-content\/uploads\/2024\/11\/20241122_200622-750x350.jpg 750w, https:\/\/www.aufildutheatre.com\/wp-content\/uploads\/2024\/11\/20241122_200622-642x300.jpg 642w\" sizes=\"(max-width: 322px) 100vw, 322px\" \/> <\/a><\/span><\/p>\n<p style=\"text-align: justify;\"><span style=\"color: #9dba45;\"><span style=\"color: #9bb54e;\">Sous les yeux \u00e9bahis des spectateurs, le lopin de terre est&nbsp; pr\u00e9par\u00e9 : des graines sont sem\u00e9es, plant\u00e9es, arros\u00e9es.&nbsp; Au fil des jours&#8230; des l\u00e9gumes et des fleurs apparaissent dans ce petit jardin multicolore&#8230; mais les petits pr\u00e9dateurs&nbsp; \u00e0 plumes et \u00e0 poils de tout genre n&rsquo;ont pas dit leur dernier mot.<\/span> <\/span><\/p>\n<p><a href=\"https:\/\/www.aufildutheatre.com\/wp-content\/uploads\/2024\/11\/20241122_200021.jpg\"><img loading=\"lazy\" class=\"alignnone size-medium wp-image-8937\" src=\"https:\/\/www.aufildutheatre.com\/wp-content\/uploads\/2024\/11\/20241122_200021-300x120.jpg\" alt=\"\" width=\"300\" height=\"120\" srcset=\"https:\/\/www.aufildutheatre.com\/wp-content\/uploads\/2024\/11\/20241122_200021-300x120.jpg 300w, https:\/\/www.aufildutheatre.com\/wp-content\/uploads\/2024\/11\/20241122_200021-1024x408.jpg 1024w, https:\/\/www.aufildutheatre.com\/wp-content\/uploads\/2024\/11\/20241122_200021-768x306.jpg 768w, https:\/\/www.aufildutheatre.com\/wp-content\/uploads\/2024\/11\/20241122_200021.jpg 1251w\" sizes=\"(max-width: 300px) 100vw, 300px\" \/>&nbsp;&nbsp; <\/a><a href=\"https:\/\/www.aufildutheatre.com\/wp-content\/uploads\/2024\/11\/20241122_200924.jpg\"><img loading=\"lazy\" class=\"alignnone wp-image-8941\" src=\"https:\/\/www.aufildutheatre.com\/wp-content\/uploads\/2024\/11\/20241122_200924-300x197.jpg\" alt=\"\" width=\"181\" height=\"119\" srcset=\"https:\/\/www.aufildutheatre.com\/wp-content\/uploads\/2024\/11\/20241122_200924-300x197.jpg 300w, https:\/\/www.aufildutheatre.com\/wp-content\/uploads\/2024\/11\/20241122_200924-1024x674.jpg 1024w, https:\/\/www.aufildutheatre.com\/wp-content\/uploads\/2024\/11\/20241122_200924-768x505.jpg 768w, https:\/\/www.aufildutheatre.com\/wp-content\/uploads\/2024\/11\/20241122_200924-1536x1010.jpg 1536w, https:\/\/www.aufildutheatre.com\/wp-content\/uploads\/2024\/11\/20241122_200924-2048x1347.jpg 2048w\" sizes=\"(max-width: 181px) 100vw, 181px\" \/>&nbsp; <\/a><a href=\"https:\/\/www.aufildutheatre.com\/wp-content\/uploads\/2024\/04\/Fleurs-volatiles-scaled.jpg\"><img loading=\"lazy\" class=\"alignnone wp-image-8622\" src=\"https:\/\/www.aufildutheatre.com\/wp-content\/uploads\/2024\/04\/Fleurs-volatiles-300x139.jpg\" alt=\"\" width=\"252\" height=\"117\" srcset=\"https:\/\/www.aufildutheatre.com\/wp-content\/uploads\/2024\/04\/Fleurs-volatiles-300x139.jpg 300w, https:\/\/www.aufildutheatre.com\/wp-content\/uploads\/2024\/04\/Fleurs-volatiles-1024x473.jpg 1024w, https:\/\/www.aufildutheatre.com\/wp-content\/uploads\/2024\/04\/Fleurs-volatiles-768x355.jpg 768w, https:\/\/www.aufildutheatre.com\/wp-content\/uploads\/2024\/04\/Fleurs-volatiles-1536x710.jpg 1536w, https:\/\/www.aufildutheatre.com\/wp-content\/uploads\/2024\/04\/Fleurs-volatiles-2048x947.jpg 2048w, https:\/\/www.aufildutheatre.com\/wp-content\/uploads\/2024\/04\/Fleurs-volatiles-750x350.jpg 750w, https:\/\/www.aufildutheatre.com\/wp-content\/uploads\/2024\/04\/Fleurs-volatiles-642x300.jpg 642w\" sizes=\"(max-width: 252px) 100vw, 252px\" \/><\/a><\/p>\n<p>&nbsp;<\/p>\n\n\n<div class=\"ngg-galleryoverview ngg-slideshow\"\n\t id=\"ngg-slideshow-d9e16fe570b0dcb861aefe4c72be093d-13253861140\"\n     data-gallery-id=\"d9e16fe570b0dcb861aefe4c72be093d\"\n     style=\"max-width: 600px; max-height: 400px;\">\n\n \t<div id=\"ngg-image-0\" class=\"ngg-gallery-slideshow-image\" style=\"height:400px\">\n\n        <a href=\"https:\/\/www.aufildutheatre.com\/wp-content\/gallery\/dans-mon-potager\/fleurs-papillon-fond-blanc.jpg\"\n           title=\"\"\n           data-src=\"https:\/\/www.aufildutheatre.com\/wp-content\/gallery\/dans-mon-potager\/fleurs-papillon-fond-blanc.jpg\"\n           data-thumbnail=\"https:\/\/www.aufildutheatre.com\/wp-content\/gallery\/dans-mon-potager\/thumbs\/thumbs_fleurs-papillon-fond-blanc.jpg\"\n           data-image-id=\"366\"\n           data-title=\"fleurs-papillon-fond-blanc\"\n           data-description=\"\"\n           class=\"ngg-fancybox\" rel=\"d9e16fe570b0dcb861aefe4c72be093d\">\n\n            <img data-image-id='366'\n                 title=\"\"\n                 alt=\"fleurs-papillon-fond-blanc\"\n                 src=\"https:\/\/www.aufildutheatre.com\/wp-content\/gallery\/dans-mon-potager\/fleurs-papillon-fond-blanc.jpg\"\n                 style=\"max-height: 380px;\"\/>\n        <\/a>\n\n        <\/div> \n<div id=\"ngg-image-1\" class=\"ngg-gallery-slideshow-image\" style=\"height:400px\">\n\n        <a href=\"https:\/\/www.aufildutheatre.com\/wp-content\/gallery\/dans-mon-potager\/Fleurs-volatiles-scaled.jpg\"\n           title=\"\"\n           data-src=\"https:\/\/www.aufildutheatre.com\/wp-content\/gallery\/dans-mon-potager\/Fleurs-volatiles-scaled.jpg\"\n           data-thumbnail=\"https:\/\/www.aufildutheatre.com\/wp-content\/gallery\/dans-mon-potager\/thumbs\/thumbs_Fleurs-volatiles-scaled.jpg\"\n           data-image-id=\"361\"\n           data-title=\"Fleurs-volatiles-scaled\"\n           data-description=\"\"\n           class=\"ngg-fancybox\" rel=\"d9e16fe570b0dcb861aefe4c72be093d\">\n\n            <img data-image-id='361'\n                 title=\"\"\n                 alt=\"Fleurs-volatiles-scaled\"\n                 src=\"https:\/\/www.aufildutheatre.com\/wp-content\/gallery\/dans-mon-potager\/Fleurs-volatiles-scaled.jpg\"\n                 style=\"max-height: 380px;\"\/>\n        <\/a>\n\n        <\/div> \n<div id=\"ngg-image-2\" class=\"ngg-gallery-slideshow-image\" style=\"height:400px\">\n\n        <a href=\"https:\/\/www.aufildutheatre.com\/wp-content\/gallery\/dans-mon-potager\/il-pleut-la-mouche-scaled.jpg\"\n           title=\"\"\n           data-src=\"https:\/\/www.aufildutheatre.com\/wp-content\/gallery\/dans-mon-potager\/il-pleut-la-mouche-scaled.jpg\"\n           data-thumbnail=\"https:\/\/www.aufildutheatre.com\/wp-content\/gallery\/dans-mon-potager\/thumbs\/thumbs_il-pleut-la-mouche-scaled.jpg\"\n           data-image-id=\"360\"\n           data-title=\"il-pleut-la-mouche-scaled\"\n           data-description=\"\"\n           class=\"ngg-fancybox\" rel=\"d9e16fe570b0dcb861aefe4c72be093d\">\n\n            <img data-image-id='360'\n                 title=\"\"\n                 alt=\"il-pleut-la-mouche-scaled\"\n                 src=\"https:\/\/www.aufildutheatre.com\/wp-content\/gallery\/dans-mon-potager\/il-pleut-la-mouche-scaled.jpg\"\n                 style=\"max-height: 380px;\"\/>\n        <\/a>\n\n        <\/div> \n<div id=\"ngg-image-3\" class=\"ngg-gallery-slideshow-image\" style=\"height:400px\">\n\n        <a href=\"https:\/\/www.aufildutheatre.com\/wp-content\/gallery\/dans-mon-potager\/sagarroi-potager-scaled.jpg\"\n           title=\"\"\n           data-src=\"https:\/\/www.aufildutheatre.com\/wp-content\/gallery\/dans-mon-potager\/sagarroi-potager-scaled.jpg\"\n           data-thumbnail=\"https:\/\/www.aufildutheatre.com\/wp-content\/gallery\/dans-mon-potager\/thumbs\/thumbs_sagarroi-potager-scaled.jpg\"\n           data-image-id=\"363\"\n           data-title=\"sagarroi-potager-scaled\"\n           data-description=\"\"\n           class=\"ngg-fancybox\" rel=\"d9e16fe570b0dcb861aefe4c72be093d\">\n\n            <img data-image-id='363'\n                 title=\"\"\n                 alt=\"sagarroi-potager-scaled\"\n                 src=\"https:\/\/www.aufildutheatre.com\/wp-content\/gallery\/dans-mon-potager\/sagarroi-potager-scaled.jpg\"\n                 style=\"max-height: 380px;\"\/>\n        <\/a>\n\n        <\/div> \n<div id=\"ngg-image-4\" class=\"ngg-gallery-slideshow-image\" style=\"height:400px\">\n\n        <a href=\"https:\/\/www.aufildutheatre.com\/wp-content\/gallery\/dans-mon-potager\/escargot-glouton-scaled.jpg\"\n           title=\"\"\n           data-src=\"https:\/\/www.aufildutheatre.com\/wp-content\/gallery\/dans-mon-potager\/escargot-glouton-scaled.jpg\"\n           data-thumbnail=\"https:\/\/www.aufildutheatre.com\/wp-content\/gallery\/dans-mon-potager\/thumbs\/thumbs_escargot-glouton-scaled.jpg\"\n           data-image-id=\"358\"\n           data-title=\"escargot-glouton-scaled\"\n           data-description=\"\"\n           class=\"ngg-fancybox\" rel=\"d9e16fe570b0dcb861aefe4c72be093d\">\n\n            <img data-image-id='358'\n                 title=\"\"\n                 alt=\"escargot-glouton-scaled\"\n                 src=\"https:\/\/www.aufildutheatre.com\/wp-content\/gallery\/dans-mon-potager\/escargot-glouton-scaled.jpg\"\n                 style=\"max-height: 380px;\"\/>\n        <\/a>\n\n        <\/div> \n<div id=\"ngg-image-5\" class=\"ngg-gallery-slideshow-image\" style=\"height:400px\">\n\n        <a href=\"https:\/\/www.aufildutheatre.com\/wp-content\/gallery\/dans-mon-potager\/20240417_201656-1-scaled.jpg\"\n           title=\"\"\n           data-src=\"https:\/\/www.aufildutheatre.com\/wp-content\/gallery\/dans-mon-potager\/20240417_201656-1-scaled.jpg\"\n           data-thumbnail=\"https:\/\/www.aufildutheatre.com\/wp-content\/gallery\/dans-mon-potager\/thumbs\/thumbs_20240417_201656-1-scaled.jpg\"\n           data-image-id=\"350\"\n           data-title=\"20240417_201656-1-scaled\"\n           data-description=\"\"\n           class=\"ngg-fancybox\" rel=\"d9e16fe570b0dcb861aefe4c72be093d\">\n\n            <img data-image-id='350'\n                 title=\"\"\n                 alt=\"20240417_201656-1-scaled\"\n                 src=\"https:\/\/www.aufildutheatre.com\/wp-content\/gallery\/dans-mon-potager\/20240417_201656-1-scaled.jpg\"\n                 style=\"max-height: 380px;\"\/>\n        <\/a>\n\n        <\/div> \n<div id=\"ngg-image-6\" class=\"ngg-gallery-slideshow-image\" style=\"height:400px\">\n\n        <a href=\"https:\/\/www.aufildutheatre.com\/wp-content\/gallery\/dans-mon-potager\/20240428_085811-1-scaled.jpg\"\n           title=\"\"\n           data-src=\"https:\/\/www.aufildutheatre.com\/wp-content\/gallery\/dans-mon-potager\/20240428_085811-1-scaled.jpg\"\n           data-thumbnail=\"https:\/\/www.aufildutheatre.com\/wp-content\/gallery\/dans-mon-potager\/thumbs\/thumbs_20240428_085811-1-scaled.jpg\"\n           data-image-id=\"351\"\n           data-title=\"20240428_085811-1-scaled\"\n           data-description=\"\"\n           class=\"ngg-fancybox\" rel=\"d9e16fe570b0dcb861aefe4c72be093d\">\n\n            <img data-image-id='351'\n                 title=\"\"\n                 alt=\"20240428_085811-1-scaled\"\n                 src=\"https:\/\/www.aufildutheatre.com\/wp-content\/gallery\/dans-mon-potager\/20240428_085811-1-scaled.jpg\"\n                 style=\"max-height: 380px;\"\/>\n        <\/a>\n\n        <\/div> \n<div id=\"ngg-image-7\" class=\"ngg-gallery-slideshow-image\" style=\"height:400px\">\n\n        <a href=\"https:\/\/www.aufildutheatre.com\/wp-content\/gallery\/dans-mon-potager\/fleurs-abeille-scaled.jpg\"\n           title=\"\"\n           data-src=\"https:\/\/www.aufildutheatre.com\/wp-content\/gallery\/dans-mon-potager\/fleurs-abeille-scaled.jpg\"\n           data-thumbnail=\"https:\/\/www.aufildutheatre.com\/wp-content\/gallery\/dans-mon-potager\/thumbs\/thumbs_fleurs-abeille-scaled.jpg\"\n           data-image-id=\"359\"\n           data-title=\"fleurs-abeille-scaled\"\n           data-description=\"\"\n           class=\"ngg-fancybox\" rel=\"d9e16fe570b0dcb861aefe4c72be093d\">\n\n            <img data-image-id='359'\n                 title=\"\"\n                 alt=\"fleurs-abeille-scaled\"\n                 src=\"https:\/\/www.aufildutheatre.com\/wp-content\/gallery\/dans-mon-potager\/fleurs-abeille-scaled.jpg\"\n                 style=\"max-height: 380px;\"\/>\n        <\/a>\n\n        <\/div> \n<div id=\"ngg-image-8\" class=\"ngg-gallery-slideshow-image\" style=\"height:400px\">\n\n        <a href=\"https:\/\/www.aufildutheatre.com\/wp-content\/gallery\/dans-mon-potager\/poireaux-souris-her-scaled.jpg\"\n           title=\"\"\n           data-src=\"https:\/\/www.aufildutheatre.com\/wp-content\/gallery\/dans-mon-potager\/poireaux-souris-her-scaled.jpg\"\n           data-thumbnail=\"https:\/\/www.aufildutheatre.com\/wp-content\/gallery\/dans-mon-potager\/thumbs\/thumbs_poireaux-souris-her-scaled.jpg\"\n           data-image-id=\"356\"\n           data-title=\"poireaux-souris-her-scaled\"\n           data-description=\"\"\n           class=\"ngg-fancybox\" rel=\"d9e16fe570b0dcb861aefe4c72be093d\">\n\n            <img data-image-id='356'\n                 title=\"\"\n                 alt=\"poireaux-souris-her-scaled\"\n                 src=\"https:\/\/www.aufildutheatre.com\/wp-content\/gallery\/dans-mon-potager\/poireaux-souris-her-scaled.jpg\"\n                 style=\"max-height: 380px;\"\/>\n        <\/a>\n\n        <\/div> \n<div id=\"ngg-image-9\" class=\"ngg-gallery-slideshow-image\" style=\"height:400px\">\n\n        <a href=\"https:\/\/www.aufildutheatre.com\/wp-content\/gallery\/dans-mon-potager\/nuages-et-pluie-scaled.jpg\"\n           title=\"\"\n           data-src=\"https:\/\/www.aufildutheatre.com\/wp-content\/gallery\/dans-mon-potager\/nuages-et-pluie-scaled.jpg\"\n           data-thumbnail=\"https:\/\/www.aufildutheatre.com\/wp-content\/gallery\/dans-mon-potager\/thumbs\/thumbs_nuages-et-pluie-scaled.jpg\"\n           data-image-id=\"357\"\n           data-title=\"nuages-et-pluie-scaled\"\n           data-description=\"\"\n           class=\"ngg-fancybox\" rel=\"d9e16fe570b0dcb861aefe4c72be093d\">\n\n            <img data-image-id='357'\n                 title=\"\"\n                 alt=\"nuages-et-pluie-scaled\"\n                 src=\"https:\/\/www.aufildutheatre.com\/wp-content\/gallery\/dans-mon-potager\/nuages-et-pluie-scaled.jpg\"\n                 style=\"max-height: 380px;\"\/>\n        <\/a>\n\n        <\/div> \n<div id=\"ngg-image-10\" class=\"ngg-gallery-slideshow-image\" style=\"height:400px\">\n\n        <a href=\"https:\/\/www.aufildutheatre.com\/wp-content\/gallery\/dans-mon-potager\/sagarroi-pinpirrina-scaled.jpg\"\n           title=\"\"\n           data-src=\"https:\/\/www.aufildutheatre.com\/wp-content\/gallery\/dans-mon-potager\/sagarroi-pinpirrina-scaled.jpg\"\n           data-thumbnail=\"https:\/\/www.aufildutheatre.com\/wp-content\/gallery\/dans-mon-potager\/thumbs\/thumbs_sagarroi-pinpirrina-scaled.jpg\"\n           data-image-id=\"362\"\n           data-title=\"sagarroi-pinpirrina-scaled\"\n           data-description=\"\"\n           class=\"ngg-fancybox\" rel=\"d9e16fe570b0dcb861aefe4c72be093d\">\n\n            <img data-image-id='362'\n                 title=\"\"\n                 alt=\"sagarroi-pinpirrina-scaled\"\n                 src=\"https:\/\/www.aufildutheatre.com\/wp-content\/gallery\/dans-mon-potager\/sagarroi-pinpirrina-scaled.jpg\"\n                 style=\"max-height: 380px;\"\/>\n        <\/a>\n\n        <\/div> \n<div id=\"ngg-image-11\" class=\"ngg-gallery-slideshow-image\" style=\"height:400px\">\n\n        <a href=\"https:\/\/www.aufildutheatre.com\/wp-content\/gallery\/dans-mon-potager\/sal-car-vue-d-haut-scaled.jpg\"\n           title=\"\"\n           data-src=\"https:\/\/www.aufildutheatre.com\/wp-content\/gallery\/dans-mon-potager\/sal-car-vue-d-haut-scaled.jpg\"\n           data-thumbnail=\"https:\/\/www.aufildutheatre.com\/wp-content\/gallery\/dans-mon-potager\/thumbs\/thumbs_sal-car-vue-d-haut-scaled.jpg\"\n           data-image-id=\"364\"\n           data-title=\"sal-car-vue-d-haut-scaled\"\n           data-description=\"\"\n           class=\"ngg-fancybox\" rel=\"d9e16fe570b0dcb861aefe4c72be093d\">\n\n            <img data-image-id='364'\n                 title=\"\"\n                 alt=\"sal-car-vue-d-haut-scaled\"\n                 src=\"https:\/\/www.aufildutheatre.com\/wp-content\/gallery\/dans-mon-potager\/sal-car-vue-d-haut-scaled.jpg\"\n                 style=\"max-height: 380px;\"\/>\n        <\/a>\n\n        <\/div> \n<\/div>\n\n\n\t\t<!-- Thumbnails Link -->\n\t<div class=\"slideshowlink\" style=\"max-width: 600px;\">\n        <a href='https:\/\/www.aufildutheatre.com\/index.php\/nggallery\/thumbnails?page_id=8591'>[Montrer sous forme de vignettes]<\/a>\n\t<\/div>\n\n\n<p><span style=\"color: #b9d171;\"><strong><span class=\"wixui-rich-text__text\">Atelier du petit jardinier<\/span> \u00e0 partir de 3 ans.&nbsp; renseignez-vous&nbsp; &nbsp;!<\/strong><\/span><\/p>\n<p><span style=\"color: #b9d171;\">Ici les enfants&nbsp; peuvent manipuler&nbsp; des petits outils de jardinage, pr\u00e9parer des petits pots avec de la terre pour planter des graines (fleurs ou l\u00e9gumes),&nbsp; jouer avec des petites bestioles, des l\u00e9gumes et ou&nbsp; des fleurs&#8230;OU&nbsp; cr\u00e9er une petite jardini\u00e8re collective dont ils prendront soin au fil du temps&#8230; <\/span><\/p>\n<p class=\"font_8 wixui-rich-text__text\"><span class=\"wixui-rich-text__text\" style=\"color: #b9d171;\">Une excellente occasion pour parler de la protection de la Nature et de la biodiversit\u00e9. La<\/span><span class=\"wixui-rich-text__text\" style=\"color: #b9d171;\"> \u00ab\u00a0com\u00e9dienne jardini\u00e8re\u00a0\u00bb,&nbsp; parle des besoins de la terre <span style=\"font-size: 10pt;\">(terre, eau, lumi\u00e8re)<\/span> des interactions avec les insectes: pollinisation, abeilles, papillons, mouches&#8230;, \u00e9voque comment \u00e9viter des pesticides gr\u00e2ce \u00e0 des coccinelles qui mangent les pucerons,&nbsp; \u00e0 de la bourrache qui attire les pucerons, au paillage ou&nbsp; pose de sciure, parle des escargots qui&nbsp; qui gr\u00e2ce \u00e0 leur mucus, hydratent la terre, aux abeilles qui butinent les fleurs et pollinisent les fleurs etc.<\/span><\/p>\n<p><span style=\"color: #5ccadb;\"><span style=\"text-decoration: underline;\"><span style=\"color: #6fcce3; text-decoration: underline;\">A partir de D\u00e9cembre 2025 ou Janvier&nbsp; 2026:<\/span> Naissance de cette nouvelle Cr\u00e9ation<\/span><br \/>\n<\/span><\/p>\n<p><span style=\"color: #c6d98d;\"><span style=\"color: #b9d171;\"><span style=\"color: #63a877;\"><strong> . \u00ab\u00a0LES 3 GROS MALINS \u00a0\u00bb <\/strong><\/span>(Cr\u00e9ation 1 an \/ 6 ans)<\/span><br \/>\n<\/span><\/p>\n<p><span style=\"color: #99cc00;\"><strong>Dur\u00e9e:<\/strong> 30\/35 mn<\/span><\/p>\n<p><a href=\"https:\/\/www.aufildutheatre.com\/wp-content\/uploads\/2024\/05\/20240507_181909-scaled.jpg\"><img loading=\"lazy\" class=\"size-medium wp-image-8719 aligncenter\" src=\"https:\/\/www.aufildutheatre.com\/wp-content\/uploads\/2024\/05\/20240507_181909-300x139.jpg\" alt=\"\" width=\"300\" height=\"139\" srcset=\"https:\/\/www.aufildutheatre.com\/wp-content\/uploads\/2024\/05\/20240507_181909-300x139.jpg 300w, https:\/\/www.aufildutheatre.com\/wp-content\/uploads\/2024\/05\/20240507_181909-1024x473.jpg 1024w, https:\/\/www.aufildutheatre.com\/wp-content\/uploads\/2024\/05\/20240507_181909-768x355.jpg 768w, https:\/\/www.aufildutheatre.com\/wp-content\/uploads\/2024\/05\/20240507_181909-1536x710.jpg 1536w, https:\/\/www.aufildutheatre.com\/wp-content\/uploads\/2024\/05\/20240507_181909-2048x947.jpg 2048w, https:\/\/www.aufildutheatre.com\/wp-content\/uploads\/2024\/05\/20240507_181909-750x350.jpg 750w, https:\/\/www.aufildutheatre.com\/wp-content\/uploads\/2024\/05\/20240507_181909-642x300.jpg 642w\" sizes=\"(max-width: 300px) 100vw, 300px\" \/><\/a><\/p>\n\n\n<div class=\"ngg-galleryoverview ngg-slideshow\"\n\t id=\"ngg-slideshow-5b052cbcf3fda19b2c3780116cafb2ea-1017320100\"\n     data-gallery-id=\"5b052cbcf3fda19b2c3780116cafb2ea\"\n     style=\"max-width: 600px; max-height: 400px;\">\n\n \t<div id=\"ngg-image-0\" class=\"ngg-gallery-slideshow-image\" style=\"height:400px\">\n\n        <a href=\"https:\/\/www.aufildutheatre.com\/wp-content\/gallery\/les-3-gros-malins\/20240507_181909-scaled.jpg\"\n           title=\"\"\n           data-src=\"https:\/\/www.aufildutheatre.com\/wp-content\/gallery\/les-3-gros-malins\/20240507_181909-scaled.jpg\"\n           data-thumbnail=\"https:\/\/www.aufildutheatre.com\/wp-content\/gallery\/les-3-gros-malins\/thumbs\/thumbs_20240507_181909-scaled.jpg\"\n           data-image-id=\"376\"\n           data-title=\"20240507_181909-scaled\"\n           data-description=\"\"\n           class=\"ngg-fancybox\" rel=\"5b052cbcf3fda19b2c3780116cafb2ea\">\n\n            <img data-image-id='376'\n                 title=\"\"\n                 alt=\"20240507_181909-scaled\"\n                 src=\"https:\/\/www.aufildutheatre.com\/wp-content\/gallery\/les-3-gros-malins\/20240507_181909-scaled.jpg\"\n                 style=\"max-height: 380px;\"\/>\n        <\/a>\n\n        <\/div> \n<div id=\"ngg-image-1\" class=\"ngg-gallery-slideshow-image\" style=\"height:400px\">\n\n        <a href=\"https:\/\/www.aufildutheatre.com\/wp-content\/gallery\/les-3-gros-malins\/20240507_182339.jpg\"\n           title=\"\"\n           data-src=\"https:\/\/www.aufildutheatre.com\/wp-content\/gallery\/les-3-gros-malins\/20240507_182339.jpg\"\n           data-thumbnail=\"https:\/\/www.aufildutheatre.com\/wp-content\/gallery\/les-3-gros-malins\/thumbs\/thumbs_20240507_182339.jpg\"\n           data-image-id=\"369\"\n           data-title=\"20240507_182339\"\n           data-description=\"\"\n           class=\"ngg-fancybox\" rel=\"5b052cbcf3fda19b2c3780116cafb2ea\">\n\n            <img data-image-id='369'\n                 title=\"\"\n                 alt=\"20240507_182339\"\n                 src=\"https:\/\/www.aufildutheatre.com\/wp-content\/gallery\/les-3-gros-malins\/20240507_182339.jpg\"\n                 style=\"max-height: 380px;\"\/>\n        <\/a>\n\n        <\/div> \n<div id=\"ngg-image-2\" class=\"ngg-gallery-slideshow-image\" style=\"height:400px\">\n\n        <a href=\"https:\/\/www.aufildutheatre.com\/wp-content\/gallery\/les-3-gros-malins\/20240507_182133_001-scaled.jpg\"\n           title=\"\"\n           data-src=\"https:\/\/www.aufildutheatre.com\/wp-content\/gallery\/les-3-gros-malins\/20240507_182133_001-scaled.jpg\"\n           data-thumbnail=\"https:\/\/www.aufildutheatre.com\/wp-content\/gallery\/les-3-gros-malins\/thumbs\/thumbs_20240507_182133_001-scaled.jpg\"\n           data-image-id=\"375\"\n           data-title=\"20240507_182133_001-scaled\"\n           data-description=\"\"\n           class=\"ngg-fancybox\" rel=\"5b052cbcf3fda19b2c3780116cafb2ea\">\n\n            <img data-image-id='375'\n                 title=\"\"\n                 alt=\"20240507_182133_001-scaled\"\n                 src=\"https:\/\/www.aufildutheatre.com\/wp-content\/gallery\/les-3-gros-malins\/20240507_182133_001-scaled.jpg\"\n                 style=\"max-height: 380px;\"\/>\n        <\/a>\n\n        <\/div> \n<div id=\"ngg-image-3\" class=\"ngg-gallery-slideshow-image\" style=\"height:400px\">\n\n        <a href=\"https:\/\/www.aufildutheatre.com\/wp-content\/gallery\/les-3-gros-malins\/20240507_182646.jpg\"\n           title=\"\"\n           data-src=\"https:\/\/www.aufildutheatre.com\/wp-content\/gallery\/les-3-gros-malins\/20240507_182646.jpg\"\n           data-thumbnail=\"https:\/\/www.aufildutheatre.com\/wp-content\/gallery\/les-3-gros-malins\/thumbs\/thumbs_20240507_182646.jpg\"\n           data-image-id=\"374\"\n           data-title=\"20240507_182646\"\n           data-description=\"\"\n           class=\"ngg-fancybox\" rel=\"5b052cbcf3fda19b2c3780116cafb2ea\">\n\n            <img data-image-id='374'\n                 title=\"\"\n                 alt=\"20240507_182646\"\n                 src=\"https:\/\/www.aufildutheatre.com\/wp-content\/gallery\/les-3-gros-malins\/20240507_182646.jpg\"\n                 style=\"max-height: 380px;\"\/>\n        <\/a>\n\n        <\/div> \n<div id=\"ngg-image-4\" class=\"ngg-gallery-slideshow-image\" style=\"height:400px\">\n\n        <a href=\"https:\/\/www.aufildutheatre.com\/wp-content\/gallery\/les-3-gros-malins\/20240507_183443.jpg\"\n           title=\"\"\n           data-src=\"https:\/\/www.aufildutheatre.com\/wp-content\/gallery\/les-3-gros-malins\/20240507_183443.jpg\"\n           data-thumbnail=\"https:\/\/www.aufildutheatre.com\/wp-content\/gallery\/les-3-gros-malins\/thumbs\/thumbs_20240507_183443.jpg\"\n           data-image-id=\"368\"\n           data-title=\"20240507_183443\"\n           data-description=\"\"\n           class=\"ngg-fancybox\" rel=\"5b052cbcf3fda19b2c3780116cafb2ea\">\n\n            <img data-image-id='368'\n                 title=\"\"\n                 alt=\"20240507_183443\"\n                 src=\"https:\/\/www.aufildutheatre.com\/wp-content\/gallery\/les-3-gros-malins\/20240507_183443.jpg\"\n                 style=\"max-height: 380px;\"\/>\n        <\/a>\n\n        <\/div> \n<div id=\"ngg-image-5\" class=\"ngg-gallery-slideshow-image\" style=\"height:400px\">\n\n        <a href=\"https:\/\/www.aufildutheatre.com\/wp-content\/gallery\/les-3-gros-malins\/20240507_183732.jpg\"\n           title=\"\"\n           data-src=\"https:\/\/www.aufildutheatre.com\/wp-content\/gallery\/les-3-gros-malins\/20240507_183732.jpg\"\n           data-thumbnail=\"https:\/\/www.aufildutheatre.com\/wp-content\/gallery\/les-3-gros-malins\/thumbs\/thumbs_20240507_183732.jpg\"\n           data-image-id=\"367\"\n           data-title=\"20240507_183732\"\n           data-description=\"\"\n           class=\"ngg-fancybox\" rel=\"5b052cbcf3fda19b2c3780116cafb2ea\">\n\n            <img data-image-id='367'\n                 title=\"\"\n                 alt=\"20240507_183732\"\n                 src=\"https:\/\/www.aufildutheatre.com\/wp-content\/gallery\/les-3-gros-malins\/20240507_183732.jpg\"\n                 style=\"max-height: 380px;\"\/>\n        <\/a>\n\n        <\/div> \n<div id=\"ngg-image-6\" class=\"ngg-gallery-slideshow-image\" style=\"height:400px\">\n\n        <a href=\"https:\/\/www.aufildutheatre.com\/wp-content\/gallery\/les-3-gros-malins\/20240416_180328.jpg\"\n           title=\"\"\n           data-src=\"https:\/\/www.aufildutheatre.com\/wp-content\/gallery\/les-3-gros-malins\/20240416_180328.jpg\"\n           data-thumbnail=\"https:\/\/www.aufildutheatre.com\/wp-content\/gallery\/les-3-gros-malins\/thumbs\/thumbs_20240416_180328.jpg\"\n           data-image-id=\"370\"\n           data-title=\"20240416_180328\"\n           data-description=\"\"\n           class=\"ngg-fancybox\" rel=\"5b052cbcf3fda19b2c3780116cafb2ea\">\n\n            <img data-image-id='370'\n                 title=\"\"\n                 alt=\"20240416_180328\"\n                 src=\"https:\/\/www.aufildutheatre.com\/wp-content\/gallery\/les-3-gros-malins\/20240416_180328.jpg\"\n                 style=\"max-height: 380px;\"\/>\n        <\/a>\n\n        <\/div> \n<div id=\"ngg-image-7\" class=\"ngg-gallery-slideshow-image\" style=\"height:400px\">\n\n        <a href=\"https:\/\/www.aufildutheatre.com\/wp-content\/gallery\/les-3-gros-malins\/20240416_184722-scaled.jpg\"\n           title=\"\"\n           data-src=\"https:\/\/www.aufildutheatre.com\/wp-content\/gallery\/les-3-gros-malins\/20240416_184722-scaled.jpg\"\n           data-thumbnail=\"https:\/\/www.aufildutheatre.com\/wp-content\/gallery\/les-3-gros-malins\/thumbs\/thumbs_20240416_184722-scaled.jpg\"\n           data-image-id=\"371\"\n           data-title=\"20240416_184722-scaled\"\n           data-description=\"\"\n           class=\"ngg-fancybox\" rel=\"5b052cbcf3fda19b2c3780116cafb2ea\">\n\n            <img data-image-id='371'\n                 title=\"\"\n                 alt=\"20240416_184722-scaled\"\n                 src=\"https:\/\/www.aufildutheatre.com\/wp-content\/gallery\/les-3-gros-malins\/20240416_184722-scaled.jpg\"\n                 style=\"max-height: 380px;\"\/>\n        <\/a>\n\n        <\/div> \n<div id=\"ngg-image-8\" class=\"ngg-gallery-slideshow-image\" style=\"height:400px\">\n\n        <a href=\"https:\/\/www.aufildutheatre.com\/wp-content\/gallery\/les-3-gros-malins\/20240416_175532.jpg\"\n           title=\"\"\n           data-src=\"https:\/\/www.aufildutheatre.com\/wp-content\/gallery\/les-3-gros-malins\/20240416_175532.jpg\"\n           data-thumbnail=\"https:\/\/www.aufildutheatre.com\/wp-content\/gallery\/les-3-gros-malins\/thumbs\/thumbs_20240416_175532.jpg\"\n           data-image-id=\"372\"\n           data-title=\"20240416_175532\"\n           data-description=\"\"\n           class=\"ngg-fancybox\" rel=\"5b052cbcf3fda19b2c3780116cafb2ea\">\n\n            <img data-image-id='372'\n                 title=\"\"\n                 alt=\"20240416_175532\"\n                 src=\"https:\/\/www.aufildutheatre.com\/wp-content\/gallery\/les-3-gros-malins\/20240416_175532.jpg\"\n                 style=\"max-height: 380px;\"\/>\n        <\/a>\n\n        <\/div> \n<\/div>\n\n\n\t\t<!-- Thumbnails Link -->\n\t<div class=\"slideshowlink\" style=\"max-width: 600px;\">\n        <a href='https:\/\/www.aufildutheatre.com\/index.php\/nggallery\/thumbnails?page_id=8591'>[Montrer sous forme de vignettes]<\/a>\n\t<\/div>\n\n\n<p><span style=\"color: #c6d98d;\"><span style=\"color: #b9d171;\"><a href=\"https:\/\/www.aufildutheatre.com\/wp-content\/uploads\/2026\/02\/Capture-de\u0301cran-2026-02-23-a\u0300-18.24.30.jpeg\"><img loading=\"lazy\" class=\"alignnone  wp-image-9124\" src=\"https:\/\/www.aufildutheatre.com\/wp-content\/uploads\/2026\/02\/Capture-de\u0301cran-2026-02-23-a\u0300-18.24.30-168x300.jpeg\" alt=\"\" width=\"86\" height=\"154\" srcset=\"https:\/\/www.aufildutheatre.com\/wp-content\/uploads\/2026\/02\/Capture-de\u0301cran-2026-02-23-a\u0300-18.24.30-168x300.jpeg 168w, https:\/\/www.aufildutheatre.com\/wp-content\/uploads\/2026\/02\/Capture-de\u0301cran-2026-02-23-a\u0300-18.24.30-572x1024.jpeg 572w, https:\/\/www.aufildutheatre.com\/wp-content\/uploads\/2026\/02\/Capture-de\u0301cran-2026-02-23-a\u0300-18.24.30-768x1374.jpeg 768w, https:\/\/www.aufildutheatre.com\/wp-content\/uploads\/2026\/02\/Capture-de\u0301cran-2026-02-23-a\u0300-18.24.30.jpeg 834w\" sizes=\"(max-width: 86px) 100vw, 86px\" \/><span style=\"text-decoration: underline;\"> &nbsp; <\/span><\/a>Une savoureuse histoire des 3 petits cochons&nbsp; Fut Fut, Loulou et Fatfat, revisit\u00e9e avec beaucoup d&rsquo;humour. Ce spectacle m\u00eale subtilement l&rsquo;art de raconter avec une grand m\u00e8re&nbsp; t\u00eate de linotte&nbsp; tr\u00e8s amusante qui n&rsquo;est autre que le petit chaperon rouge&nbsp; les images d&rsquo;un livres en papier coll\u00e9 et des marionnettes diverses&#8230;<\/span><\/span><\/p>\n<p><span style=\"color: #00ccff;\">Depuis Octobre 2024: Petite animation autour d&rsquo;animaux de la ferme.<\/span><\/p>\n<p><span style=\"color: #e8b466;\"><strong>. \u00ab\u00a0DANS MA FERME IL Y A &#8230;\u00a0\u00bb<\/strong> (animation pour les 18 mois \/4 ans) : Dur\u00e9e:&nbsp; 10\/ 15 mn<\/span><\/p>\n<p><span style=\"color: #e8b466;\"><a style=\"color: #e8b466;\" href=\"https:\/\/www.aufildutheatre.com\/wp-content\/uploads\/2024\/04\/20240417_102544.jpg\"><img loading=\"lazy\" class=\"alignnone wp-image-8514\" src=\"https:\/\/www.aufildutheatre.com\/wp-content\/uploads\/2024\/04\/20240417_102544-244x300.jpg\" alt=\"\" width=\"152\" height=\"187\" srcset=\"https:\/\/www.aufildutheatre.com\/wp-content\/uploads\/2024\/04\/20240417_102544-244x300.jpg 244w, https:\/\/www.aufildutheatre.com\/wp-content\/uploads\/2024\/04\/20240417_102544-834x1024.jpg 834w, https:\/\/www.aufildutheatre.com\/wp-content\/uploads\/2024\/04\/20240417_102544-768x943.jpg 768w, https:\/\/www.aufildutheatre.com\/wp-content\/uploads\/2024\/04\/20240417_102544-1251x1536.jpg 1251w, https:\/\/www.aufildutheatre.com\/wp-content\/uploads\/2024\/04\/20240417_102544-1668x2048.jpg 1668w, https:\/\/www.aufildutheatre.com\/wp-content\/uploads\/2024\/04\/20240417_102544.jpg 1908w\" sizes=\"(max-width: 152px) 100vw, 152px\" \/>&nbsp;&nbsp;&nbsp; &nbsp;<\/a><a style=\"color: #e8b466;\" href=\"https:\/\/www.aufildutheatre.com\/wp-content\/uploads\/2024\/04\/20240417_102621-1.jpg\"><img loading=\"lazy\" class=\"alignnone wp-image-8516\" src=\"https:\/\/www.aufildutheatre.com\/wp-content\/uploads\/2024\/04\/20240417_102621-1-300x228.jpg\" alt=\"\" width=\"244\" height=\"185\" srcset=\"https:\/\/www.aufildutheatre.com\/wp-content\/uploads\/2024\/04\/20240417_102621-1-300x228.jpg 300w, https:\/\/www.aufildutheatre.com\/wp-content\/uploads\/2024\/04\/20240417_102621-1-1024x777.jpg 1024w, https:\/\/www.aufildutheatre.com\/wp-content\/uploads\/2024\/04\/20240417_102621-1-768x583.jpg 768w, https:\/\/www.aufildutheatre.com\/wp-content\/uploads\/2024\/04\/20240417_102621-1-1536x1165.jpg 1536w, https:\/\/www.aufildutheatre.com\/wp-content\/uploads\/2024\/04\/20240417_102621-1-2048x1554.jpg 2048w\" sizes=\"(max-width: 244px) 100vw, 244px\" \/>&nbsp;&nbsp;&nbsp;&nbsp;&nbsp; <\/a><a style=\"color: #e8b466;\" href=\"https:\/\/www.aufildutheatre.com\/wp-content\/uploads\/2024\/04\/20240417_102913-scaled.jpg\"><img loading=\"lazy\" class=\"alignnone wp-image-8517\" src=\"https:\/\/www.aufildutheatre.com\/wp-content\/uploads\/2024\/04\/20240417_102913-159x300.jpg\" alt=\"\" width=\"97\" height=\"183\" srcset=\"https:\/\/www.aufildutheatre.com\/wp-content\/uploads\/2024\/04\/20240417_102913-159x300.jpg 159w, https:\/\/www.aufildutheatre.com\/wp-content\/uploads\/2024\/04\/20240417_102913-544x1024.jpg 544w, https:\/\/www.aufildutheatre.com\/wp-content\/uploads\/2024\/04\/20240417_102913-768x1445.jpg 768w, https:\/\/www.aufildutheatre.com\/wp-content\/uploads\/2024\/04\/20240417_102913-816x1536.jpg 816w, https:\/\/www.aufildutheatre.com\/wp-content\/uploads\/2024\/04\/20240417_102913-1089x2048.jpg 1089w, https:\/\/www.aufildutheatre.com\/wp-content\/uploads\/2024\/04\/20240417_102913-scaled.jpg 1361w\" sizes=\"(max-width: 97px) 100vw, 97px\" \/><\/a><\/span><\/p>\n<p><span style=\"color: #e8b466;\">Ici Les enfants&nbsp; manipulent diff\u00e9rentes marionnettes de la Cie AFT&nbsp;<\/span><\/p>\n<p><span style=\"color: #e8b466;\">Cette animation&nbsp; est propos\u00e9e en suppl\u00e9ment&nbsp; d&rsquo;une des petites formes : \u00ab\u00a0Les 3 gros malins\u00a0\u00bb ou \u00ab\u00a0La cerise sur le g\u00e2teau\u00a0\u00bb&nbsp;&nbsp; <\/span><span style=\"color: #e8b466;\">&#8230; Renseignez vous !<\/span><\/p>\n<p>&nbsp;<\/p>\n<ul>\n<li><span style=\"color: #3d88d9;\"><span style=\"text-decoration: underline;\"><a href=\"https:\/\/www.aufildutheatre.com\/?page_id=8601\">Condition<\/a> techniques<\/span><\/span><\/li>\n<li><a href=\"https:\/\/www.aufildutheatre.com\/?page_id=8762\"><span style=\"color: #3d88d9;\">Tarifs<\/span><\/a><\/li>\n<li><span style=\"text-decoration: underline;\"><span style=\"color: #3d88d9; text-decoration: underline;\"><a href=\"https:\/\/www.aufildutheatre.com\/?page_id=8858\">Livre<\/a> d&rsquo;or<\/span><\/span><\/li>\n<li><span style=\"text-decoration: underline;\"><span style=\"color: #3366ff; text-decoration: underline;\"><a style=\"color: #3366ff; text-decoration: underline;\" href=\"https:\/\/www.aufildutheatre.com\/wp-content\/uploads\/2024\/05\/FICHE-PEDA-POTAGER-.pdf\">Dossiers<\/a> p\u00e9dagogiques<\/span><\/span><\/li>\n<\/ul>\n<p>&nbsp;<\/p>\n<p>&nbsp;<\/p>\n","protected":false},"excerpt":{"rendered":"<p>\u00ab\u00a0R\u00eaves ta vie en couleur ! C&lsquo;est le secret du bonheur\u00ab\u00a0 FORM&rsquo;Z ANIMEES&#8230;&nbsp; C&rsquo;est quoi ? Des histoires revisit\u00e9es \u00e0 2 ou 4 mains de mani\u00e8re originale, permettant&nbsp; d&rsquo;explorer&nbsp; la palette infinie du monde du th\u00e9\u00e2tre et de la marionnette:&nbsp;<\/p>\n","protected":false},"author":1,"featured_media":0,"parent":0,"menu_order":0,"comment_status":"closed","ping_status":"closed","template":"","meta":{"ngg_post_thumbnail":0},"_links":{"self":[{"href":"https:\/\/www.aufildutheatre.com\/index.php?rest_route=\/wp\/v2\/pages\/8591"}],"collection":[{"href":"https:\/\/www.aufildutheatre.com\/index.php?rest_route=\/wp\/v2\/pages"}],"about":[{"href":"https:\/\/www.aufildutheatre.com\/index.php?rest_route=\/wp\/v2\/types\/page"}],"author":[{"embeddable":true,"href":"https:\/\/www.aufildutheatre.com\/index.php?rest_route=\/wp\/v2\/users\/1"}],"replies":[{"embeddable":true,"href":"https:\/\/www.aufildutheatre.com\/index.php?rest_route=%2Fwp%2Fv2%2Fcomments&post=8591"}],"version-history":[{"count":58,"href":"https:\/\/www.aufildutheatre.com\/index.php?rest_route=\/wp\/v2\/pages\/8591\/revisions"}],"predecessor-version":[{"id":8599,"href":"https:\/\/www.aufildutheatre.com\/index.php?rest_route=\/wp\/v2\/pages\/8591\/revisions\/8599"}],"wp:attachment":[{"href":"https:\/\/www.aufildutheatre.com\/index.php?rest_route=%2Fwp%2Fv2%2Fmedia&parent=8591"}],"curies":[{"name":"wp","href":"https:\/\/api.w.org\/{rel}","templated":true}]}}