{"id":6523,"date":"2017-11-20T10:23:47","date_gmt":"2017-11-20T09:23:47","guid":{"rendered":"http:\/\/www.aufildutheatre.com\/new\/?page_id=6523"},"modified":"2024-12-04T14:01:40","modified_gmt":"2024-12-04T13:01:40","slug":"humeurs-vagabondes-conditions-techniques","status":"publish","type":"page","link":"https:\/\/www.aufildutheatre.com\/?page_id=6523","title":{"rendered":"Humeurs vagabondes conditions techniques"},"content":{"rendered":"<p><span style=\"color: #c2a944; font-size: 14pt;\"><strong>CONDITIONS TECHNIQUES <\/strong><span style=\"font-size: 12pt;\">(\u00e0 voir ult\u00e9rieurement&nbsp; PROJET EN COURS pour 2025) <\/span><\/span><\/p>\n<p><span style=\"color: #e3c764;\"><strong>HUMEURS VAGABONDES*<\/strong> (Cr\u00e9ation Jeune Public : 1\/7 ans<br \/>\n<\/span><\/p>\n<p><span style=\"color: #e3c764;\">ESPACE SCENIQUE: &nbsp; Env&nbsp; 5 m de Large&nbsp; X 3,80 m de profondeur<\/span><\/p>\n<p><span style=\"color: #e3c764;\">MONTAGE: environ 50mn&nbsp;<\/span><\/p>\n<p><span style=\"color: #e3c764;\">DEMONTAGE: environ 40mn&nbsp; <\/span><\/p>\n<p><span style=\"color: #e3c764;\">Nous \u00e9tudions la possibilit\u00e9 de pouvoir pr\u00e9senter deux s\u00e9ances dans la m\u00eame demi- journ\u00e9e et ainsi vous faire b\u00e9n\u00e9ficier de tarifs pr\u00e9f\u00e9rentiels. (sortie courant 2025)<\/span><\/p>\n<p>&nbsp;<\/p>\n<p>&nbsp;<\/p>\n<p>&nbsp;<\/p>\n<p>&nbsp;<\/p>\n<p><a href=\"http:\/\/www.aufildutheatre.com\/new\/?attachment_id=2285\" rel=\"attachment wp-att-2285\"><img loading=\"lazy\" class=\"aligncenter size-medium wp-image-2285\" style=\"clear: both; padding-top: 2em;\" title=\"tete de piafs copie\" src=\"http:\/\/www.aufildutheatre.com\/new\/wp-content\/uploads\/2010\/01\/tete-de-piafs-copie.jpg?w=233\" alt=\"\" width=\"91\" height=\"115\"><\/a><\/p>\n<div style=\"position: relative; margin-left: 9.5em; height: 250px;\">\n<ul style=\"position: absolute; top: 1em; right: 4em; font-size: 1.3em; color: #6191ba;\">\n<li><a href=\"https:\/\/www.aufildutheatre.com\/?page_id=6519\" target=\"_self\" rel=\"noopener noreferrer\"><span style=\"text-decoration: underline;\"><span style=\"color: #0000ff; text-decoration: underline;\">Le livre d&rsquo;or <\/span><\/span><\/a><\/li>\n<li><a href=\"https:\/\/www.aufildutheatre.com\/?page_id=6523\" target=\"_self\" rel=\"noopener noreferrer\"><span style=\"text-decoration: underline;\"><span style=\"color: #0000ff; text-decoration: underline;\">Les conditions techniques <\/span><\/span><\/a><\/li>\n<li><a href=\"https:\/\/www.aufildutheatre.com\/?page_id=6525\" target=\"_self\" rel=\"noopener noreferrer\"><span style=\"text-decoration: underline;\"><span style=\"color: #0000ff; text-decoration: underline;\">Les tarifs <\/span><\/span><\/a><\/li>\n<li><a href=\"https:\/\/www.aufildutheatre.com\/?page_id=6527\" target=\"_self\" rel=\"noopener noreferrer\"><span style=\"text-decoration: underline;\"><span style=\"color: #0000ff; text-decoration: underline;\">Plus de photos ?<\/span><\/span><\/a><\/li>\n<li><span style=\"text-decoration: underline;\"><span style=\"color: #0000ff; text-decoration: underline;\">Fiche p\u00e9dagogique<\/span><\/span><\/li>\n<\/ul>\n<\/div>\n","protected":false},"excerpt":{"rendered":"<p>CONDITIONS TECHNIQUES (\u00e0 voir ult\u00e9rieurement&nbsp; PROJET EN COURS pour 2025) HUMEURS VAGABONDES* (Cr\u00e9ation Jeune Public : 1\/7 ans ESPACE SCENIQUE: &nbsp; Env&nbsp; 5 m de Large&nbsp; X 3,80 m de profondeur MONTAGE: environ 50mn&nbsp; DEMONTAGE: environ 40mn&nbsp; Nous \u00e9tudions la<\/p>\n","protected":false},"author":1,"featured_media":0,"parent":6488,"menu_order":0,"comment_status":"closed","ping_status":"closed","template":"","meta":{"ngg_post_thumbnail":0},"_links":{"self":[{"href":"https:\/\/www.aufildutheatre.com\/index.php?rest_route=\/wp\/v2\/pages\/6523"}],"collection":[{"href":"https:\/\/www.aufildutheatre.com\/index.php?rest_route=\/wp\/v2\/pages"}],"about":[{"href":"https:\/\/www.aufildutheatre.com\/index.php?rest_route=\/wp\/v2\/types\/page"}],"author":[{"embeddable":true,"href":"https:\/\/www.aufildutheatre.com\/index.php?rest_route=\/wp\/v2\/users\/1"}],"replies":[{"embeddable":true,"href":"https:\/\/www.aufildutheatre.com\/index.php?rest_route=%2Fwp%2Fv2%2Fcomments&post=6523"}],"version-history":[{"count":19,"href":"https:\/\/www.aufildutheatre.com\/index.php?rest_route=\/wp\/v2\/pages\/6523\/revisions"}],"predecessor-version":[{"id":8986,"href":"https:\/\/www.aufildutheatre.com\/index.php?rest_route=\/wp\/v2\/pages\/6523\/revisions\/8986"}],"up":[{"embeddable":true,"href":"https:\/\/www.aufildutheatre.com\/index.php?rest_route=\/wp\/v2\/pages\/6488"}],"wp:attachment":[{"href":"https:\/\/www.aufildutheatre.com\/index.php?rest_route=%2Fwp%2Fv2%2Fmedia&parent=6523"}],"curies":[{"name":"wp","href":"https:\/\/api.w.org\/{rel}","templated":true}]}}