{"id":6488,"date":"2017-11-10T11:12:44","date_gmt":"2017-11-10T10:12:44","guid":{"rendered":"http:\/\/www.aufildutheatre.com\/new\/?page_id=6488"},"modified":"2025-07-24T18:06:40","modified_gmt":"2025-07-24T17:06:40","slug":"humeurs-vagabondes","status":"publish","type":"page","link":"https:\/\/www.aufildutheatre.com\/?page_id=6488","title":{"rendered":"Humeurs Vagabondes"},"content":{"rendered":"<div>\n<h3 style=\"text-align: center;\"><span style=\"color: #99cc00;\"><span style=\"font-size: 12pt;\"><span style=\"color: #c6d98d;\"><span style=\"color: #5ccadb;\">Sortie de cette cr\u00e9ation&nbsp; &#8230;&nbsp; dans le courant de l&rsquo;ann\u00e9e 2026&nbsp;<\/span><br \/>\n<\/span><\/span><\/span><\/h3>\n<\/div>\n<p><span style=\"color: #b9d171;\"><span style=\"font-size: 12pt;\">. <strong>\u00ab\u00a0HUMEURS VAGABONDES<\/strong><\/span><\/span><\/p>\n<p><span style=\"color: #b9d171;\"><span style=\"font-size: 12pt;\"><strong>&#8230;<span style=\"font-size: 10pt;\">annonc\u00e9e avec le tire \u00ab\u00a0Les aventures de Nino et Nina\u00a0\u00bb<\/span><\/strong> <span style=\"font-size: 10pt;\">(cf plus bas) (Cr\u00e9ation 2 ans \/7 ans)<br \/>\n<\/span><\/span><\/span><\/p>\n<div class=\"page\" title=\"Page 2\">\n<div class=\"layoutArea\">\n<div class=\"column\">\n<p><span style=\"color: #b9d171;\"><strong>THEME :<\/strong> l\u2019imaginaire enfantin, la d\u00e9couverte de l&rsquo;Autre&#8230;<br \/>\n<\/span><\/p>\n<p><span style=\"color: #b9d171;\">Deux personnages arrivent charge\u0301es de valises atypiques et de\u0301cident de faire 1 halte. En 2 temps, 3 mouvements et surtout en chansons, le de\u0301cor est pose\u0301.&nbsp; Deux&nbsp; marionnettes apparaissent: Nino et Nina. Ils sont inse\u0301parables. Chaque soir, Nina lit 1 histoire a\u0300 son petit fre\u0300re. Chaque nuit, ils font de dro\u0302les de re\u0302ves&#8230;<\/span><\/p>\n<p><span style=\"color: #b9d171;\">Les ambiances musicales cre\u0301es en direct permettent aux petits spectateurs d\u2019accompagner ces personnages sortis du monde imaginaire cre\u0301ant ainsi des atmosphe\u0300res e\u0301tranges toutes douces pour repre\u0301senter des humeurs vagabondes&#8230;<\/span><\/p>\n<\/div>\n<\/div>\n<\/div>\n<p><span style=\"color: #99cc00;\"><span style=\"font-size: 12pt;\"><br \/>\n&nbsp;<a style=\"color: #99cc00;\" href=\"https:\/\/www.aufildutheatre.com\/wp-content\/uploads\/2023\/08\/P1040524-scaled.jpg\"><img loading=\"lazy\" class=\"alignnone size-medium wp-image-8229 aligncenter\" src=\"https:\/\/www.aufildutheatre.com\/wp-content\/uploads\/2023\/08\/P1040524-300x187.jpg\" alt=\"\" width=\"300\" height=\"187\" srcset=\"https:\/\/www.aufildutheatre.com\/wp-content\/uploads\/2023\/08\/P1040524-300x187.jpg 300w, https:\/\/www.aufildutheatre.com\/wp-content\/uploads\/2023\/08\/P1040524-1024x638.jpg 1024w, https:\/\/www.aufildutheatre.com\/wp-content\/uploads\/2023\/08\/P1040524-768x479.jpg 768w, https:\/\/www.aufildutheatre.com\/wp-content\/uploads\/2023\/08\/P1040524-1536x958.jpg 1536w, https:\/\/www.aufildutheatre.com\/wp-content\/uploads\/2023\/08\/P1040524-2048x1277.jpg 2048w\" sizes=\"(max-width: 300px) 100vw, 300px\" \/><\/a><\/span><\/span><\/p>\n<p style=\"text-align: center;\"><span style=\"color: #99cc00;\"><a style=\"color: #99cc00;\" href=\"http:\/\/www.aufildutheatre.com\/new\/wp-content\/uploads\/2017\/11\/passer-une-nuit-en-chambre.jpg\"><img loading=\"lazy\" class=\"aligncenter size-medium wp-image-6538\" src=\"http:\/\/www.aufildutheatre.com\/new\/wp-content\/uploads\/2017\/11\/passer-une-nuit-en-chambre-300x189.jpg\" alt=\"\" width=\"300\" height=\"189\" srcset=\"https:\/\/www.aufildutheatre.com\/wp-content\/uploads\/2017\/11\/passer-une-nuit-en-chambre-300x189.jpg 300w, https:\/\/www.aufildutheatre.com\/wp-content\/uploads\/2017\/11\/passer-une-nuit-en-chambre-768x485.jpg 768w, https:\/\/www.aufildutheatre.com\/wp-content\/uploads\/2017\/11\/passer-une-nuit-en-chambre-1024x646.jpg 1024w, https:\/\/www.aufildutheatre.com\/wp-content\/uploads\/2017\/11\/passer-une-nuit-en-chambre.jpg 1585w\" sizes=\"(max-width: 300px) 100vw, 300px\" \/><\/a> <\/span><\/p>\n<p style=\"text-align: center;\"><span style=\"color: #99cc00;\">.<br \/>\n<\/span><\/p>\n<p>\n\n<div class=\"ngg-galleryoverview ngg-slideshow\"\n\t id=\"ngg-slideshow-d1e49054334550a2500b98b7553321ca-5301095430\"\n     data-gallery-id=\"d1e49054334550a2500b98b7553321ca\"\n     style=\"max-width: 600px; max-height: 400px;\">\n\n \t<div id=\"ngg-image-0\" class=\"ngg-gallery-slideshow-image\" style=\"height:400px\">\n\n        <a href=\"https:\/\/www.aufildutheatre.com\/wp-content\/gallery\/nino-et-nina\/P1040522-scaled.jpg\"\n           title=\"\"\n           data-src=\"https:\/\/www.aufildutheatre.com\/wp-content\/gallery\/nino-et-nina\/P1040522-scaled.jpg\"\n           data-thumbnail=\"https:\/\/www.aufildutheatre.com\/wp-content\/gallery\/nino-et-nina\/thumbs\/thumbs_P1040522-scaled.jpg\"\n           data-image-id=\"346\"\n           data-title=\"P1040522-scaled\"\n           data-description=\"\"\n           class=\"ngg-fancybox\" rel=\"d1e49054334550a2500b98b7553321ca\">\n\n            <img data-image-id='346'\n                 title=\"\"\n                 alt=\"P1040522-scaled\"\n                 src=\"https:\/\/www.aufildutheatre.com\/wp-content\/gallery\/nino-et-nina\/P1040522-scaled.jpg\"\n                 style=\"max-height: 380px;\"\/>\n        <\/a>\n\n        <\/div> \n<div id=\"ngg-image-1\" class=\"ngg-gallery-slideshow-image\" style=\"height:400px\">\n\n        <a href=\"https:\/\/www.aufildutheatre.com\/wp-content\/gallery\/nino-et-nina\/Nin%40-valise-lit-scaled.jpg\"\n           title=\"\"\n           data-src=\"https:\/\/www.aufildutheatre.com\/wp-content\/gallery\/nino-et-nina\/Nin%40-valise-lit-scaled.jpg\"\n           data-thumbnail=\"https:\/\/www.aufildutheatre.com\/wp-content\/gallery\/nino-et-nina\/thumbs\/thumbs_Nin%40-valise-lit-scaled.jpg\"\n           data-image-id=\"340\"\n           data-title=\"Nin@-valise-lit-scaled\"\n           data-description=\"\"\n           class=\"ngg-fancybox\" rel=\"d1e49054334550a2500b98b7553321ca\">\n\n            <img data-image-id='340'\n                 title=\"\"\n                 alt=\"Nin@-valise-lit-scaled\"\n                 src=\"https:\/\/www.aufildutheatre.com\/wp-content\/gallery\/nino-et-nina\/Nin%40-valise-lit-scaled.jpg\"\n                 style=\"max-height: 380px;\"\/>\n        <\/a>\n\n        <\/div> \n<div id=\"ngg-image-2\" class=\"ngg-gallery-slideshow-image\" style=\"height:400px\">\n\n        <a href=\"https:\/\/www.aufildutheatre.com\/wp-content\/gallery\/nino-et-nina\/scene-oie-nin%40-scaled.jpg\"\n           title=\"\"\n           data-src=\"https:\/\/www.aufildutheatre.com\/wp-content\/gallery\/nino-et-nina\/scene-oie-nin%40-scaled.jpg\"\n           data-thumbnail=\"https:\/\/www.aufildutheatre.com\/wp-content\/gallery\/nino-et-nina\/thumbs\/thumbs_scene-oie-nin%40-scaled.jpg\"\n           data-image-id=\"342\"\n           data-title=\"scene-oie-nin@-scaled\"\n           data-description=\"\"\n           class=\"ngg-fancybox\" rel=\"d1e49054334550a2500b98b7553321ca\">\n\n            <img data-image-id='342'\n                 title=\"\"\n                 alt=\"scene-oie-nin@-scaled\"\n                 src=\"https:\/\/www.aufildutheatre.com\/wp-content\/gallery\/nino-et-nina\/scene-oie-nin%40-scaled.jpg\"\n                 style=\"max-height: 380px;\"\/>\n        <\/a>\n\n        <\/div> \n<div id=\"ngg-image-3\" class=\"ngg-gallery-slideshow-image\" style=\"height:400px\">\n\n        <a href=\"https:\/\/www.aufildutheatre.com\/wp-content\/gallery\/nino-et-nina\/hang-malu-escargot-scaled.jpg\"\n           title=\"\"\n           data-src=\"https:\/\/www.aufildutheatre.com\/wp-content\/gallery\/nino-et-nina\/hang-malu-escargot-scaled.jpg\"\n           data-thumbnail=\"https:\/\/www.aufildutheatre.com\/wp-content\/gallery\/nino-et-nina\/thumbs\/thumbs_hang-malu-escargot-scaled.jpg\"\n           data-image-id=\"343\"\n           data-title=\"hang-malu-escargot-scaled\"\n           data-description=\"\"\n           class=\"ngg-fancybox\" rel=\"d1e49054334550a2500b98b7553321ca\">\n\n            <img data-image-id='343'\n                 title=\"\"\n                 alt=\"hang-malu-escargot-scaled\"\n                 src=\"https:\/\/www.aufildutheatre.com\/wp-content\/gallery\/nino-et-nina\/hang-malu-escargot-scaled.jpg\"\n                 style=\"max-height: 380px;\"\/>\n        <\/a>\n\n        <\/div> \n<div id=\"ngg-image-4\" class=\"ngg-gallery-slideshow-image\" style=\"height:400px\">\n\n        <a href=\"https:\/\/www.aufildutheatre.com\/wp-content\/gallery\/nino-et-nina\/scene-des-souris-rat-scaled.jpg\"\n           title=\"\"\n           data-src=\"https:\/\/www.aufildutheatre.com\/wp-content\/gallery\/nino-et-nina\/scene-des-souris-rat-scaled.jpg\"\n           data-thumbnail=\"https:\/\/www.aufildutheatre.com\/wp-content\/gallery\/nino-et-nina\/thumbs\/thumbs_scene-des-souris-rat-scaled.jpg\"\n           data-image-id=\"341\"\n           data-title=\"scene-des-souris-rat-scaled\"\n           data-description=\"\"\n           class=\"ngg-fancybox\" rel=\"d1e49054334550a2500b98b7553321ca\">\n\n            <img data-image-id='341'\n                 title=\"\"\n                 alt=\"scene-des-souris-rat-scaled\"\n                 src=\"https:\/\/www.aufildutheatre.com\/wp-content\/gallery\/nino-et-nina\/scene-des-souris-rat-scaled.jpg\"\n                 style=\"max-height: 380px;\"\/>\n        <\/a>\n\n        <\/div> \n<div id=\"ngg-image-5\" class=\"ngg-gallery-slideshow-image\" style=\"height:400px\">\n\n        <a href=\"https:\/\/www.aufildutheatre.com\/wp-content\/gallery\/nino-et-nina\/nino-et-lapinou-scaled.jpg\"\n           title=\"\"\n           data-src=\"https:\/\/www.aufildutheatre.com\/wp-content\/gallery\/nino-et-nina\/nino-et-lapinou-scaled.jpg\"\n           data-thumbnail=\"https:\/\/www.aufildutheatre.com\/wp-content\/gallery\/nino-et-nina\/thumbs\/thumbs_nino-et-lapinou-scaled.jpg\"\n           data-image-id=\"338\"\n           data-title=\"nino-et-lapinou-scaled\"\n           data-description=\"\"\n           class=\"ngg-fancybox\" rel=\"d1e49054334550a2500b98b7553321ca\">\n\n            <img data-image-id='338'\n                 title=\"\"\n                 alt=\"nino-et-lapinou-scaled\"\n                 src=\"https:\/\/www.aufildutheatre.com\/wp-content\/gallery\/nino-et-nina\/nino-et-lapinou-scaled.jpg\"\n                 style=\"max-height: 380px;\"\/>\n        <\/a>\n\n        <\/div> \n<div id=\"ngg-image-6\" class=\"ngg-gallery-slideshow-image\" style=\"height:400px\">\n\n        <a href=\"https:\/\/www.aufildutheatre.com\/wp-content\/gallery\/nino-et-nina\/lapinou-ds-sa-maison-scaled.jpg\"\n           title=\"\"\n           data-src=\"https:\/\/www.aufildutheatre.com\/wp-content\/gallery\/nino-et-nina\/lapinou-ds-sa-maison-scaled.jpg\"\n           data-thumbnail=\"https:\/\/www.aufildutheatre.com\/wp-content\/gallery\/nino-et-nina\/thumbs\/thumbs_lapinou-ds-sa-maison-scaled.jpg\"\n           data-image-id=\"347\"\n           data-title=\"lapinou-ds-sa-maison-scaled\"\n           data-description=\"\"\n           class=\"ngg-fancybox\" rel=\"d1e49054334550a2500b98b7553321ca\">\n\n            <img data-image-id='347'\n                 title=\"\"\n                 alt=\"lapinou-ds-sa-maison-scaled\"\n                 src=\"https:\/\/www.aufildutheatre.com\/wp-content\/gallery\/nino-et-nina\/lapinou-ds-sa-maison-scaled.jpg\"\n                 style=\"max-height: 380px;\"\/>\n        <\/a>\n\n        <\/div> \n<div id=\"ngg-image-7\" class=\"ngg-gallery-slideshow-image\" style=\"height:400px\">\n\n        <a href=\"https:\/\/www.aufildutheatre.com\/wp-content\/gallery\/nino-et-nina\/sce%CC%80ne-nino-nina-et-vache-1-scaled.jpg\"\n           title=\"\"\n           data-src=\"https:\/\/www.aufildutheatre.com\/wp-content\/gallery\/nino-et-nina\/sce%CC%80ne-nino-nina-et-vache-1-scaled.jpg\"\n           data-thumbnail=\"https:\/\/www.aufildutheatre.com\/wp-content\/gallery\/nino-et-nina\/thumbs\/thumbs_sce%CC%80ne-nino-nina-et-vache-1-scaled.jpg\"\n           data-image-id=\"344\"\n           data-title=\"sce\u0300ne-nino-nina-et-vache-1-scaled\"\n           data-description=\"\"\n           class=\"ngg-fancybox\" rel=\"d1e49054334550a2500b98b7553321ca\">\n\n            <img data-image-id='344'\n                 title=\"\"\n                 alt=\"sce\u0300ne-nino-nina-et-vache-1-scaled\"\n                 src=\"https:\/\/www.aufildutheatre.com\/wp-content\/gallery\/nino-et-nina\/sce%CC%80ne-nino-nina-et-vache-1-scaled.jpg\"\n                 style=\"max-height: 380px;\"\/>\n        <\/a>\n\n        <\/div> \n<div id=\"ngg-image-8\" class=\"ngg-gallery-slideshow-image\" style=\"height:400px\">\n\n        <a href=\"https:\/\/www.aufildutheatre.com\/wp-content\/gallery\/nino-et-nina\/pistache-la-vache-paquerette-1-scaled.jpg\"\n           title=\"\"\n           data-src=\"https:\/\/www.aufildutheatre.com\/wp-content\/gallery\/nino-et-nina\/pistache-la-vache-paquerette-1-scaled.jpg\"\n           data-thumbnail=\"https:\/\/www.aufildutheatre.com\/wp-content\/gallery\/nino-et-nina\/thumbs\/thumbs_pistache-la-vache-paquerette-1-scaled.jpg\"\n           data-image-id=\"345\"\n           data-title=\"pistache-la-vache-paquerette-1-scaled\"\n           data-description=\"\"\n           class=\"ngg-fancybox\" rel=\"d1e49054334550a2500b98b7553321ca\">\n\n            <img data-image-id='345'\n                 title=\"\"\n                 alt=\"pistache-la-vache-paquerette-1-scaled\"\n                 src=\"https:\/\/www.aufildutheatre.com\/wp-content\/gallery\/nino-et-nina\/pistache-la-vache-paquerette-1-scaled.jpg\"\n                 style=\"max-height: 380px;\"\/>\n        <\/a>\n\n        <\/div> \n<\/div>\n\n\n\t\t<!-- Thumbnails Link -->\n\t<div class=\"slideshowlink\" style=\"max-width: 600px;\">\n        <a href='https:\/\/www.aufildutheatre.com\/index.php\/nggallery\/thumbnails?page_id=6488'>[Montrer sous forme de vignettes]<\/a>\n\t<\/div>\n\n<span style=\"color: #99cc00;\"><a style=\"color: #99cc00;\" href=\"https:\/\/www.aufildutheatre.com\/wp-content\/uploads\/2023\/12\/haizea-eta-maletak-scaled.jpg\">&nbsp;&nbsp;<\/a><a style=\"color: #99cc00;\" href=\"https:\/\/www.aufildutheatre.com\/wp-content\/uploads\/2023\/12\/haizea-eta-maletak-scaled.jpg\"> &nbsp;<\/a><a style=\"color: #99cc00;\" href=\"https:\/\/www.aufildutheatre.com\/wp-content\/uploads\/2023\/08\/P1040522-scaled.jpg\">&nbsp; <\/a><a style=\"color: #99cc00;\" href=\"https:\/\/www.aufildutheatre.com\/wp-content\/uploads\/2023\/08\/lapinou-ds-sa-maison-scaled.jpg\">&nbsp; <\/a><\/span><\/p>\n<p><span style=\"color: #5ccadb;\"><span style=\"color: #ccffcc;\"><span style=\"color: #999999;\"><span style=\"text-decoration: underline;\">Les petites FORM &lsquo;Z ANIMEES&nbsp; qui ont abouti&nbsp; au fil de ces derniers mois <\/span><\/span><\/span><\/span><span style=\"color: #5ccadb;\"><span style=\"color: #ccffcc;\"><span style=\"color: #999999;\"><span style=\"text-decoration: underline;\">ou qui sont sur le point d&rsquo;aboutir<\/span><\/span><\/span><\/span><span style=\"color: #5ccadb;\"><span style=\"color: #ccffcc;\"><span style=\"color: #999999;\"><span style=\"text-decoration: underline;\"> gr\u00e2ce \u00e0 un pr\u00eat de salle&#8230;&nbsp; (cf rubrique F A)<\/span>&#8230;&nbsp; ont malheureusement retard\u00e9 la sortie de cette Cr\u00e9ation&nbsp; <strong>Humeurs vagabondes<\/strong> qui nous tient pourtant tant \u00e0 coeur ! En effet, des \u00e9v\u00e8nements&nbsp; particuliers ont retard\u00e9 nos r\u00e9p\u00e9titions&nbsp;&nbsp; qui n\u00e9cessitent&nbsp; plus de technicit\u00e9s du fait que la musique soit r\u00e9alis\u00e9e en direct&#8230;<\/span><span style=\"font-size: 10pt; color: #999999;\"> A SUIVRE !<\/span><\/span><br \/>\n<\/span><\/p>\n<p>&nbsp;<\/p>\n<div>\n<p>&nbsp;<\/p>\n<div style=\"position: relative; margin-left: 9.5em; height: 250px;\">\n<ul style=\"position: absolute; top: 1em; right: 4em; font-size: 1.3em; color: #6191ba;\">\n<li><a href=\"https:\/\/www.aufildutheatre.com\/?page_id=6519\" target=\"_self\" rel=\"noopener noreferrer\"><span style=\"text-decoration: underline;\"><span style=\"color: #0000ff; text-decoration: underline;\">Le livre d&rsquo;or <\/span><\/span><\/a><\/li>\n<li><a href=\"https:\/\/www.aufildutheatre.com\/?page_id=6523\" target=\"_self\" rel=\"noopener noreferrer\"><span style=\"text-decoration: underline;\"><span style=\"color: #0000ff; text-decoration: underline;\">Les conditions techniques <\/span><\/span><\/a><\/li>\n<li><a href=\"https:\/\/www.aufildutheatre.com\/?page_id=6525\" target=\"_self\" rel=\"noopener noreferrer\"><span style=\"text-decoration: underline;\"><span style=\"color: #0000ff; text-decoration: underline;\">Les tarifs <\/span><\/span><\/a><\/li>\n<li><a href=\"https:\/\/www.aufildutheatre.com\/?page_id=6527\" target=\"_self\" rel=\"noopener noreferrer\"><span style=\"text-decoration: underline;\"><span style=\"color: #0000ff; text-decoration: underline;\">Plus de photos ?<\/span><\/span><\/a><\/li>\n<li><span style=\"text-decoration: underline;\"><span style=\"color: #0000ff; text-decoration: underline;\">Fiche p\u00e9dagogique<\/span><\/span><\/li>\n<\/ul>\n<\/div>\n<\/div>\n","protected":false},"excerpt":{"rendered":"<p>Sortie de cette cr\u00e9ation&nbsp; &#8230;&nbsp; dans le courant de l&rsquo;ann\u00e9e 2026&nbsp; . \u00ab\u00a0HUMEURS VAGABONDES &#8230;annonc\u00e9e avec le tire \u00ab\u00a0Les aventures de Nino et Nina\u00a0\u00bb (cf plus bas) (Cr\u00e9ation 2 ans \/7 ans) THEME : l\u2019imaginaire enfantin, la d\u00e9couverte de l&rsquo;Autre&#8230;<\/p>\n","protected":false},"author":1,"featured_media":0,"parent":0,"menu_order":0,"comment_status":"closed","ping_status":"closed","template":"","meta":{"ngg_post_thumbnail":0},"_links":{"self":[{"href":"https:\/\/www.aufildutheatre.com\/index.php?rest_route=\/wp\/v2\/pages\/6488"}],"collection":[{"href":"https:\/\/www.aufildutheatre.com\/index.php?rest_route=\/wp\/v2\/pages"}],"about":[{"href":"https:\/\/www.aufildutheatre.com\/index.php?rest_route=\/wp\/v2\/types\/page"}],"author":[{"embeddable":true,"href":"https:\/\/www.aufildutheatre.com\/index.php?rest_route=\/wp\/v2\/users\/1"}],"replies":[{"embeddable":true,"href":"https:\/\/www.aufildutheatre.com\/index.php?rest_route=%2Fwp%2Fv2%2Fcomments&post=6488"}],"version-history":[{"count":85,"href":"https:\/\/www.aufildutheatre.com\/index.php?rest_route=\/wp\/v2\/pages\/6488\/revisions"}],"predecessor-version":[{"id":9083,"href":"https:\/\/www.aufildutheatre.com\/index.php?rest_route=\/wp\/v2\/pages\/6488\/revisions\/9083"}],"wp:attachment":[{"href":"https:\/\/www.aufildutheatre.com\/index.php?rest_route=%2Fwp%2Fv2%2Fmedia&parent=6488"}],"curies":[{"name":"wp","href":"https:\/\/api.w.org\/{rel}","templated":true}]}}