{"id":5776,"date":"2012-05-08T07:10:37","date_gmt":"2012-05-08T06:10:37","guid":{"rendered":"http:\/\/www.aufildutheatre.com\/new\/?page_id=5776"},"modified":"2025-06-10T13:25:11","modified_gmt":"2025-06-10T12:25:11","slug":"livre-dor-anniversaires","status":"publish","type":"page","link":"https:\/\/www.aufildutheatre.com\/?page_id=5776","title":{"rendered":"Livre d&rsquo;or anniversaires"},"content":{"rendered":"<p><span style=\"color: #33cccc; font-size: 10pt;\"><span style=\"color: #cd3254;\">Annaelle et ses petits amis se sont tr\u00e9s bien amus\u00e9 avec la com\u00e9dienne qui leur a propos\u00e9 ce jeu de l&rsquo;oie original. Tout y \u00e9tait pour ravir ces enfants qui avaient entre 3 ans et 7 ans: Mime, chansons, coloriage, peche \u00e0 la ligne, histoires enchant\u00e9es et que de suspens au lanc\u00e9 de d\u00e9s !&nbsp; <span style=\"color: #f27cad;\">St jean de Luz 2010. La maman d&rsquo;Anaelle 7 ans. <\/span><\/span><br \/>\n<\/span><\/p>\n<p><span style=\"color: #33cccc; font-size: 10pt;\">Petits et grands avons beaucoup appr\u00e9ci\u00e9 de jouer sur ce grand tapis de jeu !&nbsp; Que de rebondissements, cases apr\u00e8s cases,&nbsp; les enfants ont ador\u00e9 la case de la p\u00eache aux poissons et celle de la note de musique o\u00f9 ils ont du improviser un orchestre&nbsp; festif&#8230;mais les histoires cont\u00e9es&nbsp; de la case labyrinthe et les chansons de la case lalal\u00e8re n&rsquo;ont pas \u00e9t\u00e9 de reste pour cette apr\u00e8s midi enchant\u00e9e avec Ainez qui a su amuser pendant pr\u00e8s d&rsquo;une heure les enfants pourtant surexcit\u00e9s de l&rsquo;anniversaire de ma fille , Maiana 5 ans aujourd&rsquo;hui. <span style=\"color: #76c49d;\">La maman de&nbsp; Maiana. Donibane lohitzun Novembre 2011<\/span><\/span><\/p>\n<p><span style=\"color: #00ff00; font-size: 10pt;\"><span style=\"color: #99cc00;\">Gr\u00e2ce \u00e0 l&rsquo;intervention de cette Cie de th\u00e9\u00e2tre nous avons pu c\u00e9l\u00e9brer une bien jolie f\u00eate pour le bapt\u00e8me de Lucas 2 ans ! Grands (7\/8 ans et le plus petits 2 ans, ont partag\u00e9 un tr\u00e8s bon moment avec ce jeu de l&rsquo;oie amusant guid\u00e9e par une com\u00e9dienne charmante qui sait pr\u00eater attention \u00e0 TOUS les enfants quelque soit leur \u00e2ge. <span style=\"color: #7e943e;\">Hossegor 2012 Le p\u00e8re de Lucas<\/span><\/span><\/span><\/p>\n<p><span style=\"color: #ff9900; font-size: 10pt;\">Manon et Linon ont souhait\u00e9 c\u00e9l\u00e9brer leur f\u00eate d&rsquo;anniversaire ensemble. Quelle belle id\u00e9e ! cela nous a permit de nous grouper et de faire venir Au fil du th\u00e9\u00e2tre avec ce spectacle inter-actif tout a fait adapt\u00e9 pour ce genre d&rsquo;\u00e9v\u00e8nements !<br \/>\n\u00ab\u00a0C&rsquo;\u00e9tait trop bien \u00ab\u00a0!,&nbsp; \u00a0\u00bb C&rsquo;\u00e9tait super n s&rsquo;est trop amus\u00e9 !\u00a0\u00bb,\u00a0\u00bbmoi&nbsp; j&rsquo;ai ador\u00e9 p\u00eacher avec le manteau de marin ! \u00a0\u00bb , \u00ab\u00a0moi c&rsquo;est la fresque qu&rsquo;on a fait tous ensemble que j&rsquo;ai pr\u00e9f\u00e9r\u00e9\u00a0\u00bb&#8230;. Que d&rsquo;\u00e9loges de ces enfants de 4 ans \u00e0 7 ans.&nbsp; <span style=\"color: #e08216;\">les deux mamans des int\u00e9ress\u00e9es Seignosse 2012.<\/span> <\/span><\/p>\n<p><span style=\"color: #c4df1f;\"><span style=\"font-size: 10pt;\">On a h\u00e9sit\u00e9 &#8230;et \u00e7a aurait \u00e9t\u00e9 trop dommage de s&rsquo;en priver ! L&rsquo;annif d&rsquo; Antton \u00a0\u00bb \u00e9tait SUPER ! Cette partie anim\u00e9e par la Cie fil du th\u00e9\u00e2tre \u00e9tait tellement mieux que les 2 heures pass\u00e9es l&rsquo;an dernier au &#8230;que l&rsquo;on ne nommera pas ! Et puis l\u00e0 on a pris le temps de JOUER, CHANTER, ECOUTER LES CONTES&#8230; enfin&nbsp; d&rsquo;apprecier tous les jeux propos\u00e9 par la Com\u00e9dienne qui a su s&rsquo;adresser en fran\u00e7ais ou en basque selon les enfants.&nbsp; <span style=\"color: #808000;\">Bikain ! Milesker Ainez ! Miarritze 2013<\/span><\/span><br \/>\n<\/span><\/p>\n<p><span style=\"color: #00ccff; font-size: 10pt;\">Hegoa et ses ami\/es&nbsp; de 5, 6 et 7 ans ont \u00e9t\u00e9 combl\u00e9s par le pittoresque de ce spectacle haut en couleurs et en surprises ! Quelle bonne id\u00e9e de changer de pieds selon les b\u00eates, et ils se sont \u00e9clat\u00e9s \u00e0 la fin du spectacle lorsque la com\u00e9dienne les a invit\u00e9 \u00e0 se lever et venir jouer au pays des couleurs. Bravo \u00e0 la com\u00e9dienne qui a beaucoup de patience avec tous les enfants. <span style=\"color: #3366ff;\">Baiona 2016.<\/span><\/span><\/p>\n<p><span style=\"color: #e01b5d; font-size: 10pt;\">L\u00e9o et ses petits camarades (entre 4 et 8 ans) voulaient jouer et voulaient un spectacle!&nbsp; Cette id\u00e9e de spectacle mont\u00e9 comme un jeu \u00e9tait parfait et r\u00e9pondait exactement \u00e0 leurs attentes ! Super ils \u00e9taient ravis ! Le jeu pr\u00e9f\u00e9r\u00e9 a \u00e9t\u00e9 l&rsquo;unanimit\u00e9&nbsp; Grands et petits , la p\u00eache miraculeuse des poissons bariol\u00e9s!&nbsp; Ils sont tous repartis de la maison en chantonnant la comptine AM STRAM GRAM pique et pique et col\u00e9gram &#8230;Am stram gram! Merci \u00e0 l&rsquo;animatrice.&nbsp; <span style=\"color: #db9ab5;\">Dax (40) juin 2016<\/span><\/span><\/p>\n<p><span style=\"color: #ffcc00; font-size: 10pt;\">Bikain ! Oso dibertigarria zen ! Biziki ongi pasatu dugu arratsaldea zure mozorroa eta txontxongiloekin. Ametz&nbsp; (7 Urte gaur) eta bere&nbsp; lagunak momentu goxoan pasatu dituzte zurekin.&nbsp; Milesker Ainez eta hurrengo urtebetetzea berriz ospatuko dugu zurekin Zihur ! <span style=\"color: #ff9900;\">Endaia&nbsp; 2016 ko Azaroa<\/span><\/span><\/p>\n<p><span style=\"font-size: 10pt;\"><span style=\"color: #b0c27c;\">Nahia 8 ans&nbsp; aujourd&rsquo;hui, et ses petits camarades ont ador\u00e9 construire et animer les marionnettes qu&rsquo;ils ont fabriquer avec l&rsquo;aide d&rsquo;Ainez qui a su donner les outils selon les comp\u00e9tences de chaque enfants. Tresser, d\u00e9couper, assembler toutes sortes de mat\u00e9riaux \u00e0 \u00e9t\u00e9 un ravissement pour tous les participants de cet anniversaire artistique.&nbsp; le fait qu&rsquo;elle s&rsquo;adresse en basque ou en fran\u00e7ais \u00e9tait aussi fort appr\u00e9ciable. Milesker Ainez !&nbsp; <\/span><span style=\"color: #339966;\">Les parents de Nahia Cambo les bains Avril 2022<\/span><\/span><\/p>\n<p><span style=\"font-size: 10pt;\"><span style=\"color: #f250a1;\"><span style=\"color: #b562b5;\">Quel bonheur d&rsquo;avoir accueilli Ainez et ses petits amis gourmands. Paulette, la poulette a beaucoup fait rire les enfants et le petit oiseau a attendri les petits spectateurs. merci pour ce joli petit spectacle autour d&rsquo;un bon g\u00e2teau comme celui que ls enfants ont mang\u00e9 pour les <strong>5<\/strong> ans de Paulo.<\/span>&nbsp;<\/span> <span style=\"color: #ff6600;\">Anglet Janvier 2025<\/span><\/span><\/p>\n<p><span style=\"font-size: 10pt;\"><span style=\"color: #00ccff;\">Merci pour cette partie de jeu de l&rsquo;oie amusante et vari\u00e9e ! Les amis de notre fille&nbsp; Luna (<strong>4<\/strong> ans hier) se sont vraiment bien amus\u00e9s. Ce qu&rsquo;ils ont pr\u00e9f\u00e9r c&rsquo;est la partie de p\u00eache aimant\u00e9e et la r\u00e9alisation de colliers gigantesque !&nbsp; Merci ! et bravo pour cette animation haut en couleur ! Hossegor<\/span> <span style=\"color: #339966;\">Mai 2025<\/span><\/span><\/p>\n<p>&nbsp;<\/p>\n","protected":false},"excerpt":{"rendered":"<p>Annaelle et ses petits amis se sont tr\u00e9s bien amus\u00e9 avec la com\u00e9dienne qui leur a propos\u00e9 ce jeu de l&rsquo;oie original. Tout y \u00e9tait pour ravir ces enfants qui avaient entre 3 ans et 7 ans: Mime, chansons, coloriage,<\/p>\n","protected":false},"author":1,"featured_media":0,"parent":5593,"menu_order":0,"comment_status":"closed","ping_status":"closed","template":"","meta":{"ngg_post_thumbnail":0},"_links":{"self":[{"href":"https:\/\/www.aufildutheatre.com\/index.php?rest_route=\/wp\/v2\/pages\/5776"}],"collection":[{"href":"https:\/\/www.aufildutheatre.com\/index.php?rest_route=\/wp\/v2\/pages"}],"about":[{"href":"https:\/\/www.aufildutheatre.com\/index.php?rest_route=\/wp\/v2\/types\/page"}],"author":[{"embeddable":true,"href":"https:\/\/www.aufildutheatre.com\/index.php?rest_route=\/wp\/v2\/users\/1"}],"replies":[{"embeddable":true,"href":"https:\/\/www.aufildutheatre.com\/index.php?rest_route=%2Fwp%2Fv2%2Fcomments&post=5776"}],"version-history":[{"count":4,"href":"https:\/\/www.aufildutheatre.com\/index.php?rest_route=\/wp\/v2\/pages\/5776\/revisions"}],"predecessor-version":[{"id":9074,"href":"https:\/\/www.aufildutheatre.com\/index.php?rest_route=\/wp\/v2\/pages\/5776\/revisions\/9074"}],"up":[{"embeddable":true,"href":"https:\/\/www.aufildutheatre.com\/index.php?rest_route=\/wp\/v2\/pages\/5593"}],"wp:attachment":[{"href":"https:\/\/www.aufildutheatre.com\/index.php?rest_route=%2Fwp%2Fv2%2Fmedia&parent=5776"}],"curies":[{"name":"wp","href":"https:\/\/api.w.org\/{rel}","templated":true}]}}