{"id":5775,"date":"2012-05-08T07:10:14","date_gmt":"2012-05-08T06:10:14","guid":{"rendered":"http:\/\/www.aufildutheatre.com\/new\/?page_id=5775"},"modified":"2022-11-13T18:52:39","modified_gmt":"2022-11-13T17:52:39","slug":"conditions-anniversaires","status":"publish","type":"page","link":"https:\/\/www.aufildutheatre.com\/?page_id=5775","title":{"rendered":"Conditions anniversaires"},"content":{"rendered":"<div style=\"text-align: center;\"><span style=\"color: #1fafed;\">1\/ AM STRAM GRAM ! Jeu de l&rsquo;oie solidaire et coop\u00e9ratif pour des enfants de 2 ans \u00e0 8 ans.<\/span><\/div>\n<div style=\"text-align: center;\"><span style=\"color: #1fafed;\">Ce spectacle jeu&nbsp; un peu particulier peut \u00e0 la demande aborder des th\u00e8mes diff\u00e9rents tels la musique, le cirque, les sens, les animaux etc.&nbsp; Les cases rencontr\u00e9es mettront ainsi l&rsquo;accent sur le th\u00e8me de pr\u00e9dilection pour votre apr\u00e8s midi r\u00e9cr\u00e9atives.&nbsp; <\/span><\/div>\n<div style=\"text-align: center;\">&nbsp;<\/div>\n<div style=\"text-align: center;\">&nbsp;<\/div>\n<div style=\"text-align: center;\"><strong><span style=\"color: #75bc42;\"><a href=\"http:\/\/www.aufildutheatre.com\/new\/wp-content\/uploads\/2012\/04\/FICh-V-annif3.jpg\"><img loading=\"lazy\" class=\"aligncenter size-large wp-image-5601\" title=\"FICh V annif\" src=\"http:\/\/www.aufildutheatre.com\/new\/wp-content\/uploads\/2012\/04\/FICh-V-annif3-1023x1023.jpg\" alt=\"\" width=\"500\" height=\"500\" srcset=\"https:\/\/www.aufildutheatre.com\/wp-content\/uploads\/2012\/04\/FICh-V-annif3-1023x1023.jpg 1023w, https:\/\/www.aufildutheatre.com\/wp-content\/uploads\/2012\/04\/FICh-V-annif3-150x150.jpg 150w, https:\/\/www.aufildutheatre.com\/wp-content\/uploads\/2012\/04\/FICh-V-annif3-300x300.jpg 300w, https:\/\/www.aufildutheatre.com\/wp-content\/uploads\/2012\/04\/FICh-V-annif3.jpg 1677w\" sizes=\"(max-width: 500px) 100vw, 500px\" \/><\/a><\/span><\/strong><\/div>\n<div style=\"text-align: center;\">&nbsp;<\/div>\n<div style=\"text-align: center;\">&nbsp;<\/div>\n<div style=\"text-align: center;\"><strong>&nbsp;<span style=\"color: #f0116a;\">2\/ CREATION \u00a0\u00bb POUM LE CUBE ! \u00ab\u00a0<\/span><\/strong><\/div>\n<div style=\"text-align: center;\"><span style=\"color: #f0116a;\"><strong>&nbsp;Condition identique au Spectacle POUM LE CUBE<\/strong> <\/span><\/div>\n<div style=\"text-align: center;\"><span style=\"color: #f0116a;\">150 \u20ac l&rsquo;intervention pour un maximum de 25 enfants de 2 ans \u00e0 7 ans.<\/span><\/div>\n<div style=\"text-align: center;\"><a href=\"http:\/\/www.aufildutheatre.com\/new\/wp-content\/uploads\/2010\/02\/STA77365-2.jpg\"><img loading=\"lazy\" class=\"aligncenter size-medium wp-image-6187\" src=\"http:\/\/www.aufildutheatre.com\/new\/wp-content\/uploads\/2010\/02\/STA77365-2-300x225.jpg\" alt=\"\" width=\"300\" height=\"225\" srcset=\"https:\/\/www.aufildutheatre.com\/wp-content\/uploads\/2010\/02\/STA77365-2-300x225.jpg 300w, https:\/\/www.aufildutheatre.com\/wp-content\/uploads\/2010\/02\/STA77365-2-768x576.jpg 768w, https:\/\/www.aufildutheatre.com\/wp-content\/uploads\/2010\/02\/STA77365-2-1024x768.jpg 1024w, https:\/\/www.aufildutheatre.com\/wp-content\/uploads\/2010\/02\/STA77365-2.jpg 1600w\" sizes=\"(max-width: 300px) 100vw, 300px\" \/><\/a><\/div>\n<div style=\"text-align: center;\">&nbsp;<\/div>\n<div style=\"text-align: center;\"><span style=\"color: #ed5d09;\">3\/ LES ATELIERS THEATRE\/MARIONNETTES et\/ou ATELIERS DE CREATION .<br \/>\nLe tarif demand\u00e9 d\u00e9pend de nombreux facteurs: dur\u00e9e intervention, nombre de participants etc.&nbsp;<\/span><\/div>\n<div style=\"text-align: center;\"><span style=\"color: #ed5d09;\"><a href=\"http:\/\/www.aufildutheatre.com\/new\/wp-content\/uploads\/2010\/02\/corazonvero-e1269942211931.jpg\"><img loading=\"lazy\" class=\"aligncenter size-medium wp-image-1661\" src=\"http:\/\/www.aufildutheatre.com\/new\/wp-content\/uploads\/2010\/02\/corazonvero-158x300.jpg\" alt=\"\" width=\"158\" height=\"300\"><\/a>&nbsp;Demander un devis personnalis\u00e9 !<\/span><\/div>\n<div style=\"text-align: center;\">&nbsp;<\/div>\n","protected":false},"excerpt":{"rendered":"<p>1\/ AM STRAM GRAM ! Jeu de l&rsquo;oie solidaire et coop\u00e9ratif pour des enfants de 2 ans \u00e0 8 ans. Ce spectacle jeu&nbsp; un peu particulier peut \u00e0 la demande aborder des th\u00e8mes diff\u00e9rents tels la musique, le cirque, les<\/p>\n","protected":false},"author":1,"featured_media":0,"parent":5593,"menu_order":0,"comment_status":"closed","ping_status":"closed","template":"","meta":{"ngg_post_thumbnail":0},"_links":{"self":[{"href":"https:\/\/www.aufildutheatre.com\/index.php?rest_route=\/wp\/v2\/pages\/5775"}],"collection":[{"href":"https:\/\/www.aufildutheatre.com\/index.php?rest_route=\/wp\/v2\/pages"}],"about":[{"href":"https:\/\/www.aufildutheatre.com\/index.php?rest_route=\/wp\/v2\/types\/page"}],"author":[{"embeddable":true,"href":"https:\/\/www.aufildutheatre.com\/index.php?rest_route=\/wp\/v2\/users\/1"}],"replies":[{"embeddable":true,"href":"https:\/\/www.aufildutheatre.com\/index.php?rest_route=%2Fwp%2Fv2%2Fcomments&post=5775"}],"version-history":[{"count":1,"href":"https:\/\/www.aufildutheatre.com\/index.php?rest_route=\/wp\/v2\/pages\/5775\/revisions"}],"predecessor-version":[{"id":8104,"href":"https:\/\/www.aufildutheatre.com\/index.php?rest_route=\/wp\/v2\/pages\/5775\/revisions\/8104"}],"up":[{"embeddable":true,"href":"https:\/\/www.aufildutheatre.com\/index.php?rest_route=\/wp\/v2\/pages\/5593"}],"wp:attachment":[{"href":"https:\/\/www.aufildutheatre.com\/index.php?rest_route=%2Fwp%2Fv2%2Fmedia&parent=5775"}],"curies":[{"name":"wp","href":"https:\/\/api.w.org\/{rel}","templated":true}]}}