{"id":2706,"date":"2010-03-08T14:17:17","date_gmt":"2010-03-08T13:17:17","guid":{"rendered":"http:\/\/harpie64.wordpress.com\/aamstramgram\/tarifs-amstramgram\/"},"modified":"2025-07-24T18:05:29","modified_gmt":"2025-07-24T17:05:29","slug":"tarifs-amstramgram","status":"publish","type":"page","link":"https:\/\/www.aufildutheatre.com\/?page_id=2706","title":{"rendered":"Tarifs Am Stram Gram!"},"content":{"rendered":"<p><span style=\"color: #09b0ed;\"><span style=\"font-size: 14pt; color: #ff9900;\">AM STRAM GRAM ! (cr\u00e9ation pour enfants \u00e0 partir de 15 mois&nbsp; ou pour un public familial)<\/span><br \/>\n<\/span><\/p>\n<p><span style=\"color: #ffcc00;\">Nos tarifs d\u00e9pendent du statut de la structure &nbsp;(scolaire, publique, priv\u00e9, associatif).<\/span><\/p>\n<p><span style=\"color: #ffcc00;\">Frais annexes se renseigner !<\/span><\/p>\n<p><span style=\"color: #ffcc00;\">A\/s\u00e9ance de 15 mois \u00e0 3 ans: 25 enfants maxi \/<\/span><\/p>\n<p><span style=\"color: #ffcc00;\">B\/ s\u00e9ance \u00e0 partir de 3 ans:&nbsp; 36&nbsp; enfants maxi<\/span><\/p>\n<p><span style=\"color: #ffcc00;\">(Dans tous les cas: Possibilit\u00e9 de faire 2 s\u00e9ances \/1\/2 journ\u00e9e&#8230; )<\/span><\/p>\n<p><span style=\"color: #eb5f2d;\"><span style=\"color: #cf2786;\">PRIX<\/span> <span style=\"color: #51e86d;\">G<\/span><span style=\"color: #f2d935;\">O<\/span><span style=\"color: #e63c74;\">U<\/span><span style=\"color: #00ccff;\">T<\/span>E<span style=\"color: #51e86d;\">R<\/span> <span style=\"color: #e63c74;\">A<\/span><span style=\"color: #16a637;\">N<\/span>N<span style=\"color: #ffcc00;\">I<\/span>V<span style=\"color: #99cc00;\">E<\/span><span style=\"color: #ff99cc;\">R<\/span><span style=\"color: #f00e78;\">S<\/span><span style=\"color: #ff99cc;\">A<\/span>IR<span style=\"color: #13a3eb;\">E<\/span> <span style=\"color: #ffcc00;\">: Autour de&nbsp; 200 \u20ac selon la formule &nbsp;choisie et le nombre d&rsquo;enfants.<\/span><\/span><\/p>\n<p><span style=\"color: #cf2786;\"><span style=\"color: #f07d43;\">EVENNEMENTIEL:<\/span> <span style=\"color: #ffcc00;\">F\u00eate de famille (mariages, bapt\u00e8mes, cousinades etc) Se renseigner !<\/span><\/span><\/p>\n<p><span style=\"color: #e34996;\"><span style=\"color: #f07d43;\">SCOLAIRE :&nbsp;<\/span> <span style=\"color: #ffcc00;\">1 S\u00e9ance: 220 \u20ac Plusieurs s\u00e9ances m\u00eame journ\u00e9e ou 1\/2&nbsp; journ\u00e9e&#8230; Se Renseigner !<\/span><\/span><\/p>\n<p><span style=\"color: #f5c825;\"><span style=\"color: #f07d43;\">Association, Multi Accueil, Ram <span style=\"color: #ffcc00;\">&nbsp;:&nbsp;<\/span><\/span><span style=\"color: #ffcc00;\"> autour de 380\u20ac&nbsp; (maximum 30 taine d&rsquo;enfants)<\/span><\/span><\/p>\n<p><span style=\"color: #d95b9a;\"><span style=\"color: #f07d43;\">Mairie, C. Culturel, Th\u00e9\u00e2tre, Festival, M\u00e9diath\u00e8ques :<\/span>&nbsp;<span style=\"color: #ffcc00;\"> autour de 400 \u20ac (maxi 35 enfants avec ou sans les adultes)<\/span><\/span><\/p>\n<p><span style=\"color: #ffcc00;\">Dans tous les cas, Tarifs d\u00e9gressifs pour plusieurs&nbsp;repr\u00e9sentations.<\/span><\/p>\n<p><span style=\"color: #ffcc00;\">Prix major\u00e9s de 60 \u20ac en d\u00e9cembre.<\/span><\/p>\n<p><a href=\"http:\/\/www.aufildutheatre.com\/new\/?attachment_id=2158\" rel=\"attachment wp-att-2158\"><img loading=\"lazy\" title=\"logo camion xanr\u00e9duit\" src=\"http:\/\/www.aufildutheatre.com\/new\/wp-content\/uploads\/2010\/02\/logo-camion-xanreduit.jpg?w=146\" alt=\"\" width=\"146\" height=\"150\"><\/a><\/p>\n<p><span style=\"color: #99cc00;\"><span style=\"color: #f07d43;\">FRAIS de DEPLACEMENTS&nbsp;:<\/span> <span style=\"color: #ffcc00;\">20 \u20ac minimum. Au del\u00e0 de 25 Km 0,60 \u20ac du Km Aller -Retour de puis Anglet.<\/span><br \/>\n<\/span><\/p>\n<p><span style=\"color: #339966;\"><span style=\"color: #ffcc00;\">Possibilit\u00e9 de partager les Frais de d\u00e9placement avec une autre structure.<\/span><br \/>\n<\/span><\/p>\n<h6><span style=\"color: #13a3eb;\"><span style=\"color: #ff9900;\">Tous nos spectacles sont des oeuvres originales &nbsp;prot\u00e9g\u00e9es par la SACD. Pr\u00e9voir Frais de Droit d\u2019Auteurs \u00e0 r\u00e9gler \u00e0 la SACD (13 % du prix TTC).<\/span><br \/>\n<\/span><\/h6>\n<p><span style=\"color: #ffcc00;\">POUR TOUT RENSEIGNEMENT COMPLEMENTAIRE N\u2019HESITEZ PAS \u2026 Contactez-nous !<\/span><\/p>\n<p><a href=\"http:\/\/www.aufildutheatre.com\/new\/?attachment_id=2285\" rel=\"attachment wp-att-2285\"><img loading=\"lazy\" title=\"tete de piafs copie\" src=\"http:\/\/harpie64.files.wordpress.com\/2010\/02\/tete-de-piafs-copie1.jpg?w=233\" alt=\"\" width=\"101\" height=\"128\"><\/a><\/p>\n<p>&nbsp;<\/p>\n<div style=\"position: relative; margin-left: 9.5em; height: 250px;\">\n<ul style=\"position: absolute; top: 1em; right: 4em; font-size: 1.3em; color: #6191ba;\">\n<li><a href=\"https:\/\/www.aufildutheatre.com\/?page_id=1807\" target=\"_self\" rel=\"noopener noreferrer\"><span style=\"text-decoration: underline;\"><span style=\"color: #0000ff; text-decoration: underline;\">Le livre d&rsquo;or <\/span><\/span><\/a><\/li>\n<li><a href=\"https:\/\/www.aufildutheatre.com\/?page_id=1795\" target=\"_self\" rel=\"noopener noreferrer\"><span style=\"text-decoration: underline;\"><span style=\"color: #0000ff; text-decoration: underline;\">Les conditions techniques <\/span><\/span><\/a><\/li>\n<li><a href=\"https:\/\/www.aufildutheatre.com\/?page_id=2706\" target=\"_self\" rel=\"noopener noreferrer\"><span style=\"text-decoration: underline;\"><span style=\"color: #0000ff; text-decoration: underline;\">Les tarifs <\/span><\/span><\/a><\/li>\n<li><a href=\"https:\/\/www.aufildutheatre.com\/?page_id=1769\" target=\"_self\" rel=\"noopener noreferrer\"><span style=\"text-decoration: underline;\"><span style=\"color: #0000ff; text-decoration: underline;\">Plus de photos ?<\/span><\/span><\/a><\/li>\n<li><span style=\"text-decoration: underline;\"><span style=\"color: #0000ff; text-decoration: underline;\">Fiche p\u00e9dagogique<\/span><\/span><\/li>\n<\/ul>\n<\/div>\n<div id=\"ffenetremailtomailModal\" style=\"z-index: 20002;\">\n<div id=\"ffenetremailtopopupModalMail\">\n<div id=\"ffenetremailtotoModalClose\">&nbsp;<\/div>\n<div id=\"ffenetremailtopopupQuestion\">What do you want to do ?<\/div>\n<p><a id=\"ffenetremailtoemailOpen\"><\/a>New mail<button id=\"ffenetremailtobuttonEmail\">Copy<\/button><textarea id=\"ffenetremailtotextArea\"><\/textarea><\/p>\n<\/div>\n<\/div>\n<div><img><\/div>\n","protected":false},"excerpt":{"rendered":"<p>AM STRAM GRAM ! (cr\u00e9ation pour enfants \u00e0 partir de 15 mois&nbsp; ou pour un public familial) Nos tarifs d\u00e9pendent du statut de la structure &nbsp;(scolaire, publique, priv\u00e9, associatif). Frais annexes se renseigner ! A\/s\u00e9ance de 15 mois \u00e0 3<\/p>\n","protected":false},"author":2,"featured_media":0,"parent":176,"menu_order":0,"comment_status":"closed","ping_status":"closed","template":"","meta":{"ngg_post_thumbnail":0},"_links":{"self":[{"href":"https:\/\/www.aufildutheatre.com\/index.php?rest_route=\/wp\/v2\/pages\/2706"}],"collection":[{"href":"https:\/\/www.aufildutheatre.com\/index.php?rest_route=\/wp\/v2\/pages"}],"about":[{"href":"https:\/\/www.aufildutheatre.com\/index.php?rest_route=\/wp\/v2\/types\/page"}],"author":[{"embeddable":true,"href":"https:\/\/www.aufildutheatre.com\/index.php?rest_route=\/wp\/v2\/users\/2"}],"replies":[{"embeddable":true,"href":"https:\/\/www.aufildutheatre.com\/index.php?rest_route=%2Fwp%2Fv2%2Fcomments&post=2706"}],"version-history":[{"count":17,"href":"https:\/\/www.aufildutheatre.com\/index.php?rest_route=\/wp\/v2\/pages\/2706\/revisions"}],"predecessor-version":[{"id":9082,"href":"https:\/\/www.aufildutheatre.com\/index.php?rest_route=\/wp\/v2\/pages\/2706\/revisions\/9082"}],"up":[{"embeddable":true,"href":"https:\/\/www.aufildutheatre.com\/index.php?rest_route=\/wp\/v2\/pages\/176"}],"wp:attachment":[{"href":"https:\/\/www.aufildutheatre.com\/index.php?rest_route=%2Fwp%2Fv2%2Fmedia&parent=2706"}],"curies":[{"name":"wp","href":"https:\/\/api.w.org\/{rel}","templated":true}]}}