{"id":2702,"date":"2010-03-08T14:14:33","date_gmt":"2010-03-08T13:14:33","guid":{"rendered":"http:\/\/harpie64.wordpress.com\/?page_id=2702"},"modified":"2025-07-24T17:59:42","modified_gmt":"2025-07-24T16:59:42","slug":"tarifs-malou","status":"publish","type":"page","link":"https:\/\/www.aufildutheatre.com\/?page_id=2702","title":{"rendered":"Les Tarifs de \u00ab\u00a0A toi de jouer Malou\u00a0\u00bb"},"content":{"rendered":"<h4 style=\"text-align: justify;\"><span style=\"font-size: 10pt;\"><span style=\"color: #ebc013;\"><span style=\"color: #d08f24;\">&nbsp;<\/span><\/span><\/span><span style=\"color: #ebc013; font-size: 12pt;\"><strong><span style=\"color: #99cc00;\"><span style=\"color: #5576e0;\">A TOI DE JOUER MALOU !&nbsp;<span style=\"font-weight: normal;\">(12 mois\/8 ans)<\/span><\/span><\/span><\/strong><\/span><\/h4>\n<h4><span style=\"font-size: 10pt; color: #5576e0;\"><strong>ACCUEIL PUBLIC : 2 versions* :<br \/>\n<\/strong><\/span><\/h4>\n<p><span style=\"color: #3366ff;\">A\/ tr\u00e8s jeunes enfants de 18 mois \u00e0 3 ans<\/span><\/p>\n<p><span style=\"color: #3366ff;\">B\/ Jeunes enfants de 3 ans \u00e0 8 ans<\/span><\/p>\n<h4><span style=\"color: #33cccc; font-size: 10pt;\"><strong>&nbsp; . &nbsp;A : 50 enfants &nbsp;maxi\/ s\u00e9ance.&nbsp; <\/strong><\/span><\/h4>\n<h4><span style=\"color: #33cccc; font-size: 10pt;\"><strong>&nbsp;.<\/strong><\/span><span style=\"color: #f0af0a; font-size: 10pt;\"><strong><span style=\"color: #33cccc;\"> B : 60 enfants <\/span><span style=\"font-weight: normal;\"><span style=\"color: #33cccc;\">(70 selon organisation de la salle).<\/span> <\/span><\/strong><\/span><\/h4>\n<h4><span style=\"font-size: 10pt;\"><span style=\"color: #f0af0a;\">&nbsp;<\/span><span style=\"color: #33cccc;\">A et B Possibilit\u00e9 de faire 2 s\u00e9ances par 1\/2 journ\u00e9e<\/span><\/span><\/h4>\n<h4><span style=\"font-size: 10pt; color: #3366ff;\">PRIX &nbsp;SCOLAIRE : <span style=\"color: #33cccc;\"><strong>Minimum 2 s\u00e9ances dans la journ\u00e9e &#8230; Se renseigner&nbsp; ! <\/strong><\/span><\/span><\/h4>\n<h4><span style=\"color: #3366ff; font-size: 10pt;\">PRIX&nbsp; Centres petite enfance: (Cr\u00e8che, Ram):&nbsp; <span style=\"color: #33cccc;\">entre 500 et 600 \u20ac*<\/span><\/span><\/h4>\n<h4><span style=\"color: #d08f24; font-size: 10pt;\"><span style=\"color: #3366ff;\">PRIX Autres (Mairies, C.E, M\u00e9diath\u00e8que etc) : <\/span><span style=\"color: #33cccc;\">entre 600 et 700 \u20ac*<br \/>\n<\/span><\/span><\/h4>\n<h4><span style=\"color: #3366ff; font-size: 10pt;\">*Les tarifs peuvent vari\u00e9s selon s&rsquo;il y a ou non l&rsquo;assistance d&rsquo;1 technicienne lumi\u00e8re: s\u00e9ance plus rapide (installation) et plus fluide (manipulation)<\/span><\/h4>\n<h4><span style=\"color: #3366ff;\"><span style=\"font-size: 10pt;\"><strong>DEPLACEMENTS : <\/strong><span style=\"color: #33cccc;\">20 \u20ac min. <\/span><\/span><\/span><span style=\"color: #ff9900;\"><span style=\"font-size: 10pt; color: #33cccc;\">Au del\u00e0 30 Km 0,60 \u20ac du Km Aller-Retour depuis Anglet.<\/span><strong><br \/>\n<\/strong><\/span><\/h4>\n<h4><span style=\"color: #3366ff; font-size: 10pt;\">Dans tous les cas, prix major\u00e9s de 60 \u20ac en D\u00e9cembre<\/span><\/h4>\n<h4>&nbsp;<\/h4>\n<p><a href=\"http:\/\/www.aufildutheatre.com\/new\/?attachment_id=2285\" rel=\"attachment wp-att-2285\"><img loading=\"lazy\" class=\"aligncenter size-medium wp-image-2285\" style=\"clear: both; padding-top: 2em;\" title=\"tete de piafs copie\" src=\"http:\/\/www.aufildutheatre.com\/new\/wp-content\/uploads\/2010\/01\/tete-de-piafs-copie.jpg?w=233\" alt=\"\" width=\"91\" height=\"115\"><\/a><\/p>\n<div style=\"position: relative; margin-left: 9.5em; height: 250px;\">\n<p><a href=\"http:\/\/www.aufildutheatre.com\/new\/wp-content\/uploads\/2019\/03\/malou-web1.jpg\"><img loading=\"lazy\" class=\"alignleft size-thumbnail wp-image-7209\" src=\"http:\/\/www.aufildutheatre.com\/new\/wp-content\/uploads\/2019\/03\/malou-web1-150x150.jpg\" alt=\"\" width=\"150\" height=\"150\" srcset=\"https:\/\/www.aufildutheatre.com\/wp-content\/uploads\/2019\/03\/malou-web1-150x150.jpg 150w, https:\/\/www.aufildutheatre.com\/wp-content\/uploads\/2019\/03\/malou-web1-300x300.jpg 300w, https:\/\/www.aufildutheatre.com\/wp-content\/uploads\/2019\/03\/malou-web1-768x768.jpg 768w, https:\/\/www.aufildutheatre.com\/wp-content\/uploads\/2019\/03\/malou-web1-1024x1024.jpg 1024w, https:\/\/www.aufildutheatre.com\/wp-content\/uploads\/2019\/03\/malou-web1-270x270.jpg 270w, https:\/\/www.aufildutheatre.com\/wp-content\/uploads\/2019\/03\/malou-web1-230x230.jpg 230w, https:\/\/www.aufildutheatre.com\/wp-content\/uploads\/2019\/03\/malou-web1.jpg 1713w\" sizes=\"(max-width: 150px) 100vw, 150px\" \/><\/a><\/p>\n<ul style=\"position: absolute; top: 1em; right: 4em; font-size: 1.3em; color: #6191ba;\">\n<li><a href=\"https:\/\/www.aufildutheatre.com\/?page_id=1803\" target=\"_self\" rel=\"noopener noreferrer\"><span style=\"text-decoration: underline;\"><span style=\"color: #0000ff; text-decoration: underline;\">Le livre d&rsquo;or <\/span><\/span><\/a><\/li>\n<li><a href=\"https:\/\/www.aufildutheatre.com\/?page_id=1792\" target=\"_self\" rel=\"noopener noreferrer\"><span style=\"text-decoration: underline;\"><span style=\"color: #0000ff; text-decoration: underline;\">Les conditions techniques <\/span><\/span><\/a><\/li>\n<li><a href=\"https:\/\/www.aufildutheatre.com\/?page_id=2702\" target=\"_self\" rel=\"noopener noreferrer\"><span style=\"text-decoration: underline;\"><span style=\"color: #0000ff; text-decoration: underline;\">Les tarifs <\/span><\/span><\/a><\/li>\n<li><a href=\"https:\/\/www.aufildutheatre.com\/?page_id=473\" target=\"_self\" rel=\"noopener noreferrer\"><span style=\"text-decoration: underline;\"><span style=\"color: #0000ff; text-decoration: underline;\">Plus de photos ?<\/span><\/span><\/a><\/li>\n<li><span style=\"text-decoration: underline;\"><span style=\"color: #0000ff; text-decoration: underline;\">Fiche p\u00e9dagogique<\/span><\/span><\/li>\n<\/ul>\n<\/div>\n","protected":false},"excerpt":{"rendered":"<p>&nbsp;A TOI DE JOUER MALOU !&nbsp;(12 mois\/8 ans) ACCUEIL PUBLIC : 2 versions* : A\/ tr\u00e8s jeunes enfants de 18 mois \u00e0 3 ans B\/ Jeunes enfants de 3 ans \u00e0 8 ans &nbsp; . &nbsp;A : 50 enfants &nbsp;maxi\/<\/p>\n","protected":false},"author":2,"featured_media":0,"parent":126,"menu_order":0,"comment_status":"closed","ping_status":"closed","template":"","meta":{"ngg_post_thumbnail":0},"_links":{"self":[{"href":"https:\/\/www.aufildutheatre.com\/index.php?rest_route=\/wp\/v2\/pages\/2702"}],"collection":[{"href":"https:\/\/www.aufildutheatre.com\/index.php?rest_route=\/wp\/v2\/pages"}],"about":[{"href":"https:\/\/www.aufildutheatre.com\/index.php?rest_route=\/wp\/v2\/types\/page"}],"author":[{"embeddable":true,"href":"https:\/\/www.aufildutheatre.com\/index.php?rest_route=\/wp\/v2\/users\/2"}],"replies":[{"embeddable":true,"href":"https:\/\/www.aufildutheatre.com\/index.php?rest_route=%2Fwp%2Fv2%2Fcomments&post=2702"}],"version-history":[{"count":9,"href":"https:\/\/www.aufildutheatre.com\/index.php?rest_route=\/wp\/v2\/pages\/2702\/revisions"}],"predecessor-version":[{"id":9078,"href":"https:\/\/www.aufildutheatre.com\/index.php?rest_route=\/wp\/v2\/pages\/2702\/revisions\/9078"}],"up":[{"embeddable":true,"href":"https:\/\/www.aufildutheatre.com\/index.php?rest_route=\/wp\/v2\/pages\/126"}],"wp:attachment":[{"href":"https:\/\/www.aufildutheatre.com\/index.php?rest_route=%2Fwp%2Fv2%2Fmedia&parent=2702"}],"curies":[{"name":"wp","href":"https:\/\/api.w.org\/{rel}","templated":true}]}}