{"id":155,"date":"2010-01-26T00:42:12","date_gmt":"2010-01-25T23:42:12","guid":{"rendered":"http:\/\/harpie64.wordpress.com\/les-membres-de-la-compagnie\/"},"modified":"2026-03-01T09:28:35","modified_gmt":"2026-03-01T08:28:35","slug":"les-membres-de-la-compagnie","status":"publish","type":"page","link":"https:\/\/www.aufildutheatre.com\/?page_id=155","title":{"rendered":"QUI SOMMES-NOUS ? \/ NOR GARA ?"},"content":{"rendered":"<p><span style=\"color: #ffff99;\"><br \/>\n<img loading=\"lazy\" class=\"aligncenter size-full wp-image-3701\" title=\"qui suis je copieblog\" src=\"http:\/\/www.aufildutheatre.com\/new\/wp-content\/uploads\/2010\/03\/quisuis-je-reduit-50-copie.jpg\" alt=\"\" width=\"497\" height=\"370\"><\/span><\/p>\n<p><strong><span style=\"color: #62b931;\">Ieepp ! &nbsp;Moi c&rsquo;est Agn\u00e8s CERLO, &nbsp;Ainez quoi ! C&rsquo;est moi qui ai mont\u00e9 la &nbsp;Cie \u00e0 mon retour de &nbsp;la Formation \u00e0 l&rsquo;\u00e9cole de marionnettistes franco-russe &nbsp;\u00e0 &nbsp;Leningrad. &nbsp;Pendant &nbsp;pr\u00e8s de 10 ans, avec B\u00e9a, Sylvie et &nbsp;Bulle, nous avons sillonn\u00e9 les routes &nbsp;et les chemins du grand Sud Ouest pour offrir &nbsp;au &nbsp;jeune public, nos histoires enchant\u00e9es&#8230; Apr\u00e8s diverses &nbsp;escales, &nbsp;j&rsquo;ai pos\u00e9 &nbsp;les malles de la Compagnie \u00e0 Anglet au Pays Basque &nbsp;point d&rsquo;ancrage id\u00e9al pour exercer ce passionnant m\u00e9tier aux multiples composantes culturelles et artistiques.&nbsp; Apr\u00e8s avoir travaill\u00e9 avec Yeno pendant 10 ans je continue depuis 2017 \u00e0 proposer ateliers et spectacles avec Ainhoa&nbsp; ou malu avec d\u00e9sormais des propositions syst\u00e9matiques en fran\u00e7ais et\/ou en basque. <\/span><\/strong><span style=\"color: #62b931;\"><strong>J&rsquo;adore les enfants ! Petite, je voulais \u00eatre ma\u00eetresse ! &nbsp;Marionnettiste ? &nbsp;C&rsquo;est pas mal non plus ! Car quoi de plus merveilleux que de faire r\u00eaver les enfants ?<\/strong><\/span><\/p>\n<p><span style=\"color: #008000;\"><strong>Iep ! Ni Agn\u00e8s Cerlo naiz, \u00ab\u00a0Ainez\u00a0\u00bb hotz !&nbsp; Errusiako Leningrad hirian txontxongilo formakuntza bat jarraiki eta, nik sortu nuen \u00ab\u00a0Au Fil du th\u00e9\u00e2tre\u00a0\u00bb AFT konpainia. Hamar bat urtez B\u00e9a, Sylvie eta Bullekin Hego mendebaldeko errepide eta bidexketan gaindi ibili gara ikusle gazteer ipuin mirresgarriak kontatzen&#8230; Honan beste xoko eta eskualde zeharkatu ondotik, txontxongilo kompainiaren zakuak Angelun, Euskal herrian pausatzea erabaki nuen. Herri ezinago egokia artea eta kultura uztartzen dituen ofizio honen behar bezala joanarazteko. Yeno rekin lan egin dut 10 urte eta orain 2017 goiti lan egiten dut Ainhoa edo Malurekin. Gaur egun gure aktibitateak dira edo frantsesez, euskeraz edo elebidunez. Haurrak izigarri gustuko ditut ! Haurtzaroan andereno izan nahi nuen&#8230; Txontxongiloekin aritzea ere ez da lan txarra: ofizio honen bidez, haurrak mundu miresgarrian murgiltzeko ahalmena baitugu. <\/strong><\/span><\/p>\n<p><span style=\"color: #62b931;\"><strong>&nbsp;<\/strong><\/span><strong> <span style=\"color: #f6d1a9;\">Parcours en images<\/span><\/strong><\/p>\n<p>&nbsp;<\/p>\n<p>\n\n<div class=\"ngg-galleryoverview ngg-slideshow\"\n\t id=\"ngg-slideshow-86fc97185c4d85e6b8cc6985a7de773a-39505760\"\n     data-gallery-id=\"86fc97185c4d85e6b8cc6985a7de773a\"\n     style=\"max-width: 600px; max-height: 400px;\">\n\n \t<div id=\"ngg-image-0\" class=\"ngg-gallery-slideshow-image\" style=\"height:400px\">\n\n        <a href=\"https:\/\/www.aufildutheatre.com\/wp-content\/gallery\/ainez-en-images-au-fil-du-temps\/sorgina-copie.jpg\"\n           title=\"\"\n           data-src=\"https:\/\/www.aufildutheatre.com\/wp-content\/gallery\/ainez-en-images-au-fil-du-temps\/sorgina-copie.jpg\"\n           data-thumbnail=\"https:\/\/www.aufildutheatre.com\/wp-content\/gallery\/ainez-en-images-au-fil-du-temps\/thumbs\/thumbs_sorgina-copie.jpg\"\n           data-image-id=\"268\"\n           data-title=\"sorgina-copie\"\n           data-description=\"\"\n           class=\"ngg-fancybox\" rel=\"86fc97185c4d85e6b8cc6985a7de773a\">\n\n            <img data-image-id='268'\n                 title=\"\"\n                 alt=\"sorgina-copie\"\n                 src=\"https:\/\/www.aufildutheatre.com\/wp-content\/gallery\/ainez-en-images-au-fil-du-temps\/sorgina-copie.jpg\"\n                 style=\"max-height: 380px;\"\/>\n        <\/a>\n\n        <\/div> \n<div id=\"ngg-image-1\" class=\"ngg-gallery-slideshow-image\" style=\"height:400px\">\n\n        <a href=\"https:\/\/www.aufildutheatre.com\/wp-content\/gallery\/ainez-en-images-au-fil-du-temps\/super-semeren-familia-copie.jpg\"\n           title=\"\"\n           data-src=\"https:\/\/www.aufildutheatre.com\/wp-content\/gallery\/ainez-en-images-au-fil-du-temps\/super-semeren-familia-copie.jpg\"\n           data-thumbnail=\"https:\/\/www.aufildutheatre.com\/wp-content\/gallery\/ainez-en-images-au-fil-du-temps\/thumbs\/thumbs_super-semeren-familia-copie.jpg\"\n           data-image-id=\"269\"\n           data-title=\"super-semeren-familia-copie\"\n           data-description=\"\"\n           class=\"ngg-fancybox\" rel=\"86fc97185c4d85e6b8cc6985a7de773a\">\n\n            <img data-image-id='269'\n                 title=\"\"\n                 alt=\"super-semeren-familia-copie\"\n                 src=\"https:\/\/www.aufildutheatre.com\/wp-content\/gallery\/ainez-en-images-au-fil-du-temps\/super-semeren-familia-copie.jpg\"\n                 style=\"max-height: 380px;\"\/>\n        <\/a>\n\n        <\/div> \n<div id=\"ngg-image-2\" class=\"ngg-gallery-slideshow-image\" style=\"height:400px\">\n\n        <a href=\"https:\/\/www.aufildutheatre.com\/wp-content\/gallery\/ainez-en-images-au-fil-du-temps\/ainezpie.JPG\"\n           title=\"\"\n           data-src=\"https:\/\/www.aufildutheatre.com\/wp-content\/gallery\/ainez-en-images-au-fil-du-temps\/ainezpie.JPG\"\n           data-thumbnail=\"https:\/\/www.aufildutheatre.com\/wp-content\/gallery\/ainez-en-images-au-fil-du-temps\/thumbs\/thumbs_ainezpie.JPG\"\n           data-image-id=\"270\"\n           data-title=\"ainezpie\"\n           data-description=\"\"\n           class=\"ngg-fancybox\" rel=\"86fc97185c4d85e6b8cc6985a7de773a\">\n\n            <img data-image-id='270'\n                 title=\"\"\n                 alt=\"ainezpie\"\n                 src=\"https:\/\/www.aufildutheatre.com\/wp-content\/gallery\/ainez-en-images-au-fil-du-temps\/ainezpie.JPG\"\n                 style=\"max-height: 380px;\"\/>\n        <\/a>\n\n        <\/div> \n<div id=\"ngg-image-3\" class=\"ngg-gallery-slideshow-image\" style=\"height:400px\">\n\n        <a href=\"https:\/\/www.aufildutheatre.com\/wp-content\/gallery\/ainez-en-images-au-fil-du-temps\/maputxe-Anaiatxo-copie.jpg\"\n           title=\"\"\n           data-src=\"https:\/\/www.aufildutheatre.com\/wp-content\/gallery\/ainez-en-images-au-fil-du-temps\/maputxe-Anaiatxo-copie.jpg\"\n           data-thumbnail=\"https:\/\/www.aufildutheatre.com\/wp-content\/gallery\/ainez-en-images-au-fil-du-temps\/thumbs\/thumbs_maputxe-Anaiatxo-copie.jpg\"\n           data-image-id=\"271\"\n           data-title=\"maputxe-Anaiatxo-copie\"\n           data-description=\"\"\n           class=\"ngg-fancybox\" rel=\"86fc97185c4d85e6b8cc6985a7de773a\">\n\n            <img data-image-id='271'\n                 title=\"\"\n                 alt=\"maputxe-Anaiatxo-copie\"\n                 src=\"https:\/\/www.aufildutheatre.com\/wp-content\/gallery\/ainez-en-images-au-fil-du-temps\/maputxe-Anaiatxo-copie.jpg\"\n                 style=\"max-height: 380px;\"\/>\n        <\/a>\n\n        <\/div> \n<div id=\"ngg-image-4\" class=\"ngg-gallery-slideshow-image\" style=\"height:400px\">\n\n        <a href=\"https:\/\/www.aufildutheatre.com\/wp-content\/gallery\/ainez-en-images-au-fil-du-temps\/gaspar-lit-le-journal.jpg\"\n           title=\"\"\n           data-src=\"https:\/\/www.aufildutheatre.com\/wp-content\/gallery\/ainez-en-images-au-fil-du-temps\/gaspar-lit-le-journal.jpg\"\n           data-thumbnail=\"https:\/\/www.aufildutheatre.com\/wp-content\/gallery\/ainez-en-images-au-fil-du-temps\/thumbs\/thumbs_gaspar-lit-le-journal.jpg\"\n           data-image-id=\"272\"\n           data-title=\"gaspar-lit-le-journal\"\n           data-description=\"\"\n           class=\"ngg-fancybox\" rel=\"86fc97185c4d85e6b8cc6985a7de773a\">\n\n            <img data-image-id='272'\n                 title=\"\"\n                 alt=\"gaspar-lit-le-journal\"\n                 src=\"https:\/\/www.aufildutheatre.com\/wp-content\/gallery\/ainez-en-images-au-fil-du-temps\/gaspar-lit-le-journal.jpg\"\n                 style=\"max-height: 380px;\"\/>\n        <\/a>\n\n        <\/div> \n<div id=\"ngg-image-5\" class=\"ngg-gallery-slideshow-image\" style=\"height:400px\">\n\n        <a href=\"https:\/\/www.aufildutheatre.com\/wp-content\/gallery\/ainez-en-images-au-fil-du-temps\/Clown-entier-ZOE-copie.jpg\"\n           title=\"\"\n           data-src=\"https:\/\/www.aufildutheatre.com\/wp-content\/gallery\/ainez-en-images-au-fil-du-temps\/Clown-entier-ZOE-copie.jpg\"\n           data-thumbnail=\"https:\/\/www.aufildutheatre.com\/wp-content\/gallery\/ainez-en-images-au-fil-du-temps\/thumbs\/thumbs_Clown-entier-ZOE-copie.jpg\"\n           data-image-id=\"273\"\n           data-title=\"Clown-entier-ZOE-copie\"\n           data-description=\"\"\n           class=\"ngg-fancybox\" rel=\"86fc97185c4d85e6b8cc6985a7de773a\">\n\n            <img data-image-id='273'\n                 title=\"\"\n                 alt=\"Clown-entier-ZOE-copie\"\n                 src=\"https:\/\/www.aufildutheatre.com\/wp-content\/gallery\/ainez-en-images-au-fil-du-temps\/Clown-entier-ZOE-copie.jpg\"\n                 style=\"max-height: 380px;\"\/>\n        <\/a>\n\n        <\/div> \n<\/div>\n\n\n\t\t<!-- Thumbnails Link -->\n\t<div class=\"slideshowlink\" style=\"max-width: 600px;\">\n        <a href='https:\/\/www.aufildutheatre.com\/index.php\/nggallery\/thumbnails?page_id=155'>[Montrer sous forme de vignettes]<\/a>\n\t<\/div>\n\n<strong><span style=\"color: #f6d1a9;\">&nbsp;<\/span><\/strong><\/p>\n<p>&nbsp;<\/p>\n<p><a href=\"http:\/\/harpie64.files.wordpress.com\/2010\/01\/03animation-rue-tse823.jpg\"><img loading=\"lazy\" class=\"size-thumbnail wp-image-3506\" style=\"float: left; margin: 1em 3em 2em 1em;\" title=\"03animation rue tse82\" src=\"http:\/\/harpie64.files.wordpress.com\/2010\/01\/03animation-rue-tse823.jpg?w=190\" alt=\"\" width=\"190\" height=\"120\"><\/a><br \/>\n<a href=\"http:\/\/harpie64.files.wordpress.com\/2010\/01\/06-araignee-th-d-planchettes871.jpg\"><img loading=\"lazy\" class=\"size-thumbnail wp-image-3507\" style=\"float: left; margin: 1em 1em 2em;\" title=\"06 araignee TH d planchettes87\" src=\"http:\/\/harpie64.files.wordpress.com\/2010\/01\/06-araignee-th-d-planchettes871.jpg?w=190\" alt=\"\" width=\"190\" height=\"75\"><\/a><\/p>\n<p>&nbsp;<\/p>\n<h4 style=\"text-align: right; margin-top: 2em;\">&nbsp;<\/h4>\n<h4 style=\"text-align: right; margin-top: 2em;\"><a href=\"https:\/\/www.aufildutheatre.com\/?page_id=103\" target=\"_self\" rel=\"noopener noreferrer\"><span style=\"text-decoration: underline;\"><strong>Plus de photos<\/strong><\/span><\/a><\/h4>\n<p>&nbsp;<\/p>\n<p><a href=\"http:\/\/www.aufildutheatre.com\/new\/wp-content\/uploads\/2018\/11\/IMG_2961.jpg\"> &nbsp;&nbsp;&nbsp;<\/a><\/p>\n<p><a href=\"http:\/\/www.aufildutheatre.com\/new\/wp-content\/uploads\/2010\/03\/annie.jpg\"><img loading=\"lazy\" class=\"size-medium wp-image-3890 aligncenter\" title=\"Annie Onchalo\" src=\"http:\/\/www.aufildutheatre.com\/new\/wp-content\/uploads\/2010\/03\/annie.jpg?w=399\" alt=\"\" width=\"399\" height=\"300\"><\/a><\/p>\n<p><span style=\"color: #2a86d4;\">Moi, je suis Annie ONCHALO. &nbsp;Apr\u00e8s une formation aux Beaux Arts, je me suis dirig\u00e9e vers la Cr\u00e9ation dans le monde th\u00e9\u00e2tral. Depuis plus de 20 ans, je suis tant\u00f4t&nbsp; plasticienne, com\u00e9dienne, marionnettiste, accessoiriste, &nbsp;costumi\u00e8re ou habilleuse dans des festivals &#8230; (Collaborations &nbsp;avec diverses Compagnies: Azika, Th\u00e9\u00e2tre des Chim\u00e8res, Malandain ballet Biarritz, Th\u00e9\u00e2tre du Rivage&#8230;) &nbsp;Et avec la Cie Au fil du th\u00e9\u00e2tre &nbsp;qui a sollicit\u00e9 ma collaboration pour plusieurs de ses Cr\u00e9ations dans une histoire po\u00e9tique autour du personnage de Malou. <\/span><\/p>\n<p><span style=\"color: #3437ca;\">Ni Annie Onchalo naiz. Arte ederretako formakuntza bat jarraiki eta antzerki sorkuntza munduan sartu nintzen. Azken hogei urte hauetan txontxongilo antzerki-aktore edo sortzaile gisa parte hartzen dut festibaletan (honan beste konpainiekin ari izanez lanean: Azika, Th\u00e9\u00e2tre des Chim\u00e8res, Malandain Ballet Biarritz,Th\u00e9\u00e2tre du Rivage&#8230;) eta aldi hontan \u00ab\u00a0Au fil du th\u00e9\u00e2tre\u00a0\u00bb konpainiarekin, Malu pertsonaiaren inguruan sorturiko azken bi sorkuntzetan parte hartzen dut.<\/span><\/p>\n<p><span style=\"color: #3366ff;\">Quelques cr\u00e9ations d&rsquo;Annie Onchalo pour Au fil du th\u00e9\u00e2tre<br \/>\n<\/span><\/p>\n<p><a href=\"http:\/\/www.aufildutheatre.com\/new\/wp-content\/uploads\/2010\/03\/annie-et-malou-copie.jpg\"><img loading=\"lazy\" class=\"alignnone wp-image-3128\" src=\"http:\/\/www.aufildutheatre.com\/new\/wp-content\/uploads\/2010\/03\/annie-et-malou-copie-225x300.jpg\" alt=\"\" width=\"116\" height=\"155\" srcset=\"https:\/\/www.aufildutheatre.com\/wp-content\/uploads\/2010\/03\/annie-et-malou-copie-225x300.jpg 225w, https:\/\/www.aufildutheatre.com\/wp-content\/uploads\/2010\/03\/annie-et-malou-copie-768x1024.jpg 768w, https:\/\/www.aufildutheatre.com\/wp-content\/uploads\/2010\/03\/annie-et-malou-copie.jpg 900w\" sizes=\"(max-width: 116px) 100vw, 116px\" \/> <\/a> <a href=\"http:\/\/www.aufildutheatre.com\/new\/wp-content\/uploads\/2010\/03\/malou-en-bois.jpg\"><img loading=\"lazy\" class=\"alignnone wp-image-3131\" src=\"http:\/\/www.aufildutheatre.com\/new\/wp-content\/uploads\/2010\/03\/malou-en-bois-225x300.jpg\" alt=\"\" width=\"115\" height=\"154\" srcset=\"https:\/\/www.aufildutheatre.com\/wp-content\/uploads\/2010\/03\/malou-en-bois-225x300.jpg 225w, https:\/\/www.aufildutheatre.com\/wp-content\/uploads\/2010\/03\/malou-en-bois.jpg 480w\" sizes=\"(max-width: 115px) 100vw, 115px\" \/><\/a><a href=\"http:\/\/www.aufildutheatre.com\/new\/wp-content\/uploads\/2010\/03\/annie-et-malou-copie.jpg\">&nbsp;<\/a><a href=\"https:\/\/www.aufildutheatre.com\/wp-content\/uploads\/2024\/11\/Capture-de\u0301cran-2024-11-15-a\u0300-09.23.34-1.jpg\"><img loading=\"lazy\" class=\"alignnone wp-image-8933\" src=\"https:\/\/www.aufildutheatre.com\/wp-content\/uploads\/2024\/11\/Capture-de\u0301cran-2024-11-15-a\u0300-09.23.34-1-197x300.jpg\" alt=\"\" width=\"100\" height=\"152\" srcset=\"https:\/\/www.aufildutheatre.com\/wp-content\/uploads\/2024\/11\/Capture-de\u0301cran-2024-11-15-a\u0300-09.23.34-1-197x300.jpg 197w, https:\/\/www.aufildutheatre.com\/wp-content\/uploads\/2024\/11\/Capture-de\u0301cran-2024-11-15-a\u0300-09.23.34-1.jpg 207w\" sizes=\"(max-width: 100px) 100vw, 100px\" \/><\/a><a href=\"http:\/\/www.aufildutheatre.com\/new\/wp-content\/uploads\/2010\/03\/lena-au-telefon-e1269942636399.jpg\"><img loading=\"lazy\" class=\"alignnone wp-image-3133\" src=\"http:\/\/www.aufildutheatre.com\/new\/wp-content\/uploads\/2010\/03\/lena-au-telefon-300x225.jpg\" alt=\"\" width=\"202\" height=\"152\"> <\/a><a href=\"https:\/\/www.aufildutheatre.com\/wp-content\/uploads\/2023\/04\/malou-avec-pion-tortue.jpg\"><img loading=\"lazy\" class=\"alignnone wp-image-8197\" src=\"https:\/\/www.aufildutheatre.com\/wp-content\/uploads\/2023\/04\/malou-avec-pion-tortue-300x232.jpg\" alt=\"\" width=\"194\" height=\"150\" srcset=\"https:\/\/www.aufildutheatre.com\/wp-content\/uploads\/2023\/04\/malou-avec-pion-tortue-300x232.jpg 300w, https:\/\/www.aufildutheatre.com\/wp-content\/uploads\/2023\/04\/malou-avec-pion-tortue-1024x792.jpg 1024w, https:\/\/www.aufildutheatre.com\/wp-content\/uploads\/2023\/04\/malou-avec-pion-tortue-768x594.jpg 768w, https:\/\/www.aufildutheatre.com\/wp-content\/uploads\/2023\/04\/malou-avec-pion-tortue-1536x1188.jpg 1536w, https:\/\/www.aufildutheatre.com\/wp-content\/uploads\/2023\/04\/malou-avec-pion-tortue.jpg 1549w\" sizes=\"(max-width: 194px) 100vw, 194px\" \/><\/a><\/p>\n<p>&nbsp;<\/p>\n<p>&nbsp;<\/p>\n<p>&nbsp;<\/p>\n<p><a href=\"https:\/\/www.aufildutheatre.com\/wp-content\/uploads\/2024\/05\/20240209_224558-1-scaled.jpg\"><img loading=\"lazy\" class=\"size-medium wp-image-8790 aligncenter\" src=\"https:\/\/www.aufildutheatre.com\/wp-content\/uploads\/2024\/05\/20240209_224558-1-139x300.jpg\" alt=\"\" width=\"139\" height=\"300\" srcset=\"https:\/\/www.aufildutheatre.com\/wp-content\/uploads\/2024\/05\/20240209_224558-1-139x300.jpg 139w, https:\/\/www.aufildutheatre.com\/wp-content\/uploads\/2024\/05\/20240209_224558-1-473x1024.jpg 473w, https:\/\/www.aufildutheatre.com\/wp-content\/uploads\/2024\/05\/20240209_224558-1-768x1662.jpg 768w, https:\/\/www.aufildutheatre.com\/wp-content\/uploads\/2024\/05\/20240209_224558-1-710x1536.jpg 710w, https:\/\/www.aufildutheatre.com\/wp-content\/uploads\/2024\/05\/20240209_224558-1-947x2048.jpg 947w, https:\/\/www.aufildutheatre.com\/wp-content\/uploads\/2024\/05\/20240209_224558-1-scaled.jpg 1183w\" sizes=\"(max-width: 139px) 100vw, 139px\" \/><\/a> &nbsp;<span style=\"color: #00ccff;\"> &nbsp;&nbsp; <\/span><\/p>\n<div id=\"output_text_dummy\" class=\"form-div minimal p-0 flex-grow-1 h-20rm\">\n<div>\n<div id=\"output_text_dummy\" class=\"form-div minimal p-0 flex-grow-1 h-20rm\">\n<div><span style=\"color: #00ccff;\">Moi, je suis Malu la fille d&rsquo;Ainez qui a cr\u00e9e la Cie AFT.&nbsp; J&rsquo;ai&nbsp; un app\u00e9tit d&rsquo;ogre pour tout ce qui concerne les Arts en g\u00e9n\u00e9ral.&nbsp; j&rsquo;ai \u00e9t\u00e9 en IEF&nbsp; (Instruction en famille) pendant 4 ans. Cette libert\u00e9 m&rsquo;a permit de participer \u00e0 de nombreuses formations artistiques. Actuellement je suis au coll\u00e8ge et bien que j&rsquo;ai moins de temps libre, je suis toujours inscrite \u00e0 beaucoup d&rsquo;activit\u00e9s. <\/span><span style=\"color: #00ccff;\">Et c&rsquo;est trop bien !&nbsp;<\/span><span style=\"color: #00ccff;\"> Depuis 2022: Au Conservatoire de Bayonne (Piano, Solf\u00e8ge, Chant, M\u00e9lodica), \u00e0 l&rsquo;ESAPB et \u00e0 l&rsquo;Enfance de l&rsquo;Art (dessin\/peinture), &nbsp; avec Vol&rsquo; Arte&nbsp; Ateliers de Cirque.&nbsp; Au Roof: Escalade&#8230; <\/span><span style=\"color: #00ccff;\">Le th\u00e9\u00e2tre aussi me passionne !&nbsp; J&rsquo;ai suivi de nombreux ateliers avec&nbsp; la Cie Au fil du th\u00e9\u00e2tre et&nbsp; aussi avec la Cie Mot de t\u00eate avec Eric de Sarria (marionnette et th\u00e9\u00e2tre d&rsquo;objet) Depuis Septembre 2022, je me forme avec la Cie Echo en casa et en&nbsp; 2024et 2025, j&rsquo;ai suis des cours de th\u00e9\u00e2tre en basque au Conservatoire. J<\/span><span style=\"color: #00ccff;\">&lsquo;adore&nbsp; accompagner la Cie au Fil du th\u00e9\u00e2tre. <\/span><span style=\"color: #00ccff;\">Depuis quelques mois j&rsquo;aide Ama \u00e0 trouver des id\u00e9es pour les nouvelles&nbsp; cr\u00e9ations:&nbsp; \u00ab\u00a0Dans mon potager il y a&#8230; \u00ab\u00a0, <\/span><span style=\"color: #00ccff;\">Humeurs vagabondes\u00a0\u00bb&nbsp; (une cr\u00e9ation \u00e0 4 mains o\u00f9 la musique, les manipulations de marionnettes, le jeu d&rsquo;acteur et le chant seront au rendez vous d\u00e8s 2027. Je suis&nbsp; \u00e9galement entrain de mettre en sc\u00e8ne sous le regard attentif de ma maman un autre spectacle \u00ab\u00a0Les trois gros malins\u00a0\u00bb, l&rsquo;histoire des trois petits cochons revisit\u00e9e.&nbsp;<\/span><\/div>\n<\/div>\n<\/div>\n<div>\n<div id=\"output_text_dummy\" class=\"form-div minimal p-0 flex-grow-1 h-20rm\">\n<div>\n<div id=\"output_text_dummy\" class=\"form-div minimal p-0 flex-grow-1 h-20rm\">\n<div>&nbsp;<\/div>\n<div><a href=\"https:\/\/www.aufildutheatre.com\/wp-content\/uploads\/2026\/03\/11B5C46F-511B-4240-A241-F1802432B4EC_1_201_a.jpeg\"><img loading=\"lazy\" class=\"size-medium wp-image-9131 aligncenter\" src=\"https:\/\/www.aufildutheatre.com\/wp-content\/uploads\/2026\/03\/11B5C46F-511B-4240-A241-F1802432B4EC_1_201_a-300x139.jpeg\" alt=\"\" width=\"300\" height=\"139\" srcset=\"https:\/\/www.aufildutheatre.com\/wp-content\/uploads\/2026\/03\/11B5C46F-511B-4240-A241-F1802432B4EC_1_201_a-300x139.jpeg 300w, https:\/\/www.aufildutheatre.com\/wp-content\/uploads\/2026\/03\/11B5C46F-511B-4240-A241-F1802432B4EC_1_201_a-1024x475.jpeg 1024w, https:\/\/www.aufildutheatre.com\/wp-content\/uploads\/2026\/03\/11B5C46F-511B-4240-A241-F1802432B4EC_1_201_a-768x356.jpeg 768w, https:\/\/www.aufildutheatre.com\/wp-content\/uploads\/2026\/03\/11B5C46F-511B-4240-A241-F1802432B4EC_1_201_a-1536x712.jpeg 1536w, https:\/\/www.aufildutheatre.com\/wp-content\/uploads\/2026\/03\/11B5C46F-511B-4240-A241-F1802432B4EC_1_201_a-750x350.jpeg 750w, https:\/\/www.aufildutheatre.com\/wp-content\/uploads\/2026\/03\/11B5C46F-511B-4240-A241-F1802432B4EC_1_201_a-642x300.jpeg 642w, https:\/\/www.aufildutheatre.com\/wp-content\/uploads\/2026\/03\/11B5C46F-511B-4240-A241-F1802432B4EC_1_201_a.jpeg 1669w\" sizes=\"(max-width: 300px) 100vw, 300px\" \/><\/a><\/div>\n<div>\n<p>&nbsp;&nbsp;&nbsp;&nbsp;<\/p>\n\n\n<div class=\"ngg-galleryoverview ngg-slideshow\"\n\t id=\"ngg-slideshow-9e8f809a9e7525afad23a7f115d32259-604644930\"\n     data-gallery-id=\"9e8f809a9e7525afad23a7f115d32259\"\n     style=\"max-width: 600px; max-height: 400px;\">\n\n \t<div id=\"ngg-image-0\" class=\"ngg-gallery-slideshow-image\" style=\"height:400px\">\n\n        <a href=\"https:\/\/www.aufildutheatre.com\/wp-content\/gallery\/malu-nor-da-2\/P1010468-scaled.jpg\"\n           title=\"\"\n           data-src=\"https:\/\/www.aufildutheatre.com\/wp-content\/gallery\/malu-nor-da-2\/P1010468-scaled.jpg\"\n           data-thumbnail=\"https:\/\/www.aufildutheatre.com\/wp-content\/gallery\/malu-nor-da-2\/thumbs\/thumbs_P1010468-scaled.jpg\"\n           data-image-id=\"303\"\n           data-title=\"P1010468-scaled\"\n           data-description=\"\"\n           class=\"ngg-fancybox\" rel=\"9e8f809a9e7525afad23a7f115d32259\">\n\n            <img data-image-id='303'\n                 title=\"\"\n                 alt=\"P1010468-scaled\"\n                 src=\"https:\/\/www.aufildutheatre.com\/wp-content\/gallery\/malu-nor-da-2\/P1010468-scaled.jpg\"\n                 style=\"max-height: 380px;\"\/>\n        <\/a>\n\n        <\/div> \n<div id=\"ngg-image-1\" class=\"ngg-gallery-slideshow-image\" style=\"height:400px\">\n\n        <a href=\"https:\/\/www.aufildutheatre.com\/wp-content\/gallery\/malu-nor-da-2\/P1010665-scaled.jpg\"\n           title=\"\"\n           data-src=\"https:\/\/www.aufildutheatre.com\/wp-content\/gallery\/malu-nor-da-2\/P1010665-scaled.jpg\"\n           data-thumbnail=\"https:\/\/www.aufildutheatre.com\/wp-content\/gallery\/malu-nor-da-2\/thumbs\/thumbs_P1010665-scaled.jpg\"\n           data-image-id=\"299\"\n           data-title=\"P1010665-scaled\"\n           data-description=\"\"\n           class=\"ngg-fancybox\" rel=\"9e8f809a9e7525afad23a7f115d32259\">\n\n            <img data-image-id='299'\n                 title=\"\"\n                 alt=\"P1010665-scaled\"\n                 src=\"https:\/\/www.aufildutheatre.com\/wp-content\/gallery\/malu-nor-da-2\/P1010665-scaled.jpg\"\n                 style=\"max-height: 380px;\"\/>\n        <\/a>\n\n        <\/div> \n<div id=\"ngg-image-2\" class=\"ngg-gallery-slideshow-image\" style=\"height:400px\">\n\n        <a href=\"https:\/\/www.aufildutheatre.com\/wp-content\/gallery\/malu-nor-da-2\/20210420_151325-scaled.jpg\"\n           title=\"\"\n           data-src=\"https:\/\/www.aufildutheatre.com\/wp-content\/gallery\/malu-nor-da-2\/20210420_151325-scaled.jpg\"\n           data-thumbnail=\"https:\/\/www.aufildutheatre.com\/wp-content\/gallery\/malu-nor-da-2\/thumbs\/thumbs_20210420_151325-scaled.jpg\"\n           data-image-id=\"295\"\n           data-title=\"20210420_151325-scaled\"\n           data-description=\"\"\n           class=\"ngg-fancybox\" rel=\"9e8f809a9e7525afad23a7f115d32259\">\n\n            <img data-image-id='295'\n                 title=\"\"\n                 alt=\"20210420_151325-scaled\"\n                 src=\"https:\/\/www.aufildutheatre.com\/wp-content\/gallery\/malu-nor-da-2\/20210420_151325-scaled.jpg\"\n                 style=\"max-height: 380px;\"\/>\n        <\/a>\n\n        <\/div> \n<div id=\"ngg-image-3\" class=\"ngg-gallery-slideshow-image\" style=\"height:400px\">\n\n        <a href=\"https:\/\/www.aufildutheatre.com\/wp-content\/gallery\/malu-nor-da-2\/IMG_0976-scaled.jpg\"\n           title=\"\"\n           data-src=\"https:\/\/www.aufildutheatre.com\/wp-content\/gallery\/malu-nor-da-2\/IMG_0976-scaled.jpg\"\n           data-thumbnail=\"https:\/\/www.aufildutheatre.com\/wp-content\/gallery\/malu-nor-da-2\/thumbs\/thumbs_IMG_0976-scaled.jpg\"\n           data-image-id=\"305\"\n           data-title=\"IMG_0976-scaled\"\n           data-description=\"\"\n           class=\"ngg-fancybox\" rel=\"9e8f809a9e7525afad23a7f115d32259\">\n\n            <img data-image-id='305'\n                 title=\"\"\n                 alt=\"IMG_0976-scaled\"\n                 src=\"https:\/\/www.aufildutheatre.com\/wp-content\/gallery\/malu-nor-da-2\/IMG_0976-scaled.jpg\"\n                 style=\"max-height: 380px;\"\/>\n        <\/a>\n\n        <\/div> \n<div id=\"ngg-image-4\" class=\"ngg-gallery-slideshow-image\" style=\"height:400px\">\n\n        <a href=\"https:\/\/www.aufildutheatre.com\/wp-content\/gallery\/malu-nor-da-2\/IMG_2715.jpg\"\n           title=\"\"\n           data-src=\"https:\/\/www.aufildutheatre.com\/wp-content\/gallery\/malu-nor-da-2\/IMG_2715.jpg\"\n           data-thumbnail=\"https:\/\/www.aufildutheatre.com\/wp-content\/gallery\/malu-nor-da-2\/thumbs\/thumbs_IMG_2715.jpg\"\n           data-image-id=\"297\"\n           data-title=\"Version 2\"\n           data-description=\"\"\n           class=\"ngg-fancybox\" rel=\"9e8f809a9e7525afad23a7f115d32259\">\n\n            <img data-image-id='297'\n                 title=\"\"\n                 alt=\"Version 2\"\n                 src=\"https:\/\/www.aufildutheatre.com\/wp-content\/gallery\/malu-nor-da-2\/IMG_2715.jpg\"\n                 style=\"max-height: 380px;\"\/>\n        <\/a>\n\n        <\/div> \n<div id=\"ngg-image-5\" class=\"ngg-gallery-slideshow-image\" style=\"height:400px\">\n\n        <a href=\"https:\/\/www.aufildutheatre.com\/wp-content\/gallery\/malu-nor-da-2\/IMG_6268.jpg\"\n           title=\"\"\n           data-src=\"https:\/\/www.aufildutheatre.com\/wp-content\/gallery\/malu-nor-da-2\/IMG_6268.jpg\"\n           data-thumbnail=\"https:\/\/www.aufildutheatre.com\/wp-content\/gallery\/malu-nor-da-2\/thumbs\/thumbs_IMG_6268.jpg\"\n           data-image-id=\"298\"\n           data-title=\"IMG_6268\"\n           data-description=\"\"\n           class=\"ngg-fancybox\" rel=\"9e8f809a9e7525afad23a7f115d32259\">\n\n            <img data-image-id='298'\n                 title=\"\"\n                 alt=\"IMG_6268\"\n                 src=\"https:\/\/www.aufildutheatre.com\/wp-content\/gallery\/malu-nor-da-2\/IMG_6268.jpg\"\n                 style=\"max-height: 380px;\"\/>\n        <\/a>\n\n        <\/div> \n<div id=\"ngg-image-6\" class=\"ngg-gallery-slideshow-image\" style=\"height:400px\">\n\n        <a href=\"https:\/\/www.aufildutheatre.com\/wp-content\/gallery\/malu-nor-da-2\/IMG-20190616-WA0004.jpg\"\n           title=\"\"\n           data-src=\"https:\/\/www.aufildutheatre.com\/wp-content\/gallery\/malu-nor-da-2\/IMG-20190616-WA0004.jpg\"\n           data-thumbnail=\"https:\/\/www.aufildutheatre.com\/wp-content\/gallery\/malu-nor-da-2\/thumbs\/thumbs_IMG-20190616-WA0004.jpg\"\n           data-image-id=\"306\"\n           data-title=\"IMG-20190616-WA0004\"\n           data-description=\"\"\n           class=\"ngg-fancybox\" rel=\"9e8f809a9e7525afad23a7f115d32259\">\n\n            <img data-image-id='306'\n                 title=\"\"\n                 alt=\"IMG-20190616-WA0004\"\n                 src=\"https:\/\/www.aufildutheatre.com\/wp-content\/gallery\/malu-nor-da-2\/IMG-20190616-WA0004.jpg\"\n                 style=\"max-height: 380px;\"\/>\n        <\/a>\n\n        <\/div> \n<div id=\"ngg-image-7\" class=\"ngg-gallery-slideshow-image\" style=\"height:400px\">\n\n        <a href=\"https:\/\/www.aufildutheatre.com\/wp-content\/gallery\/malu-nor-da-2\/IMG_5066-scaled.jpg\"\n           title=\"\"\n           data-src=\"https:\/\/www.aufildutheatre.com\/wp-content\/gallery\/malu-nor-da-2\/IMG_5066-scaled.jpg\"\n           data-thumbnail=\"https:\/\/www.aufildutheatre.com\/wp-content\/gallery\/malu-nor-da-2\/thumbs\/thumbs_IMG_5066-scaled.jpg\"\n           data-image-id=\"304\"\n           data-title=\"IMG_5066-scaled\"\n           data-description=\"\"\n           class=\"ngg-fancybox\" rel=\"9e8f809a9e7525afad23a7f115d32259\">\n\n            <img data-image-id='304'\n                 title=\"\"\n                 alt=\"IMG_5066-scaled\"\n                 src=\"https:\/\/www.aufildutheatre.com\/wp-content\/gallery\/malu-nor-da-2\/IMG_5066-scaled.jpg\"\n                 style=\"max-height: 380px;\"\/>\n        <\/a>\n\n        <\/div> \n<div id=\"ngg-image-8\" class=\"ngg-gallery-slideshow-image\" style=\"height:400px\">\n\n        <a href=\"https:\/\/www.aufildutheatre.com\/wp-content\/gallery\/malu-nor-da-2\/20231026_194810-scaled.jpg\"\n           title=\"\"\n           data-src=\"https:\/\/www.aufildutheatre.com\/wp-content\/gallery\/malu-nor-da-2\/20231026_194810-scaled.jpg\"\n           data-thumbnail=\"https:\/\/www.aufildutheatre.com\/wp-content\/gallery\/malu-nor-da-2\/thumbs\/thumbs_20231026_194810-scaled.jpg\"\n           data-image-id=\"302\"\n           data-title=\"20231026_194810-scaled\"\n           data-description=\"\"\n           class=\"ngg-fancybox\" rel=\"9e8f809a9e7525afad23a7f115d32259\">\n\n            <img data-image-id='302'\n                 title=\"\"\n                 alt=\"20231026_194810-scaled\"\n                 src=\"https:\/\/www.aufildutheatre.com\/wp-content\/gallery\/malu-nor-da-2\/20231026_194810-scaled.jpg\"\n                 style=\"max-height: 380px;\"\/>\n        <\/a>\n\n        <\/div> \n<div id=\"ngg-image-9\" class=\"ngg-gallery-slideshow-image\" style=\"height:400px\">\n\n        <a href=\"https:\/\/www.aufildutheatre.com\/wp-content\/gallery\/malu-nor-da-2\/maluhontza-scaled.jpg\"\n           title=\"\"\n           data-src=\"https:\/\/www.aufildutheatre.com\/wp-content\/gallery\/malu-nor-da-2\/maluhontza-scaled.jpg\"\n           data-thumbnail=\"https:\/\/www.aufildutheatre.com\/wp-content\/gallery\/malu-nor-da-2\/thumbs\/thumbs_maluhontza-scaled.jpg\"\n           data-image-id=\"296\"\n           data-title=\"maluhontza-scaled\"\n           data-description=\"\"\n           class=\"ngg-fancybox\" rel=\"9e8f809a9e7525afad23a7f115d32259\">\n\n            <img data-image-id='296'\n                 title=\"\"\n                 alt=\"maluhontza-scaled\"\n                 src=\"https:\/\/www.aufildutheatre.com\/wp-content\/gallery\/malu-nor-da-2\/maluhontza-scaled.jpg\"\n                 style=\"max-height: 380px;\"\/>\n        <\/a>\n\n        <\/div> \n<div id=\"ngg-image-10\" class=\"ngg-gallery-slideshow-image\" style=\"height:400px\">\n\n        <a href=\"https:\/\/www.aufildutheatre.com\/wp-content\/gallery\/malu-nor-da-2\/scene-oie-nin%40-scaled.jpg\"\n           title=\"\"\n           data-src=\"https:\/\/www.aufildutheatre.com\/wp-content\/gallery\/malu-nor-da-2\/scene-oie-nin%40-scaled.jpg\"\n           data-thumbnail=\"https:\/\/www.aufildutheatre.com\/wp-content\/gallery\/malu-nor-da-2\/thumbs\/thumbs_scene-oie-nin%40-scaled.jpg\"\n           data-image-id=\"300\"\n           data-title=\"scene-oie-nin@-scaled\"\n           data-description=\"\"\n           class=\"ngg-fancybox\" rel=\"9e8f809a9e7525afad23a7f115d32259\">\n\n            <img data-image-id='300'\n                 title=\"\"\n                 alt=\"scene-oie-nin@-scaled\"\n                 src=\"https:\/\/www.aufildutheatre.com\/wp-content\/gallery\/malu-nor-da-2\/scene-oie-nin%40-scaled.jpg\"\n                 style=\"max-height: 380px;\"\/>\n        <\/a>\n\n        <\/div> \n<div id=\"ngg-image-11\" class=\"ngg-gallery-slideshow-image\" style=\"height:400px\">\n\n        <a href=\"https:\/\/www.aufildutheatre.com\/wp-content\/gallery\/malu-nor-da-2\/hang-malu-escargot-scaled.jpg\"\n           title=\"\"\n           data-src=\"https:\/\/www.aufildutheatre.com\/wp-content\/gallery\/malu-nor-da-2\/hang-malu-escargot-scaled.jpg\"\n           data-thumbnail=\"https:\/\/www.aufildutheatre.com\/wp-content\/gallery\/malu-nor-da-2\/thumbs\/thumbs_hang-malu-escargot-scaled.jpg\"\n           data-image-id=\"301\"\n           data-title=\"hang-malu-escargot-scaled\"\n           data-description=\"\"\n           class=\"ngg-fancybox\" rel=\"9e8f809a9e7525afad23a7f115d32259\">\n\n            <img data-image-id='301'\n                 title=\"\"\n                 alt=\"hang-malu-escargot-scaled\"\n                 src=\"https:\/\/www.aufildutheatre.com\/wp-content\/gallery\/malu-nor-da-2\/hang-malu-escargot-scaled.jpg\"\n                 style=\"max-height: 380px;\"\/>\n        <\/a>\n\n        <\/div> \n<\/div>\n\n\n\t\t<!-- Thumbnails Link -->\n\t<div class=\"slideshowlink\" style=\"max-width: 600px;\">\n        <a href='https:\/\/www.aufildutheatre.com\/index.php\/nggallery\/thumbnails?page_id=155'>[Montrer sous forme de vignettes]<\/a>\n\t<\/div>\n\n<\/div>\n<div><span style=\"color: #87dff5;\">Malu deitzen naiz, 13 urte ditut eta argizarizko apetitua Arteekin zerikusia duten gauza guztietarako !<\/span><\/div>\n<\/div>\n<div id=\"output_text_dummy\" class=\"form-div minimal p-0 flex-grow-1 h-20rm\">\n<div><span style=\"color: #87dff5;\">Esan behar dut nire jaiotzatik Antzerkiaren Hariko Cie Sorkuntzetako pertsonaiek ni zaintzen nautela&#8230;<\/span> <span style=\"color: #87dff5;\">2022tik, Baionako Kontserbatorioan nago izena emanda, eta piano, melodica, solfeo eta kantu-eskolak naiz han, m<\/span><span style=\"color: #87dff5;\"><span style=\"color: #87dff5;\">arrazkia ESAPBen eta L&rsquo;Enfance de l&rsquo;Arten&nbsp; Zirkoa, eskalada eta marrazkia gustatzen zait pila bat.&nbsp; Antzerkia ere oso gustatzen zait: jadanik&nbsp; antzerkiko staga batzuk egin ditut bai,&nbsp; &nbsp;Echo en casa rekin , bai Chim\u00e8res Kiarekin , Mots de t\u00eate Kiarekin (Parisen Eric de Sarria-rekin objektu-antzerkiari buruz), bai Au fil du theatre ekin&#8230;&nbsp; 2022tik Cie Echo en casa rekin&nbsp; Antzerkiko tailerrak&nbsp; euskeraz segitzen ditut ere&nbsp; kontserbatorioan. Amarekin batera, Baratzean eta lau eskualdi sortzea, musika, txotxongiloen manipulazioak, aktore-jolasa eta kantua datorren udaberrian&nbsp; izango direnak.&nbsp; Eta Poz pozik nabil. Ari naiz laguntzen ere bai udazkenarako, sorkuntz berri eta irringarri bat&nbsp; berritutako hiru&nbsp; txerri txikien historioa&#8230;<\/span><\/span><\/div>\n<\/div>\n<\/div>\n<\/div>\n<\/div>\n<div>\n<div id=\"output_text_dummy\" class=\"form-div minimal p-0 flex-grow-1 h-20rm\">\n<div>\n<div>&nbsp;<\/div>\n<\/div>\n<\/div>\n<\/div>\n<div>&nbsp;<\/div>\n<\/div>\n<p style=\"text-align: center;\"><a href=\"https:\/\/www.aufildutheatre.com\/wp-content\/uploads\/2023\/04\/IMG_3640-scaled.jpg\"><img loading=\"lazy\" class=\"alignnone wp-image-8187\" src=\"https:\/\/www.aufildutheatre.com\/wp-content\/uploads\/2023\/04\/IMG_3640-225x300.jpg\" alt=\"\" width=\"160\" height=\"213\" srcset=\"https:\/\/www.aufildutheatre.com\/wp-content\/uploads\/2023\/04\/IMG_3640-225x300.jpg 225w, https:\/\/www.aufildutheatre.com\/wp-content\/uploads\/2023\/04\/IMG_3640-768x1024.jpg 768w, https:\/\/www.aufildutheatre.com\/wp-content\/uploads\/2023\/04\/IMG_3640-1152x1536.jpg 1152w, https:\/\/www.aufildutheatre.com\/wp-content\/uploads\/2023\/04\/IMG_3640-1536x2048.jpg 1536w, https:\/\/www.aufildutheatre.com\/wp-content\/uploads\/2023\/04\/IMG_3640-scaled.jpg 1920w\" sizes=\"(max-width: 160px) 100vw, 160px\" \/><\/a><\/p>\n<p>&nbsp;<\/p>\n<p>&nbsp;<\/p>\n<p>&nbsp;<\/p>\n<p>&nbsp;&nbsp;&nbsp;&nbsp;&nbsp;&nbsp;&nbsp;&nbsp;&nbsp;&nbsp;&nbsp;&nbsp;&nbsp;&nbsp;&nbsp;&nbsp;&nbsp;&nbsp;<\/p>\n<p>&nbsp;<\/p>\n<p>&nbsp;<\/p>\n<p>&nbsp;<\/p>\n<p>&nbsp;<\/p>\n<p>&nbsp;<\/p>\n<p>&nbsp;<\/p>\n<p><span style=\"color: #3437ca;\">&nbsp;<\/span><\/p>\n","protected":false},"excerpt":{"rendered":"<p>Ieepp ! &nbsp;Moi c&rsquo;est Agn\u00e8s CERLO, &nbsp;Ainez quoi ! C&rsquo;est moi qui ai mont\u00e9 la &nbsp;Cie \u00e0 mon retour de &nbsp;la Formation \u00e0 l&rsquo;\u00e9cole de marionnettistes franco-russe &nbsp;\u00e0 &nbsp;Leningrad. &nbsp;Pendant &nbsp;pr\u00e8s de 10 ans, avec B\u00e9a, Sylvie et &nbsp;Bulle, nous<\/p>\n","protected":false},"author":2,"featured_media":0,"parent":0,"menu_order":1,"comment_status":"closed","ping_status":"closed","template":"","meta":{"ngg_post_thumbnail":0},"_links":{"self":[{"href":"https:\/\/www.aufildutheatre.com\/index.php?rest_route=\/wp\/v2\/pages\/155"}],"collection":[{"href":"https:\/\/www.aufildutheatre.com\/index.php?rest_route=\/wp\/v2\/pages"}],"about":[{"href":"https:\/\/www.aufildutheatre.com\/index.php?rest_route=\/wp\/v2\/types\/page"}],"author":[{"embeddable":true,"href":"https:\/\/www.aufildutheatre.com\/index.php?rest_route=\/wp\/v2\/users\/2"}],"replies":[{"embeddable":true,"href":"https:\/\/www.aufildutheatre.com\/index.php?rest_route=%2Fwp%2Fv2%2Fcomments&post=155"}],"version-history":[{"count":63,"href":"https:\/\/www.aufildutheatre.com\/index.php?rest_route=\/wp\/v2\/pages\/155\/revisions"}],"predecessor-version":[{"id":9133,"href":"https:\/\/www.aufildutheatre.com\/index.php?rest_route=\/wp\/v2\/pages\/155\/revisions\/9133"}],"wp:attachment":[{"href":"https:\/\/www.aufildutheatre.com\/index.php?rest_route=%2Fwp%2Fv2%2Fmedia&parent=155"}],"curies":[{"name":"wp","href":"https:\/\/api.w.org\/{rel}","templated":true}]}}