{"id":1396,"date":"2010-02-16T17:35:41","date_gmt":"2010-02-16T16:35:41","guid":{"rendered":"http:\/\/harpie64.wordpress.com\/livre-dor-de-poum\/"},"modified":"2023-12-12T09:14:27","modified_gmt":"2023-12-12T08:14:27","slug":"livre-dor-de-poum","status":"publish","type":"page","link":"https:\/\/www.aufildutheatre.com\/?page_id=1396","title":{"rendered":"Livre d&rsquo;or de Poum!"},"content":{"rendered":"<p><a href=\"http:\/\/www.aufildutheatre.com\/new\/?attachment_id=2033\" rel=\"attachment wp-att-2033\"><img loading=\"lazy\" class=\"aligncenter size-medium wp-image-2033\" title=\"livre or et rouge\" src=\"http:\/\/www.aufildutheatre.com\/new\/wp-content\/uploads\/2010\/03\/livre-or-et-rougeleger.jpg?w=400\" alt=\"\" width=\"400\" height=\"289\"><\/a><\/p>\n<h5><span style=\"font-size: 10pt;\"><span style=\"color: #c44986;\">Un vrai plaisir des sens et du mouvement aussi bien pour les grands que pour les petits. Excellent moment culturel et ludique sur saint M\u00e9dard en Jalles.<\/span> <span style=\"color: #99ad5c;\">Enes C\u00e9cile. Relais Petite enfance D\u00e9c 2021. <\/span><\/span><\/h5>\n<h5><span style=\"font-size: 10pt;\"><span style=\"color: #2ca8c7;\">Comme toujours un franc succ\u00e9s aupr\u00e9s des enfants et des familles. Un moment paratg\u00e9 rempli d&rsquo;\u00e9motions de coulers de musiques. Milesker bero bat momentu goxo hori partekatzeagatik.<\/span> <span style=\"color: #f09b62;\">Joun\u00e9e des familles micro cr\u00e8ches&nbsp; Kokkoon Mouguerre, Anglet, Btz.<\/span><\/span><\/h5>\n<h5><span style=\"font-size: 10pt;\"><span style=\"color: #db235a; padding-bottom: 0; margin-bottom: 0;\"><span style=\"color: #99cc00;\"><span style=\"color: #ffcc00;\">Un spectacle tout en couleur, Voyages, surprises et r\u00eaves qui parle aux enfants et aux adultes&#8230; des surprises et des rires&#8230; Merci \u00e0 POUM et &#8230; \u00e0 Ainez&nbsp; ! qui interpr\u00e8te merveilleusement bien tous ces personnages. <span style=\"color: #99ad5c;\">L&rsquo;\u00e9quipe du Relais petite enfance des berges du gaves.<\/span><\/span><span style=\"color: #99ad5c;\"> D\u00e9cembre 2021.&nbsp;&nbsp;<\/span><\/span> <\/span><\/span><\/h5>\n<h5><span style=\"font-size: 10pt;\"><span style=\"color: #db235a; padding-bottom: 0; margin-bottom: 0;\">Spectacle vivant, adapt\u00e9 aux tout-petits. Des couleurs vives une musique douce, des formes vari\u00e9es et modulables et une com\u00e9dienne qui sait se saisir des interventions des enfants. Une intervention de grande qualit\u00e9. <\/span><span style=\"color: #d0c762;\">F. Geraz H. Garderie Henri IV &nbsp;Tarbes 65.<\/span><\/span><\/h5>\n<h5><span style=\"font-size: 10pt;\"><span style=\"color: #e93f15;\">Ce spectacle est un r\u00e9gal pour les yeux et les oreilles. Beaucoup d&rsquo;imagination et d&rsquo;humour. Il est certain que le souvenir restera grav\u00e9 dans nos m\u00e9moires. <\/span><span style=\"color: #d0c762;\">Relais d&rsquo;Assistantes Maternelles Bord\u00e8re S\/ l&rsquo;Echez. 65.<\/span><\/span><\/h5>\n<h5><span style=\"font-size: 10pt;\"><span style=\"color: #efeb0f;\"><a href=\"http:\/\/www.aufildutheatre.com\/new\/?attachment_id=2095\" rel=\"attachment wp-att-2095\"><img loading=\"lazy\" class=\"alignleft size-thumbnail wp-image-2095\" title=\"logo-explo-poum\" src=\"http:\/\/www.aufildutheatre.com\/new\/wp-content\/uploads\/2010\/02\/logo-explo-poum.jpg?w=150\" alt=\"\" width=\"150\" height=\"150\" srcset=\"https:\/\/www.aufildutheatre.com\/wp-content\/uploads\/2010\/02\/logo-explo-poum.jpg 636w, https:\/\/www.aufildutheatre.com\/wp-content\/uploads\/2010\/02\/logo-explo-poum-150x150.jpg 150w, https:\/\/www.aufildutheatre.com\/wp-content\/uploads\/2010\/02\/logo-explo-poum-300x298.jpg 300w\" sizes=\"(max-width: 150px) 100vw, 150px\" \/><\/a>Spectacle tr\u00e8s appr\u00e9ci\u00e9 par les enfants de la section des b\u00e9b\u00e9s et par l&rsquo;\u00e9quipe. Beaucoup de douceurs, de couleurs et de mouvements&#8230; G\u00e9nial ! Aussi l&rsquo;inter-activit\u00e9 \u00e0 la fin qui permet aux &nbsp;enfants d&rsquo;\u00e9voluer et de d\u00e9couvrir&nbsp; toutes les textures, odeurs, coloris&#8230; Bravo ! <span style=\"color: #d0c762;\">Maison de l&rsquo;enfance les diablotins Labenne 40<\/span> <\/span><\/span><\/h5>\n<h5><span style=\"font-size: 10pt;\"><span style=\"color: #00ffff;\">Merci pour ce merveilleux voyage au pays de Poum, plein de couleur, de douceur et de magie. <\/span><span style=\"color: #d0c762;\">Cr\u00e8che les poussins Blanquefort 33<\/span><\/span><\/h5>\n<h5><span style=\"font-size: 10pt;\"><span style=\"color: #a2cd31;\">Merci pour cet instant de &nbsp;douceur et de r\u00eaverie.&nbsp;<span style=\"color: #d0c762;\">Maternelle J. Sarailh &nbsp;Pau 64. <\/span><\/span><\/span><\/h5>\n<h5><span style=\"font-size: 10pt;\"><span style=\"color: #ff6600;\">Un spectacle plein de jolies couleurs accompagn\u00e9 d&rsquo;une musique et d&rsquo;une voix toute douce&#8230; Un village enchanteur o\u00f9 les enfants participent avec beaucoup de libert\u00e9. <span style=\"color: #d0c762;\">Cr\u00e8che municipale Lescar 64. <\/span><\/span><\/span><\/h5>\n<h5><span style=\"font-size: 10pt;\"><span style=\"color: #7b1be3;\"><span style=\"color: #b56b90;\">Beaucoup de douceur dans les &nbsp;sons, les mots, les mouvements, les apparitions des marionnettes&#8230;&nbsp;De suite apprivois\u00e9 par les enfants, Poum a d\u00fb subir \u00e0 la fin de l&rsquo;histoire leurs multiples assauts. Bravo<\/span> ! <span style=\"color: #d0c762;\">Halte Garderie Maitetxoak St P\u00e9e Sur Nivelle 64. <\/span> <\/span><\/span><\/h5>\n<h5><span style=\"font-size: 10pt;\"><span style=\"color: #ff0000;\">Superbe spectacle, mines r\u00e9jouies, \u00e9clats de rires. Emerveillement pour les plus jeunes. Merci pour cet agr\u00e9able moment partag\u00e9 Poum ! <\/span><span style=\"color: #d0c762;\">Multi Accueil &nbsp;Peyrehorade 40.<\/span><\/span><\/h5>\n<h5><span style=\"font-size: 10pt;\"><span style=\"color: #339966;\">Spectacle &nbsp;haut en couleurs et en imaginaire tr\u00e8s bien adapt\u00e9 aux tout-petits&#8230; Tout peut- \u00eatre travaill\u00e9 en classe (\u00e9ducation des yeux, des oreilles, du &nbsp;nez&#8230;) tr\u00e8s enrichissant ! <\/span><span style=\"color: #d0c762;\">Maternelle Lacroutz Fleurance 32<\/span><\/span><\/h5>\n<h5><span style=\"font-size: 10pt;\"><span style=\"color: #f0ba0e;\"><a href=\"http:\/\/www.aufildutheatre.com\/new\/?attachment_id=2153\" rel=\"attachment wp-att-2153\"><img loading=\"lazy\" class=\"alignleft size-thumbnail wp-image-2153\" title=\"logo livre poule\" src=\"http:\/\/www.aufildutheatre.com\/new\/wp-content\/uploads\/2010\/02\/logo-livre-poule-e1269954471960.jpg?w=190\" alt=\"\" width=\"190\" height=\"109\"><\/a>POUM: <\/span><span style=\"color: #f0ba0e;\">P<\/span><span style=\"color: #f0ba0e;\">o\u00e9tique, <\/span><span style=\"color: #f0ba0e;\">O<\/span><span style=\"color: #f0ba0e;\">riginal,<\/span><span style=\"color: #f0ba0e;\">U<\/span><span style=\"color: #f0ba0e;\">rgent d&rsquo;aller le voir, <\/span><span style=\"color: #f0ba0e;\">M<\/span><span style=\"color: #f0ba0e;\">agique. <\/span><span style=\"color: #d0c762;\">M<\/span><span style=\"color: #d0c762;\">at Buissonni\u00e8re Toulouse<br \/>\n<\/span><\/span><\/h5>\n<h5><span style=\"font-size: 10pt;\"><span style=\"color: #3366ff;\">Un grand Merci pour ce spectacle vivant et entra\u00eenant. Les expressions des enfants t\u00e9moignent de la palette d&rsquo;\u00e9motions ressenties tout le long de ce voyage au pays de Poum ! le cube. Bonne continuation et longue vie \u00e0 Poum ! le cube. <\/span><span style=\"color: #d0c762;\">Cr\u00e8che collective Mun. &nbsp;La teste de Buch 33.<\/span><\/span><\/h5>\n<h5><span style=\"font-size: 10pt;\"><span style=\"color: #e21d40;\">Beaucoup de douceurs, de tendresse, de sensibilit\u00e9s. Une r\u00e9elle performance pour la com\u00e9dienne qui adore les enfants&#8230; Ca se voit ! Un spectacle \u00e0 conseiller parce que de qualit\u00e9. <\/span><span style=\"color: #d0c762;\">Maternelle A. Briand Bayonne 64.<\/span><\/span><\/h5>\n<h5><span style=\"font-size: 10pt;\"><span style=\"color: #77e21d;\">Un spectacle magique et enchanteur au milieu de multiples couleurs. Poum le cube a ravi grands et petits par son originalit\u00e9 et sa ga\u00eet\u00e9. Merci et Adishatz Monsieur Poum ! <\/span> <span style=\"color: #d0c762;\">H. Garderie Rive Gauche Pau 64. <\/span><\/span><\/h5>\n<h5><span style=\"font-size: 10pt;\"><span style=\"color: #008080;\">Que de bonheur pour les petits et les grands ! Des id\u00e9es lumineuses&#8230; des temps calmes et de moments de d\u00e9lire ! On a envie de dire \u00ab\u00a0Encore Poum !\u00a0\u00bb Que \u00e7a recommence. Merci pour ce tr\u00e8s joli spectacle.<\/span><span style=\"color: #008080;\"> <span style=\"color: #edd6b4;\"><span style=\"color: #d0c762;\">Cr\u00e8che Artix 64.<\/span> <\/span><\/span><\/span><\/h5>\n<h5><span style=\"font-size: 10pt;\"><span style=\"color: #008080;\"><span style=\"color: #e51925;\">Tr\u00e8s bonne participation des enfants \u00e9merveill\u00e9s par ce cube enchant\u00e9. Apr\u00e8s les contes et ritournelles de ce joli livre en tissus, les corps se mettent en mouvement&#8230; Le r\u00eave est devenu r\u00e9alit\u00e9 \u00e0 la plus grande joie des enfants. Un moment de qualit\u00e9, Bravo ! <\/span><span style=\"color: #d0c762;\">Maternelle Borde d&rsquo;Olivier L&rsquo;Union 31.<\/span> <\/span><\/span><\/h5>\n<h5><span style=\"font-size: 10pt;\"><span style=\"color: #d4e01e;\"> Un r\u00e9gal pour les enfants petits ou grands&#8230; des couleurs, du rythme, de la po\u00e9sie dans ce spectacle haut en couleurs. Un bon \u00ab\u00a0copain\u00a0\u00bb qui partage ses jouets \u00e0 la fin du spectacle. Belle le\u00e7on !<\/span> <span style=\"color: #d0c762;\">Y. Villa RAM Miey B\u00e9arn Poey de Lescar 64. <a href=\"https:\/\/www.aufildutheatre.com\/wp-content\/uploads\/2022\/09\/P1000834-copie-scaled.jpg\"><img loading=\"lazy\" class=\"wp-image-7629 alignright\" src=\"https:\/\/www.aufildutheatre.com\/wp-content\/uploads\/2022\/09\/P1000834-copie-300x187.jpg\" alt=\"\" width=\"125\" height=\"78\" srcset=\"https:\/\/www.aufildutheatre.com\/wp-content\/uploads\/2022\/09\/P1000834-copie-300x187.jpg 300w, https:\/\/www.aufildutheatre.com\/wp-content\/uploads\/2022\/09\/P1000834-copie-1024x638.jpg 1024w, https:\/\/www.aufildutheatre.com\/wp-content\/uploads\/2022\/09\/P1000834-copie-768x478.jpg 768w, https:\/\/www.aufildutheatre.com\/wp-content\/uploads\/2022\/09\/P1000834-copie-1536x957.jpg 1536w, https:\/\/www.aufildutheatre.com\/wp-content\/uploads\/2022\/09\/P1000834-copie-2048x1276.jpg 2048w\" sizes=\"(max-width: 125px) 100vw, 125px\" \/><\/a><\/span><\/span><\/h5>\n<h5><span style=\"font-size: 10pt;\"> <span style=\"color: #666699;\"><span style=\"color: #9e70cc;\">Poum, des cubes, des dominos, une souris poursuivie par un chien,une poule qui pond des oeufs carr\u00e9s,&nbsp;<span style=\"color: #9e70cc;\">un z\u00e8bre bizarre&#8230;<\/span><\/span><\/span><\/span><span style=\"font-size: 10pt;\"><span style=\"color: #666699;\"><span style=\"color: #9e70cc;\"><span style=\"color: #9e70cc;\">Mais surtout ! Un moment partag\u00e9 entre enfants et adultes.<\/span> <\/span><span style=\"color: #9e70cc;\"><span style=\"color: #3366ff;\"> C<\/span><span style=\"color: #d0c762;\"><span style=\"color: #3366ff;\">r\u00e8che municipale Ile aux bambins Tournefeuille 31.<\/span> <\/span><\/span> <\/span><\/span><\/h5>\n<h5><span style=\"font-size: 10pt;\"><span style=\"color: #008080;\">Spectacle plein d&rsquo;imagination, de trouvailles originales. La musique est en parfait accord avec l&rsquo;ambiance du spectacle. Le vocabulaire utilis\u00e9 est adapt\u00e9 \u00e0 l&rsquo;\u00e2ge des enfants (2 \u00e0 5 ans). l&rsquo;inter-activit\u00e9 de ce spectacle apporte un plus dont les enfants raffolent. &nbsp;<span style=\"color: #d0c762;\">Maternelle J. Sarailh Artix 64. <\/span><\/span><\/span><\/h5>\n<h5><span style=\"font-size: 10pt;\"> <span style=\"color: #ffcc00;\"> Magnifique spectacle&#8230; plein de couleurs, d&rsquo;odeurs, de r\u00eave&#8230; Tr\u00e8s tr\u00e8s bien adapt\u00e9 aux tout-petits avec une partie exploration et jeu. Beaucoup d&rsquo;\u00e9toiles dans les yeux de nos tout petits et des grands qui les accompagnent. Merci beaucoup !<\/span> <span style=\"color: #d0c762;\">Cr\u00e8che Mouriscot Biarritz 64. <\/span><\/span><\/h5>\n<h5><span style=\"font-size: 10pt;\"><span style=\"color: #ff0000;\"> <a href=\"http:\/\/www.aufildutheatre.com\/new\/?attachment_id=2098\" rel=\"attachment wp-att-2098\"><img loading=\"lazy\" class=\"alignleft size-thumbnail wp-image-2098\" title=\"logo tobogan\" src=\"http:\/\/www.aufildutheatre.com\/new\/wp-content\/uploads\/2010\/02\/logo-tobogan-e1269954565334.jpg?w=190\" alt=\"\" width=\"190\" height=\"144\"><\/a>On a beaucoup aim\u00e9 les couleurs et la cr\u00e9ativit\u00e9 de l&rsquo;intervenante. Tr\u00e8s joli spectacle pour des petits et des tout-petits.&nbsp;Les enfants pleinement heureux, curieux et ont bien particip\u00e9.<span style=\"color: #edd6b4;\"> <span style=\"color: #d0c762;\">Maternelle Urdazuri St Jean de Luz 64.<\/span><\/span><\/span><\/span><\/h5>\n<h5><span style=\"font-size: 10pt;\"><span style=\"color: #99cc00;\"> Spectacle vivant, color\u00e9 au cours duquel tous les \u00e9l\u00e8ves manifestent leurs \u00e9motions.Tr\u00e8s jolie bande sonore, avec des sons de grelots, des petits bruits curieux qui ont beaucoup plu<span style=\"color: #99cc00;\"> aux enfants.<\/span><\/span> <span style=\"color: #d0c762;\">M<\/span><span style=\"color: #99cc00;\"><span style=\"color: #d0c762;\">ate<\/span><span style=\"color: #d0c762;\">rnelle Ahetze 64. <\/span><\/span><\/span><\/h5>\n<h5><span style=\"font-size: 10pt;\"><span style=\"color: #00ccff;\"> Merci pour ces instants de douceurs et de po\u00e9sie partag\u00e9s pr\u00e8s de vous ! Que votre route continue \u00e0 vous faire r\u00eaver !<\/span> <span style=\"color: #d0c762;\">Foyer de l&rsquo;amiti\u00e9 OGFA Juran\u00e7on 64. <\/span><\/span><\/h5>\n<h5><span style=\"font-size: 10pt;\"><span style=\"color: #ff0000;\"><span style=\"color: #5d13eb;\"><span style=\"color: #9966cc;\">Poum le cube est un spectacle tr\u00e8s original adapt\u00e9 aux tout-petits. Sons, couleurs, textures, odeurs&#8230;Tout est r\u00e9uni pour favoriser leur \u00e9veil<\/span>.<\/span> <span style=\"color: #d0c762;\">Ram Sud Libournais 33.<\/span><\/span><\/span><\/h5>\n<h5><span style=\"font-size: 10pt;\"><span style=\"color: #ff0000;\"><span style=\"color: #f1510d;\">Merci pour ce spectacle plein de vie et de mouvement adapt\u00e9 aux tout-petits. Po\u00e9sie, sons, images , mouvements&#8230; des pistes \u00e0 explorer en classe d&rsquo;une fa\u00e7on tout \u00e0 fait ludique<\/span>. <span style=\"color: #d0c762;\">Maternelle E. Herriot Anglet 64. <\/span><\/span><\/span><\/h5>\n<h5><span style=\"font-size: 10pt;\"><span style=\"color: #ff0000;\"><span style=\"color: #cd326a;\">Un peu de r\u00eave&#8230; beaucoup de couleurs&#8230; de tendresse&#8230; Une pause au pays de Poum&#8230; On peut toucher, jouer, s&rsquo;approcher&#8230;Un spectacle tr\u00e8s agr\u00e9able \u00e0 vivre ! Merci.<\/span> <span style=\"color: #d0c762;\">ESTELLA <\/span><span style=\"color: #d0c762;\">Jardin d&rsquo;enfants<\/span><span style=\"color: #d0c762;\"> Biarritz 64. <\/span><a href=\"http:\/\/www.aufildutheatre.com\/new\/?attachment_id=2097\" rel=\"attachment wp-att-2097\"><img loading=\"lazy\" class=\"alignright size-thumbnail wp-image-2097\" title=\"logo bouquet final\" src=\"http:\/\/www.aufildutheatre.com\/new\/wp-content\/uploads\/2010\/02\/logo-bouquet-final.jpg?w=190\" alt=\"\" width=\"190\" height=\"133\"><\/a><br \/>\n<\/span><\/span><\/h5>\n<h5><span style=\"font-size: 10pt;\"><span style=\"color: #ffcc00;\">Un grand merci et Bravo pour ce pestacle color\u00e9 et inter-actif et sensible. Beaucoup de bonnes \u00e9nergies \u00e9chang\u00e9es. De vrais choix sc\u00e9niques qui laissent leur place aux enfants. Ce soir en vall\u00e9e d&rsquo;Aspe, beaucoup de petits et de grands auront beaucoup de \u00ab\u00a0POUM\u00a0\u00bb dans leur t\u00eate et dans leur coeur. Poum quand notre t\u00eate fait POUM..<\/span><span style=\"color: #ffcc00;\">. <\/span><span style=\"color: #d0c762;\">Multi Accueil Bedous 64. <\/span><\/span><\/h5>\n<h5><span style=\"font-size: 10pt;\"><span style=\"color: #d0c762;\"><span style=\"color: #ff9900;\">Un grand merci pour ce super spectacle qui a \u00e9t\u00e9 tr\u00e8s appr\u00e9ci\u00e9 par les enfants. Quelques extraits de leurs impressions:\u00a0\u00bbJ&rsquo;ai ador\u00e9!\u00a0\u00bb j&rsquo;ai vraiment ador\u00e9 ador\u00e9 surtout quand les marionnettes sortaient. \u00ab\u00a0J&rsquo;ai ador\u00e9 les grelots\u00a0\u00bb J&rsquo;ai beaucoup aim\u00e9 la musique et surtout POUM le cube! <\/span> Centre de loisirs de BIDACHE 64.<\/span><\/span><\/h5>\n<h5><span style=\"font-size: 10pt;\"><span style=\"color: #d0c762;\"><span style=\"color: #c7384f;\">\u00ab\u00a0Juste magnifique\u00a0\u00bb. Un grand bonheur pour les yeux et les oreilles des touts-petits et des plus grandes ! Merci beaucoup pour votre pr\u00e9sence et votre voix captivante. Vous nous avez transport\u00e9 dans ce monde imaginaire de \u00ab\u00a0POUM le cube\u00a0\u00bb Merci encore ! &nbsp;A Bient\u00f4t <\/span><span style=\"color: #c7384f;\">! <\/span>Cr\u00e8che Arc en ciel BIDACHE 64.<\/span><\/span><\/h5>\n<h5><span style=\"font-size: 10pt;\"><span style=\"color: #008080;\"><a href=\"http:\/\/www.aufildutheatre.com\/new\/wp-content\/uploads\/2010\/02\/ogodasse-afrika1.jpg\"><img loading=\"lazy\" class=\"alignnone size-thumbnail wp-image-5129\" title=\"ogodasse afrika\" src=\"http:\/\/www.aufildutheatre.com\/new\/wp-content\/uploads\/2010\/02\/ogodasse-afrika1-150x150.jpg\" alt=\"\" width=\"150\" height=\"150\"><\/a>&nbsp; Fabuleux&#8230; <\/span><\/span><span style=\"font-size: 10pt;\"><span style=\"color: #d0c762;\"><span style=\"color: #008080;\">Deux spectacles captivants, inter-actifs o\u00f9 les petits et les grands trouvent leur bonheur et passent un VRAI BON MOMENT. les petits ont ador\u00e9 POUM et les plus grands se sont r\u00e9gal\u00e9s au pays des \u00ab\u00a0OU\u00a0\u00bb avec Zo\u00e9. &nbsp;Milesker !<\/span> <span style=\"color: #99ccff;\">Marinela Ecole maternelle CIBOURE 64.<\/span><\/span><\/span><\/h5>\n<h5><span style=\"color: #de6666;\">Merci beaucoup pour ce moment. <\/span><span style=\"color: #a060e0;\"><span style=\"color: #de6666;\">les enfants ont ador\u00e9 !<\/span> <span style=\"color: #800080;\">Rpe d&rsquo;Uza 40<\/span><\/span><\/h5>\n<h5><span style=\"font-size: 10pt;\"><span style=\"color: #d0c762;\"><span style=\"color: #99ccff;\"><span style=\"color: #993366;\"><span style=\"color: #ff99cc;\"><span style=\"color: #ff6600;\">En vous remerciant encore pour ce si bon moment !<\/span> <\/span> <span style=\"color: #ff9900;\">Sophie Barail. Ram Les Calinous Barcelonne du Gers 32. <\/span><\/span><\/span><\/span><\/span><\/h5>\n<h5><span style=\"font-size: 10pt;\"><span style=\"color: #d0c762;\"><span style=\"color: #99ccff;\"><span style=\"color: #ee103c;\">Merci \u00ab\u00a0POUM \u00a0\u00bb de nous avoir apport\u00e9 cette douceur et laisser nos r\u00eaves color\u00e9s s&rsquo;envoler&#8230; &nbsp;tr\u00e8s belle inter-activit\u00e9, juste un mot \u00a0\u00bb MA GNI FI QUE \u00ab\u00a0<\/span> <span style=\"color: #d10e34;\">Ecole les Tournesols CAZAUBON et le RAM les enfants d&rsquo;abord 32.<\/span><\/span><\/span><\/span><\/h5>\n<h5><span style=\"font-size: 10pt;\"><span style=\"color: #d0c762;\"><span style=\"color: #99ccff;\"><span style=\"color: #cc99ff;\"><span style=\"color: #99cc00;\">Merci pour ce merveilleux spectacle. Les enfants encore une fois ont \u00e9t\u00e9 captiv\u00e9s par l&rsquo;histoire insolite de POUM&#8230; Nous sommes pass\u00e9s par diff\u00e9rentes \u00e9motions pour certains (rires, fou rires, pleurs&#8230;) Spectacle inter-actif original.<\/span> <span style=\"color: #808000;\">Cr\u00e8che Ciboure 64.<\/span><\/span><\/span><\/span><\/span><\/h5>\n<h5><span style=\"font-size: 10pt;\"><span style=\"color: #d0c762;\"><span style=\"color: #99ccff;\"><span style=\"color: #cc99ff;\"><span style=\"color: #808000;\"><span style=\"color: #d5293e;\">Tr\u00e8s beau spectacle color\u00e9, vivant, gracieux, m\u00e9lodieux par moment pour les petits et les grands de la cr\u00e8che et de la maison de retraite. Les enfants sont curieux, \u00e9merveill\u00e9s, ont peur, rient, chantent, sautent, glissent&#8230; Tout est possible avec POUM le cube &#8230; Quel plaisir !<\/span><span style=\"color: #b22234;\"> Multi-accueil POUILLON (40)<a href=\"http:\/\/www.aufildutheatre.com\/new\/wp-content\/uploads\/2010\/02\/pte-fille-zebraupaysPoum.jpg\"><img loading=\"lazy\" class=\" wp-image-5121 alignright\" title=\"pte fille zebraupaysPoum\" src=\"http:\/\/www.aufildutheatre.com\/new\/wp-content\/uploads\/2010\/02\/pte-fille-zebraupaysPoum-150x150.jpg\" alt=\"\" width=\"135\" height=\"135\"><\/a><\/span><\/span><\/span><\/span><\/span><\/span><\/h5>\n<h5><span style=\"font-size: 10pt;\"><span style=\"color: #d0c762;\"><span style=\"color: #99ccff;\"><span style=\"color: #cc99ff;\"><span style=\"color: #ff9900;\">Enfin un spectacle totalement d\u00e9di\u00e9 \u00e0 la curiosit\u00e9 des tous petits. Ils peuvent toucher, &nbsp;jouer, rire&#8230; Bref ! Etre <\/span><\/span><\/span><\/span><\/span><span style=\"font-size: 10pt;\"><span style=\"color: #d0c762;\"><span style=\"color: #99ccff;\"><span style=\"color: #cc99ff;\"><span style=\"color: #ff9900;\">eux m\u00eame ! Un TRES bon moment pour tous. <span style=\"color: #ffcc00;\">Delphine Pu\u00e9ricultrice<\/span> <\/span><span style=\"color: #ffcc00;\">Cr\u00e8che \u00ab\u00a0les petits poucets\u00a0\u00bb Tournefeuille 31.<\/span><\/span><\/span><\/span><\/span><\/h5>\n<h5><span style=\"font-size: 10pt;\"><span style=\"color: #d0c762;\"><span style=\"color: #99ccff;\"><span style=\"color: #cc99ff;\"><span style=\"color: #ffcc00;\"><span style=\"color: #3ba5c3;\"><a href=\"http:\/\/www.aufildutheatre.com\/new\/wp-content\/uploads\/2010\/02\/etxepum.jpg\"><img loading=\"lazy\" class=\"alignleft size-thumbnail wp-image-5118\" title=\"etxepum\" src=\"http:\/\/www.aufildutheatre.com\/new\/wp-content\/uploads\/2010\/02\/etxepum-150x150.jpg\" alt=\"\" width=\"150\" height=\"150\"><\/a>Poum au ch\u00e2teau de Morlanne Juin 2011 Yeux \u00e9bahis, sourires francs,\u00a0\u00bbcris\u00a0\u00bb enthousiastes, participation \u00e0 son comble, adultes redevenus enfants&#8230; Nul doute, le pestacle a plu et ravi petits et grands&#8230; Longues vie \u00e0 POUM, Zo\u00e9 et celle qui leur a donn\u00e9 &nbsp;naissance ! Un joli moment de partage et d&rsquo;\u00e9change loin des \u00e9crans&#8230; Au plaisir !<\/span> <span style=\"color: #2e72d1;\">Adeline &nbsp;Ch\u00e2teau Morlanne <\/span><\/span><\/span><\/span><\/span><\/span><\/h5>\n<h5><span style=\"font-size: 10pt;\"><span style=\"color: #d0c762;\"><span style=\"color: #99ccff;\"><span style=\"color: #cc99ff;\"><span style=\"color: #ffcc00;\"><span style=\"color: #2e72d1;\">&nbsp;<\/span><\/span><\/span><\/span><\/span><\/span><span style=\"font-size: 10pt;\"><span style=\"color: #ffcc00;\"> Quel bonheur de voir ces petites bouilles enthousiastes&#8230; Musique,couleurs, formes, odeurs tout est dans ce spectacle prenant. Merci ! &nbsp;Longue vie \u00e0 POOM! <span style=\"color: #d75528;\">Emilie photographe exposant au ch\u00e2teau de Morlanne. (64)<\/span><\/span><\/span><\/h5>\n<h5><span style=\"font-size: 10pt;\"><span style=\"color: #99cc00;\">Tr\u00e9s beau spectacle, color\u00e9, vivant, gracieux, m\u00e9lodieux par moment pour les petits et les grands de la cr\u00e8che et de la maison de retraite. Les enfants sont curieux, \u00e9merveill\u00e9s, ont peur &#8230;un peu, rient, chantent, sautent, glissent&#8230; Tout est possible avec Poum le cube&#8230; Quel plaisir ! <span style=\"color: #008000;\">B. Badets Multi aacueil de Pouillon (40)<\/span><\/span><\/span><\/h5>\n<h5><span style=\"font-size: 10pt;\"><span style=\"color: #99cc00;\"><span style=\"color: #ffcc00;\"><a href=\"http:\/\/www.aufildutheatre.com\/new\/wp-content\/uploads\/2010\/02\/regards-poum-copie1.jpg\"><img loading=\"lazy\" class=\" wp-image-5812 alignright\" title=\"regards poum copie\" src=\"http:\/\/www.aufildutheatre.com\/new\/wp-content\/uploads\/2010\/02\/regards-poum-copie1-150x150.jpg\" alt=\"\" width=\"133\" height=\"133\"><\/a> Extraordinaire, de voir l&rsquo;\u00e9merveillement des enfants dans leurs yeux, de voir la joie des parents et des nounous, et surtout de d\u00e9couvrir ce si beau spectacle.<\/span> <span style=\"color: #ffcc00;\">Mai 2012&nbsp; <\/span> <span style=\"color: #ff9900;\">Ram de Castets (40)<\/span><\/span><\/span><\/h5>\n<h5><span style=\"font-size: 10pt;\"><span style=\"color: #99cc00;\"><span style=\"color: #cd3244;\">Il a fallu de bouts de tissus, de petits objets, un brin de musicalit\u00e9 et beaucoup d&rsquo;imagination pour que ce soit un GRAND moment pour des tout-petits ! <\/span><\/span><span style=\"color: #cd3244;\">Milesker zuri d&rsquo;avoir cr\u00e9e un univers tellement chouette qu&rsquo;il permet m\u00eame \u00e0 certains comme Elea, d&rsquo;y faire ses premiers pas. Un tr\u00e8s beau moment ! <\/span><span style=\"color: #df491f;\">Nathalie <span style=\"color: #23c24d;\">\u00ab\u00a0Ttipi ttapa haurtzaindegia Urcuit<br \/>\n<\/span><\/span><\/span><\/h5>\n<h5><span style=\"font-size: 10pt;\"><span style=\"color: #df491f;\"><span style=\"color: #99cc00;\">Encore une belle prestation! Je ne m&rsquo;en lasse pas et vous avez encore fait le bonheur des petits de notre structure. Merci! Ne changez rien!!<\/span> <span style=\"color: #808000;\">Cr\u00e8che Saint Vincent de Paul (64)<\/span><\/span><\/span><\/h5>\n<h5><span style=\"font-size: 10pt;\"><span style=\"color: #df491f;\"><span style=\"color: #808000;\"><span style=\"color: #ffcc00;\">Un spectacle vraiment adapt\u00e9 aux plus petits! des \u00e9clats de rire, un soup\u00e7on de peur, de l&rsquo;\u00e9merveillement, tout un panel d&rsquo;\u00e9motions qu&rsquo;ont pu vivre les enfants au cours de cette repr\u00e9sentation . Merci !<\/span> <span style=\"color: #91a35b;\">Cr\u00e8che Ttinka Bidart<\/span><\/span><\/span><\/span><\/h5>\n<h5><span style=\"font-size: 10pt;\"><span style=\"color: #df491f;\"><span style=\"color: #808000;\"><span style=\"color: #99cc00;\">Petite parenth\u00e8se magique dans le quotidien de la cr\u00e8che&#8230; Quoi de mieux que POUM le cube pour \u00e9merveiller nos chers petits ? Merci pour ce &nbsp;charmant moment, plein de po\u00e9sie, de douceur mais aussi d&rsquo;humour et d&rsquo;actions ! <\/span><\/span><\/span><\/span><span style=\"font-size: 10pt;\"><span style=\"color: #99cc00;\">On vous dit \u00e0 Bient\u00f4t ! l&rsquo;\u00e9quipe du soleil levant. <span style=\"color: #008000;\">Cr\u00e8che du soleil levant de Lagor<\/span><\/span><\/span><\/h5>\n<h5><span style=\"font-size: 10pt;\"><span style=\"color: #f5760f;\">Tout simplement g\u00e9nial ! Merveilleux et po\u00e9tique \u00e0 souhait. Tous les enfants \u00e9taient captiv\u00e9s ! Un grand merci de&nbsp; toute l&rsquo;\u00e9quipe.<\/span> <span style=\"color: #008080;\">Asso Ttipiak Birribilan Bassussary Nov 16<\/span><\/span><\/h5>\n<h5><span style=\"font-size: 10pt;\"><span style=\"color: #00ccff;\">Et POUM et POUM et Patatras ! Merci pour ce partage innovant, doux et douillet, lumineux et color\u00e9, sonore&#8230; juste ce qu&rsquo;il faut pour des tout petits. <span style=\"color: #96e0f2;\">Multi accueil du Hameau PAU D\u00e9c 16<\/span><\/span><\/span><\/h5>\n<h5><span style=\"font-size: 10pt;\"><span style=\"color: #23c24d;\">Une rencontre avec Poum le cube rafra\u00eechissante et d\u00e9cal\u00e9e comme on aime. Petits et grands ont su vivre \u00e0 la HAUTEUR de POUM !!! <\/span><span style=\"color: #f50f44;\"><span style=\"color: #23c24d;\"><strong>Mosaiquement. <span style=\"color: #ff0000;\">C<\/span><\/strong><\/span>r\u00e8che Mosa\u00efque de PAU D\u00e9c 16<\/span><\/span><\/h5>\n<h5><span style=\"font-size: 10pt;\"><strong><span style=\"color: #ffcc00;\">J&rsquo;avais eu le plaisir de d\u00e9couvrir ce spectacle il y a quelques ann\u00e9es et c&rsquo;est toujours avec le m\u00eame plaisir que je l&rsquo;ai re\u00e7u aujourd&rsquo;hui. parfaitement adapt\u00e9 aux tous petits, un merveilleux moment rempli de d\u00e9couvertes et de magie. Merci !&nbsp; <\/span><span style=\"color: #ff9900;\">Julie Animatrice RAM de SANGUINET (33)<\/span><\/strong><\/span><\/h5>\n<h5><span style=\"font-size: 10pt;\"><strong><span style=\"color: #ff6600;\"><span style=\"color: #33cccc;\">Un spectacle magique qui fait r\u00eaver petits et grands. Un grand BRAVO ! Bonne continuation et merci pour ce tr\u00e8s bon moment ! <\/span><span style=\"color: #1575ad;\">Fany Du Ram de Sanguinet (33)<\/span><\/span><\/strong><\/span><\/h5>\n<h5><span style=\"font-size: 10pt;\"><strong><span style=\"color: #00ccff;\"><span style=\"color: #ff6600;\">Merc\u00e8s tad aqueth espectacle ! Los mainats e las regentas quan passat un moment hort agradiu ! <\/span><span style=\"color: #993300;\">A leu Lequipa de bordas<\/span><\/span><\/strong><\/span><\/h5>\n<h5><span style=\"font-size: 10pt;\"><span style=\"color: #f08c4a;\"><strong>Merci pour cet agr\u00e9able moment en compagnie de POUM LE CUBE, le sourire des enfants en dit long sur le plaisir \u00e9prouv\u00e9. A bient\u00f4t!<\/strong><\/span> <span style=\"color: #ffcc00;\">L&rsquo;il\u00f4t pts pieds ARTIX<\/span><\/span><\/h5>\n<h5><span style=\"font-size: 10pt;\"><strong><span style=\"color: #99cc00;\"><a href=\"http:\/\/www.aufildutheatre.com\/new\/wp-content\/uploads\/2010\/03\/melimelo-.jpg\"><img loading=\"lazy\" class=\" wp-image-3999 alignright\" src=\"http:\/\/www.aufildutheatre.com\/new\/wp-content\/uploads\/2010\/03\/melimelo--300x217.jpg\" alt=\"\" width=\"97\" height=\"70\" srcset=\"https:\/\/www.aufildutheatre.com\/wp-content\/uploads\/2010\/03\/melimelo--300x217.jpg 300w, https:\/\/www.aufildutheatre.com\/wp-content\/uploads\/2010\/03\/melimelo-.jpg 624w\" sizes=\"(max-width: 97px) 100vw, 97px\" \/><\/a>Moments \u00a0\u00bb carr\u00e9\u00a0\u00bbment g\u00e9nial ! des moments magnifiques et carr\u00e9s comme on les aime. Spectacle de tous adapt\u00e9 pour tous les \u00e2ges, pleins de d\u00e9couvertes, visuelles, sensorielles&#8230; MERCI !&nbsp;<\/span> <span style=\"color: #339966;\">Ram Orthez<\/span><\/strong><\/span><\/h5>\n<p>&nbsp;<\/p>\n<p><strong><strong><span style=\"color: #99cc00;\"> <a href=\"http:\/\/www.aufildutheatre.com\/new\/wp-content\/uploads\/2010\/01\/tete-de-piafs-copie.jpg\"><img loading=\"lazy\" class=\"aligncenter size-thumbnail wp-image-5745\" src=\"http:\/\/www.aufildutheatre.com\/new\/wp-content\/uploads\/2010\/01\/tete-de-piafs-copie-150x150.jpg\" alt=\"\" width=\"150\" height=\"150\"><\/a><br \/>\n<\/span><\/strong><\/strong><\/p>\n<p>&nbsp;<\/p>\n<div style=\"position: relative; margin-left: 9.5em; height: 150px;\"><strong><strong><br \/>\n<\/strong><\/strong>&nbsp;<\/p>\n<ul>\n<li><img loading=\"lazy\" class=\"size-thumbnail wp-image-1418 alignleft\" style=\"padding-top: 1em;\" title=\"poum le cube orange\" src=\"http:\/\/www.aufildutheatre.com\/new\/wp-content\/uploads\/2010\/03\/poum-le-cube-orange.jpg?w=150\" alt=\"\" width=\"100\" height=\"100\"><a href=\"https:\/\/www.aufildutheatre.com\/?page_id=1396\"><span style=\"text-decoration: underline;\"><span style=\"color: #1a4be4;\">Le livre d&rsquo;or du spectacle<\/span><\/span><\/a><\/li>\n<li><a href=\"https:\/\/www.aufildutheatre.com\/?page_id=108\" target=\"_self\" rel=\"noopener noreferrer\"><span style=\"text-decoration: underline;\"><span style=\"color: #1a4be4;\">Les conditions techniques<\/span><\/span><\/a><\/li>\n<li><a href=\"https:\/\/www.aufildutheatre.com\/?page_id=2701\" target=\"_self\" rel=\"noopener noreferrer\"><span style=\"text-decoration: underline;\"><span style=\"color: #1a4be4;\">Les tarifs <\/span><\/span><\/a><\/li>\n<li><a href=\"https:\/\/www.aufildutheatre.com\/?page_id=411\" target=\"_self\" rel=\"noopener noreferrer\"><span style=\"text-decoration: underline;\"><span style=\"color: #1a4be4;\">Plus de photos ? <\/span><\/span><\/a><\/li>\n<li><a href=\"https:\/\/www.aufildutheatre.com\/new\/wp-content\/uploads\/2019\/02\/Fiche-pe\u0301da-POUM-.pdf\"><span style=\"text-decoration: underline;\"><span style=\"color: #1a4be4;\">Fiche p\u00e9dagogique<\/span><\/span><\/a><\/li>\n<\/ul>\n<p>&nbsp;<\/p>\n<\/div>\n","protected":false},"excerpt":{"rendered":"<p>Un vrai plaisir des sens et du mouvement aussi bien pour les grands que pour les petits. Excellent moment culturel et ludique sur saint M\u00e9dard en Jalles. Enes C\u00e9cile. Relais Petite enfance D\u00e9c 2021. Comme toujours un franc succ\u00e9s aupr\u00e9s<\/p>\n","protected":false},"author":2,"featured_media":0,"parent":106,"menu_order":0,"comment_status":"closed","ping_status":"closed","template":"","meta":{"ngg_post_thumbnail":0},"_links":{"self":[{"href":"https:\/\/www.aufildutheatre.com\/index.php?rest_route=\/wp\/v2\/pages\/1396"}],"collection":[{"href":"https:\/\/www.aufildutheatre.com\/index.php?rest_route=\/wp\/v2\/pages"}],"about":[{"href":"https:\/\/www.aufildutheatre.com\/index.php?rest_route=\/wp\/v2\/types\/page"}],"author":[{"embeddable":true,"href":"https:\/\/www.aufildutheatre.com\/index.php?rest_route=\/wp\/v2\/users\/2"}],"replies":[{"embeddable":true,"href":"https:\/\/www.aufildutheatre.com\/index.php?rest_route=%2Fwp%2Fv2%2Fcomments&post=1396"}],"version-history":[{"count":14,"href":"https:\/\/www.aufildutheatre.com\/index.php?rest_route=\/wp\/v2\/pages\/1396\/revisions"}],"predecessor-version":[{"id":8294,"href":"https:\/\/www.aufildutheatre.com\/index.php?rest_route=\/wp\/v2\/pages\/1396\/revisions\/8294"}],"up":[{"embeddable":true,"href":"https:\/\/www.aufildutheatre.com\/index.php?rest_route=\/wp\/v2\/pages\/106"}],"wp:attachment":[{"href":"https:\/\/www.aufildutheatre.com\/index.php?rest_route=%2Fwp%2Fv2%2Fmedia&parent=1396"}],"curies":[{"name":"wp","href":"https:\/\/api.w.org\/{rel}","templated":true}]}}