{"id":126,"date":"2010-01-24T06:42:09","date_gmt":"2010-01-23T17:42:09","guid":{"rendered":"http:\/\/harpie64.wordpress.com\/?page_id=126"},"modified":"2024-12-09T17:55:03","modified_gmt":"2024-12-09T16:55:03","slug":"francais","status":"publish","type":"page","link":"https:\/\/www.aufildutheatre.com\/?page_id=126","title":{"rendered":"A TOI DE JOUER MALOU ! en pause"},"content":{"rendered":"<h4><span style=\"color: #1ab5db; font-size: 14pt;\">THEME: L&rsquo;accueil des \u00e9motions<\/span><\/h4>\n<h4><a href=\"http:\/\/www.aufildutheatre.com\/new\/?attachment_id=2222\" rel=\"attachment wp-att-2222\"><img loading=\"lazy\" title=\"Photoffiche-malou-web\" src=\"http:\/\/www.aufildutheatre.com\/new\/wp-content\/uploads\/2010\/03\/Photoaffichemalou-reduit50.jpg?w=400\" alt=\"\" width=\"296\" height=\"183\"><\/a><\/h4>\n<h4><span style=\"color: #1ab5db;\"><strong><span style=\"font-size: 12pt;\">A toi de jouer Malou ! <\/span><span style=\"font-size: 12pt;\">dit sa maman, <a style=\"color: #1ab5db;\" href=\"http:\/\/www.aufildutheatre.com\/new\/wp-content\/uploads\/2010\/01\/mario-malu-asssise.jpg\"><img loading=\"lazy\" class=\"alignright wp-image-5274\" title=\"mario malu asssise\" src=\"http:\/\/www.aufildutheatre.com\/new\/wp-content\/uploads\/2010\/01\/mario-malu-asssise-163x300.jpg\" alt=\"\" width=\"120\" height=\"221\"><\/a>mais le t\u00e9l\u00e9phone interrompt la partie de jeu de l&rsquo;oie et rien ne va plus ! &nbsp;Malou apprend que bient\u00f4t, sa maman va reprendre le travail et qu&rsquo;elle, va&nbsp; devoir aller \u00e0 l&rsquo;\u00e9cole. Cette nouvelle l&rsquo;inqui\u00e8te. Elle confie \u00e0 ses doudous la peur d&rsquo;\u00eatre s\u00e9par\u00e9e de ses parents. Avant de se coucher elle est en col\u00e8re contre sa maman. <\/span><\/strong><\/span><span style=\"color: #1ab5db;\"><strong><span style=\"font-size: 12pt;\">La nuit, Malou fait de dr\u00f4les de r\u00eaves&#8230;<\/span><\/strong><span style=\"font-size: 10pt;\"><strong><span style=\"font-size: 12pt;\"> Apr\u00e8s une nuit agit\u00e9e,&nbsp; sa maman comprend enfin ce qui arrive \u00e0 sa fille et trouvera les mots justes pour la rassurer. Le lendemain, Malou est impatiente d&rsquo;aller d\u00e9couvrir sa nouvelle vie.&nbsp;<\/span> <\/strong><\/span><\/span><\/h4>\n<h6 style=\"margin-top: 2em; margin-bottom: 2em;\"><span style=\"font-size: 12pt; color: #99cc00;\"><strong>Cette histoire \u00e9voque de mani\u00e8re tr\u00e8s po\u00e9tique la difficult\u00e9 rencontr\u00e9e par l&rsquo; enfant, lorsqu&rsquo;il se trouve face \u00e0 un changement de situation, en s&rsquo;appuyant sur l&rsquo;histoire de Tibili, ce petit gar\u00e7on qui comme Malou, ne voulait pas aller \u00e0 l&rsquo;\u00e9cole. <\/strong> <\/span><\/h6>\n<h6 style=\"margin-top: 2em; margin-bottom: 2em;\"><span style=\"font-size: 12pt; color: #1da15f;\"><strong><span style=\"color: #99cc00;\">Cette Cr\u00e9ation se d\u00e9roule en deux temps :<\/span> <\/strong><\/span><\/h6>\n<p><span style=\"color: #ff99cc; font-size: 12pt;\"><span style=\"color: #33b080;\"><span style=\"color: #87c45e;\"><span style=\"color: #e0e058;\"><strong>Premier temps :<\/strong><\/span><span style=\"color: #99cc00;\"><strong> Pr\u00e9sentation de sc\u00e8nes de rue amusantes. <\/strong><\/span><\/span><\/span><\/span><\/p>\n<p>&nbsp;<\/p>\n\n\n<div class=\"ngg-galleryoverview ngg-slideshow\"\n\t id=\"ngg-slideshow-2310a5ec3a0edb9cf14f0091961bbd86-330503760\"\n     data-gallery-id=\"2310a5ec3a0edb9cf14f0091961bbd86\"\n     style=\"max-width: 600px; max-height: 400px;\">\n\n \t<div id=\"ngg-image-0\" class=\"ngg-gallery-slideshow-image\" style=\"height:400px\">\n\n        <a href=\"https:\/\/www.aufildutheatre.com\/wp-content\/gallery\/scenes-de-rue-atm\/passante-amb-VERT.jpg\"\n           title=\"\"\n           data-src=\"https:\/\/www.aufildutheatre.com\/wp-content\/gallery\/scenes-de-rue-atm\/passante-amb-VERT.jpg\"\n           data-thumbnail=\"https:\/\/www.aufildutheatre.com\/wp-content\/gallery\/scenes-de-rue-atm\/thumbs\/thumbs_passante-amb-VERT.jpg\"\n           data-image-id=\"42\"\n           data-title=\"passante-amb-VERT\"\n           data-description=\"\"\n           class=\"ngg-fancybox\" rel=\"2310a5ec3a0edb9cf14f0091961bbd86\">\n\n            <img data-image-id='42'\n                 title=\"\"\n                 alt=\"passante-amb-VERT\"\n                 src=\"https:\/\/www.aufildutheatre.com\/wp-content\/gallery\/scenes-de-rue-atm\/passante-amb-VERT.jpg\"\n                 style=\"max-height: 380px;\"\/>\n        <\/a>\n\n        <\/div> \n<div id=\"ngg-image-1\" class=\"ngg-gallery-slideshow-image\" style=\"height:400px\">\n\n        <a href=\"https:\/\/www.aufildutheatre.com\/wp-content\/gallery\/scenes-de-rue-atm\/ama-alaba-kalean.jpg\"\n           title=\"\"\n           data-src=\"https:\/\/www.aufildutheatre.com\/wp-content\/gallery\/scenes-de-rue-atm\/ama-alaba-kalean.jpg\"\n           data-thumbnail=\"https:\/\/www.aufildutheatre.com\/wp-content\/gallery\/scenes-de-rue-atm\/thumbs\/thumbs_ama-alaba-kalean.jpg\"\n           data-image-id=\"110\"\n           data-title=\"ama-alaba-kalean\"\n           data-description=\"\"\n           class=\"ngg-fancybox\" rel=\"2310a5ec3a0edb9cf14f0091961bbd86\">\n\n            <img data-image-id='110'\n                 title=\"\"\n                 alt=\"ama-alaba-kalean\"\n                 src=\"https:\/\/www.aufildutheatre.com\/wp-content\/gallery\/scenes-de-rue-atm\/ama-alaba-kalean.jpg\"\n                 style=\"max-height: 380px;\"\/>\n        <\/a>\n\n        <\/div> \n<\/div>\n\n\n\t\t<!-- Thumbnails Link -->\n\t<div class=\"slideshowlink\" style=\"max-width: 600px;\">\n        <a href='https:\/\/www.aufildutheatre.com\/index.php\/nggallery\/thumbnails?page_id=126'>[Montrer sous forme de vignettes]<\/a>\n\t<\/div>\n\n\n<h5 style=\"margin-top: 2em; margin-bottom: 0; font-size: 1.1em;\"><span style=\"font-size: 10pt;\"><span style=\"color: #e0e058; font-size: 12pt;\"><strong>Deuxi\u00e8me temps : <\/strong><\/span><span style=\"color: #99cc00;\"><strong><span style=\"font-size: 12pt;\"> Le castelet s&rsquo;ouvre et l&rsquo;int\u00e9rieur de la maison de Malou appara\u00eet.<\/span> <\/strong><\/span><\/span><\/h5>\n<p>&nbsp;<\/p>\n\n\n<div class=\"ngg-galleryoverview ngg-slideshow\"\n\t id=\"ngg-slideshow-2cc131e4cbb3f74fd083fa3d021d689e-9656476810\"\n     data-gallery-id=\"2cc131e4cbb3f74fd083fa3d021d689e\"\n     style=\"max-width: 600px; max-height: 400px;\">\n\n \t<div id=\"ngg-image-0\" class=\"ngg-gallery-slideshow-image\" style=\"height:400px\">\n\n        <a href=\"https:\/\/www.aufildutheatre.com\/wp-content\/gallery\/scene-dans-castelet-de-malou\/lena-au-tel1.jpg\"\n           title=\"\"\n           data-src=\"https:\/\/www.aufildutheatre.com\/wp-content\/gallery\/scene-dans-castelet-de-malou\/lena-au-tel1.jpg\"\n           data-thumbnail=\"https:\/\/www.aufildutheatre.com\/wp-content\/gallery\/scene-dans-castelet-de-malou\/thumbs\/thumbs_lena-au-tel1.jpg\"\n           data-image-id=\"185\"\n           data-title=\"lena-au-tel1\"\n           data-description=\"\"\n           class=\"ngg-fancybox\" rel=\"2cc131e4cbb3f74fd083fa3d021d689e\">\n\n            <img data-image-id='185'\n                 title=\"\"\n                 alt=\"lena-au-tel1\"\n                 src=\"https:\/\/www.aufildutheatre.com\/wp-content\/gallery\/scene-dans-castelet-de-malou\/lena-au-tel1.jpg\"\n                 style=\"max-height: 380px;\"\/>\n        <\/a>\n\n        <\/div> \n<div id=\"ngg-image-1\" class=\"ngg-gallery-slideshow-image\" style=\"height:400px\">\n\n        <a href=\"https:\/\/www.aufildutheatre.com\/wp-content\/gallery\/scene-dans-castelet-de-malou\/Malu-bleu-mur-vert-allong%C3%A9.jpg\"\n           title=\"\"\n           data-src=\"https:\/\/www.aufildutheatre.com\/wp-content\/gallery\/scene-dans-castelet-de-malou\/Malu-bleu-mur-vert-allong%C3%A9.jpg\"\n           data-thumbnail=\"https:\/\/www.aufildutheatre.com\/wp-content\/gallery\/scene-dans-castelet-de-malou\/thumbs\/thumbs_Malu-bleu-mur-vert-allong%C3%A9.jpg\"\n           data-image-id=\"186\"\n           data-title=\"Malu-bleu-mur-vert-allong\u00e9\"\n           data-description=\"\"\n           class=\"ngg-fancybox\" rel=\"2cc131e4cbb3f74fd083fa3d021d689e\">\n\n            <img data-image-id='186'\n                 title=\"\"\n                 alt=\"Malu-bleu-mur-vert-allong\u00e9\"\n                 src=\"https:\/\/www.aufildutheatre.com\/wp-content\/gallery\/scene-dans-castelet-de-malou\/Malu-bleu-mur-vert-allong%C3%A9.jpg\"\n                 style=\"max-height: 380px;\"\/>\n        <\/a>\n\n        <\/div> \n<\/div>\n\n\n\t\t<!-- Thumbnails Link -->\n\t<div class=\"slideshowlink\" style=\"max-width: 600px;\">\n        <a href='https:\/\/www.aufildutheatre.com\/index.php\/nggallery\/thumbnails?page_id=126'>[Montrer sous forme de vignettes]<\/a>\n\t<\/div>\n\n\n<h5 style=\"margin-top: 1em; text-align: center;\">&nbsp;<\/h5>\n<h5><span style=\"font-size: 10pt;\"><a href=\"http:\/\/harpie64.files.wordpress.com\/2010\/01\/maixu-klasean1.jpg\"> <img loading=\"lazy\" class=\"size-medium wp-image-2692\" style=\"float: right; padding-left: 1em;\" title=\"maixu-klasean\" src=\"http:\/\/www.aufildutheatre.com\/new\/wp-content\/uploads\/2010\/03\/maitre-en-classe.jpg?w=399\" alt=\"\" width=\"247\" height=\"184\"><\/a><\/span><span style=\"color: #99cc00;\"><span style=\"font-size: 10pt;\"><strong><span style=\"color: #e0e058;\"> Au fil des sc\u00e8nes,<\/span> on suit les personnages dans le salon, la chambre ou dans des sc\u00e8nes oniriques : salle de classe,&nbsp; dans le ciel&#8230; avec des personnages qui parfois sortent du castelet&#8230;<\/strong><\/span><span style=\"font-size: 12pt;\"><strong><span style=\"font-size: 10pt;\">L&rsquo;histoire se d\u00e9roule autour d&rsquo;une malle-castelet o\u00f9 \u00e9voluent diff\u00e9rents styles de marionnettes. Les sc\u00e8nes de r\u00eave sont en lumi\u00e8re noire, les d\u00e9cors chang\u00e9s \u00e0 vue. Toutes les sc\u00e8nes sont rythm\u00e9es par une musique tr\u00e8s originale compos\u00e9e par H\u00e9l\u00e8ne Doudi\u00e8s musicienne de Toulouse.<\/span> <\/strong><\/span><\/span><\/h5>\n<h5><a href=\"http:\/\/www.aufildutheatre.com\/new\/?attachment_id=2285\" rel=\"attachment wp-att-2285\"><img loading=\"lazy\" class=\"aligncenter size-medium wp-image-2285\" style=\"clear: both; padding-top: 2em;\" title=\"tete de piafs copie\" src=\"http:\/\/www.aufildutheatre.com\/new\/wp-content\/uploads\/2010\/01\/tete-de-piafs-copie.jpg?w=233\" alt=\"\" width=\"91\" height=\"115\"><\/a><\/h5>\n<div style=\"position: relative; margin-left: 9.5em; height: 250px;\">\n<p><a href=\"http:\/\/www.aufildutheatre.com\/new\/wp-content\/uploads\/2019\/03\/malou-web1.jpg\"><img loading=\"lazy\" class=\"alignleft size-thumbnail wp-image-7209\" src=\"http:\/\/www.aufildutheatre.com\/new\/wp-content\/uploads\/2019\/03\/malou-web1-150x150.jpg\" alt=\"\" width=\"150\" height=\"150\" srcset=\"https:\/\/www.aufildutheatre.com\/wp-content\/uploads\/2019\/03\/malou-web1-150x150.jpg 150w, https:\/\/www.aufildutheatre.com\/wp-content\/uploads\/2019\/03\/malou-web1-300x300.jpg 300w, https:\/\/www.aufildutheatre.com\/wp-content\/uploads\/2019\/03\/malou-web1-768x768.jpg 768w, https:\/\/www.aufildutheatre.com\/wp-content\/uploads\/2019\/03\/malou-web1-1024x1024.jpg 1024w, https:\/\/www.aufildutheatre.com\/wp-content\/uploads\/2019\/03\/malou-web1-270x270.jpg 270w, https:\/\/www.aufildutheatre.com\/wp-content\/uploads\/2019\/03\/malou-web1-230x230.jpg 230w, https:\/\/www.aufildutheatre.com\/wp-content\/uploads\/2019\/03\/malou-web1.jpg 1713w\" sizes=\"(max-width: 150px) 100vw, 150px\" \/><\/a><\/p>\n<ul style=\"position: absolute; top: 1em; right: 4em; font-size: 1.3em; color: #6191ba;\">\n<li><a href=\"https:\/\/www.aufildutheatre.com\/?page_id=1803\" rel=\"noopener noreferrer\"><span style=\"text-decoration: underline;\"><span style=\"color: #0000ff; text-decoration: underline;\">Le livre d&rsquo;or <\/span><\/span><\/a><\/li>\n<li><a href=\"https:\/\/www.aufildutheatre.com\/new\/?page_id=1792\" target=\"_self\" rel=\"noopener noreferrer\"><span style=\"text-decoration: underline;\"><span style=\"color: #0000ff; text-decoration: underline;\">Les conditions techniques <\/span><\/span><\/a><\/li>\n<li><a href=\"https:\/\/www.aufildutheatre.com\/?page_id=2702\" rel=\"noopener noreferrer\"><span style=\"text-decoration: underline;\"><span style=\"color: #0000ff; text-decoration: underline;\">Les tarifs <\/span><\/span><\/a><\/li>\n<li><a href=\"https:\/\/www.aufildutheatre.com\/?page_id=473\" target=\"_self\" rel=\"noopener noreferrer\"><span style=\"text-decoration: underline;\"><span style=\"color: #0000ff; text-decoration: underline;\">Plus de photos ?<\/span><\/span><\/a><\/li>\n<li><span style=\"text-decoration: underline;\"><span style=\"color: #0000ff; text-decoration: underline;\">Fiche p\u00e9dagogique<\/span><\/span><\/li>\n<\/ul>\n<\/div>\n","protected":false},"excerpt":{"rendered":"<p>THEME: L&rsquo;accueil des \u00e9motions A toi de jouer Malou ! dit sa maman, mais le t\u00e9l\u00e9phone interrompt la partie de jeu de l&rsquo;oie et rien ne va plus ! &nbsp;Malou apprend que bient\u00f4t, sa maman va reprendre le travail et<\/p>\n","protected":false},"author":2,"featured_media":0,"parent":0,"menu_order":2,"comment_status":"closed","ping_status":"closed","template":"","meta":{"ngg_post_thumbnail":0},"_links":{"self":[{"href":"https:\/\/www.aufildutheatre.com\/index.php?rest_route=\/wp\/v2\/pages\/126"}],"collection":[{"href":"https:\/\/www.aufildutheatre.com\/index.php?rest_route=\/wp\/v2\/pages"}],"about":[{"href":"https:\/\/www.aufildutheatre.com\/index.php?rest_route=\/wp\/v2\/types\/page"}],"author":[{"embeddable":true,"href":"https:\/\/www.aufildutheatre.com\/index.php?rest_route=\/wp\/v2\/users\/2"}],"replies":[{"embeddable":true,"href":"https:\/\/www.aufildutheatre.com\/index.php?rest_route=%2Fwp%2Fv2%2Fcomments&post=126"}],"version-history":[{"count":22,"href":"https:\/\/www.aufildutheatre.com\/index.php?rest_route=\/wp\/v2\/pages\/126\/revisions"}],"predecessor-version":[{"id":9015,"href":"https:\/\/www.aufildutheatre.com\/index.php?rest_route=\/wp\/v2\/pages\/126\/revisions\/9015"}],"wp:attachment":[{"href":"https:\/\/www.aufildutheatre.com\/index.php?rest_route=%2Fwp%2Fv2%2Fmedia&parent=126"}],"curies":[{"name":"wp","href":"https:\/\/api.w.org\/{rel}","templated":true}]}}